{"id":135,"date":"2023-11-05T12:29:51","date_gmt":"2023-11-05T12:29:51","guid":{"rendered":"https:\/\/lapalmaisland.com\/fr\/?page_id=135"},"modified":"2025-12-25T16:05:49","modified_gmt":"2025-12-25T16:05:49","slug":"randonnees-la-palma","status":"publish","type":"page","link":"https:\/\/lapalmaisland.com\/fr\/randonnees-la-palma\/","title":{"rendered":"Randonn\u00e9es La Palma"},"content":{"rendered":"\n<div class=\"wp-block-columns has-ast-global-color-6-background-color has-background is-layout-flex wp-container-core-columns-is-layout-28f84493 wp-block-columns-is-layout-flex\">\n<div class=\"wp-block-column is-layout-flow wp-block-column-is-layout-flow\">\n<p class=\"has-text-align-center has-ast-global-color-5-color has-ast-global-color-2-background-color has-text-color has-background has-link-color wp-elements-a34b4b765ba1a26bf32e5526987802a7\" style=\"padding-top:var(--wp--preset--spacing--30);padding-right:var(--wp--preset--spacing--30);padding-bottom:var(--wp--preset--spacing--30);padding-left:var(--wp--preset--spacing--30)\"><em>&#8220;La Palma ne se visite pas, elle se parcourt \u00e0 pied.<\/em>&#8220;<\/p>\n\n\n\n<p>Ses sentiers ne sont pas de simples chemins : ce sont des portes ouvertes sur des volcans, des <a href=\"https:\/\/lapalmaisland.com\/fr\/laurisilva-la-palma\/\">for\u00eats mill\u00e9naires<\/a>, des ravins profonds et des panoramas infinis.<br>Ici, chaque randonn\u00e9e raconte une histoire, chaque <a href=\"https:\/\/lapalmaisland.com\/fr\/geographie-de-la-palma\/\">paysage te connecte \u00e0 la force de la terre<\/a>.<\/p>\n\n\n\n<p>Marcher \u00e0 La Palma, c\u2019est bien plus que faire de la randonn\u00e9e : <strong>c\u2019est respirer la nature, ressentir le silence et se laisser emporter par la beaut\u00e9 sauvage de l\u2019\u00eele<\/strong>.<\/p>\n\n\n\n<div style=\"height:20px\" aria-hidden=\"true\" class=\"wp-block-spacer\"><\/div>\n\n\n\n<h2 class=\"wp-block-heading has-text-align-center has-ast-global-color-5-color has-ast-global-color-2-background-color has-text-color has-background has-link-color wp-elements-8079dfce24594b4b40d32690acf6b7e0\" style=\"padding-top:var(--wp--preset--spacing--30);padding-right:var(--wp--preset--spacing--30);padding-bottom:var(--wp--preset--spacing--30);padding-left:var(--wp--preset--spacing--30)\">Les meilleurs sentiers de La Palma<\/h2>\n\n\n<div class='pt-cv-wrapper'> <div class=\"pt-cv-view pt-cv-overlaygrid iscvblock iscvreal overlay1 layout1\" id=\"pt-cv-view-gld2ciqw\"><div data-id=\"pt-cv-page-1\" class=\"pt-cv-page\" data-cvc=\"3\"><div class=\" pt-cv-content-item pt-cv-1-col\" ><div class=\"pt-cv-thumb-wrapper  \"><a href=\"https:\/\/lapalmaisland.com\/fr\/sentier-du-volcan-teneguia\/\" class=\"_self pt-cv-href-thumbnail pt-cv-thumb-default\" target=\"_self\" ><img loading=\"lazy\" decoding=\"async\" width=\"768\" height=\"540\" src=\"https:\/\/lapalmaisland.com\/fr\/wp-content\/uploads\/sites\/4\/2023\/11\/Rute-de-les-volcanes-la-palma-768x540.webp\" class=\"pt-cv-thumbnail\" alt=\"rute de volcan teneguia\" \/><\/a><\/div>\n<div class=\"pt-cv-overlay-wrapper\"><h3 class=\"pt-cv-title\"><a href=\"https:\/\/lapalmaisland.com\/fr\/sentier-du-volcan-teneguia\/\" class=\"_self\" target=\"_self\" >Sentier du Volcan Teneguia<\/a><\/h3><\/div><\/div>\n<div class=\" pt-cv-content-item pt-cv-1-col\" ><div class=\"pt-cv-thumb-wrapper  \"><a href=\"https:\/\/lapalmaisland.com\/fr\/plaine-de-las-cuevas\/\" class=\"_self pt-cv-href-thumbnail pt-cv-thumb-default\" target=\"_self\" ><img loading=\"lazy\" decoding=\"async\" width=\"768\" height=\"540\" src=\"https:\/\/lapalmaisland.com\/fr\/wp-content\/uploads\/sites\/4\/2025\/02\/plaine-de-las-cuevas-el-paso-768x540.webp\" class=\"pt-cv-thumbnail\" alt=\"plaine las cuevas\" \/><\/a><\/div>\n<div class=\"pt-cv-overlay-wrapper\"><h3 class=\"pt-cv-title\"><a href=\"https:\/\/lapalmaisland.com\/fr\/plaine-de-las-cuevas\/\" class=\"_self\" target=\"_self\" >Plaine de Las Cuevas<\/a><\/h3><\/div><\/div>\n<div class=\" pt-cv-content-item pt-cv-1-col\" ><div class=\"pt-cv-thumb-wrapper  \"><a href=\"https:\/\/lapalmaisland.com\/fr\/excursion-volcan-la-palma\/\" class=\"_self pt-cv-href-thumbnail pt-cv-thumb-default\" target=\"_self\" ><img loading=\"lazy\" decoding=\"async\" width=\"768\" height=\"540\" src=\"https:\/\/lapalmaisland.com\/fr\/wp-content\/uploads\/sites\/4\/2024\/02\/volcan-Tajogaite-768x540.webp\" class=\"pt-cv-thumbnail\" alt=\"volcan tajogaite\" \/><\/a><\/div>\n<div class=\"pt-cv-overlay-wrapper\"><h3 class=\"pt-cv-title\"><a href=\"https:\/\/lapalmaisland.com\/fr\/excursion-volcan-la-palma\/\" class=\"_self\" target=\"_self\" >Excursion au Nouveau Volcan de La Palma<\/a><\/h3><\/div><\/div>\n<div class=\" pt-cv-content-item pt-cv-1-col\" ><div class=\"pt-cv-thumb-wrapper  \"><a href=\"https:\/\/lapalmaisland.com\/fr\/la-cresteria-randonnee-la-palma\/\" class=\"_self pt-cv-href-thumbnail pt-cv-thumb-default\" target=\"_self\" ><img loading=\"lazy\" decoding=\"async\" width=\"768\" height=\"503\" src=\"https:\/\/lapalmaisland.com\/fr\/wp-content\/uploads\/sites\/4\/2024\/01\/sentier-pour-aller-au-pic-de-la-nieve-768x503.webp\" class=\"pt-cv-thumbnail\" alt=\"sentier pour aller au pic de la nieve la palma\" \/><\/a><\/div>\n<div class=\"pt-cv-overlay-wrapper\"><h3 class=\"pt-cv-title\"><a href=\"https:\/\/lapalmaisland.com\/fr\/la-cresteria-randonnee-la-palma\/\" class=\"_self\" target=\"_self\" >La Cresteria Randonn\u00e9e<\/a><\/h3><\/div><\/div>\n<div class=\" pt-cv-content-item pt-cv-1-col\" ><div class=\"pt-cv-thumb-wrapper  \"><a href=\"https:\/\/lapalmaisland.com\/fr\/el-time-la-palma-randonnee\/\" class=\"_self pt-cv-href-thumbnail pt-cv-thumb-default\" target=\"_self\" ><img loading=\"lazy\" decoding=\"async\" width=\"768\" height=\"503\" src=\"https:\/\/lapalmaisland.com\/fr\/wp-content\/uploads\/sites\/4\/2023\/11\/itineraire-pedestre-el-time-tazacorte-768x503.webp\" class=\"pt-cv-thumbnail\" alt=\"itin\u00e9raire tazacorte el time\" \/><\/a><\/div>\n<div class=\"pt-cv-overlay-wrapper\"><h3 class=\"pt-cv-title\"><a href=\"https:\/\/lapalmaisland.com\/fr\/el-time-la-palma-randonnee\/\" class=\"_self\" target=\"_self\" >El Time La Palma Randonn\u00e9e<\/a><\/h3><\/div><\/div>\n<div class=\" pt-cv-content-item pt-cv-1-col\" ><div class=\"pt-cv-thumb-wrapper  \"><a href=\"https:\/\/lapalmaisland.com\/fr\/cubo-de-la-galga-la-palma\/\" class=\"_self pt-cv-href-thumbnail pt-cv-thumb-default\" target=\"_self\" ><img loading=\"lazy\" decoding=\"async\" width=\"768\" height=\"540\" src=\"https:\/\/lapalmaisland.com\/fr\/wp-content\/uploads\/sites\/4\/2023\/11\/cubo-de-la-galga-randonnee-768x540.webp\" class=\"pt-cv-thumbnail\" alt=\"cubo de la galga randonn\u00e9e\" \/><\/a><\/div>\n<div class=\"pt-cv-overlay-wrapper\"><h3 class=\"pt-cv-title\"><a href=\"https:\/\/lapalmaisland.com\/fr\/cubo-de-la-galga-la-palma\/\" class=\"_self\" target=\"_self\" >Cubo de La Galga Randonn\u00e9e<\/a><\/h3><\/div><\/div>\n<div class=\" pt-cv-content-item pt-cv-1-col\" ><div class=\"pt-cv-thumb-wrapper  \"><a href=\"https:\/\/lapalmaisland.com\/fr\/marcos-y-cordero-la-palma\/\" class=\"_self pt-cv-href-thumbnail pt-cv-thumb-default\" target=\"_self\" ><img loading=\"lazy\" decoding=\"async\" width=\"768\" height=\"540\" src=\"https:\/\/lapalmaisland.com\/fr\/wp-content\/uploads\/sites\/4\/2023\/11\/Sentier-marcos-y-cordero-768x540.webp\" class=\"pt-cv-thumbnail\" alt=\"Sentier marcos y cordero la palma\" \/><\/a><\/div>\n<div class=\"pt-cv-overlay-wrapper\"><h3 class=\"pt-cv-title\"><a href=\"https:\/\/lapalmaisland.com\/fr\/marcos-y-cordero-la-palma\/\" class=\"_self\" target=\"_self\" >Marcos y Cordero<\/a><\/h3><\/div><\/div>\n<div class=\" pt-cv-content-item pt-cv-1-col\" ><div class=\"pt-cv-thumb-wrapper  \"><a href=\"https:\/\/lapalmaisland.com\/fr\/la-palma-route-des-volcans\/\" class=\"_self pt-cv-href-thumbnail pt-cv-thumb-default\" target=\"_self\" ><img loading=\"lazy\" decoding=\"async\" width=\"768\" height=\"540\" src=\"https:\/\/lapalmaisland.com\/fr\/wp-content\/uploads\/sites\/4\/2023\/11\/la-palma-route-de-volcans-768x540.webp\" class=\"pt-cv-thumbnail\" alt=\"la palma route des volcans\" \/><\/a><\/div>\n<div class=\"pt-cv-overlay-wrapper\"><h3 class=\"pt-cv-title\"><a href=\"https:\/\/lapalmaisland.com\/fr\/la-palma-route-des-volcans\/\" class=\"_self\" target=\"_self\" >Route des Volcans<\/a><\/h3><\/div><\/div>\n<div class=\" pt-cv-content-item pt-cv-1-col\" ><div class=\"pt-cv-thumb-wrapper  \"><a href=\"https:\/\/lapalmaisland.com\/fr\/las-tricias-buracas-la-palma\/\" class=\"_self pt-cv-href-thumbnail pt-cv-thumb-default\" target=\"_self\" ><img loading=\"lazy\" decoding=\"async\" width=\"768\" height=\"540\" src=\"https:\/\/lapalmaisland.com\/fr\/wp-content\/uploads\/sites\/4\/2023\/11\/Itineraire-Buracas-768x540.webp\" class=\"pt-cv-thumbnail\" alt=\"Itin\u00e9raire buracas la palma\" \/><\/a><\/div>\n<div class=\"pt-cv-overlay-wrapper\"><h3 class=\"pt-cv-title\"><a href=\"https:\/\/lapalmaisland.com\/fr\/las-tricias-buracas-la-palma\/\" class=\"_self\" target=\"_self\" >Buracas La Palma<\/a><\/h3><\/div><\/div>\n<div class=\" pt-cv-content-item pt-cv-1-col\" ><div class=\"pt-cv-thumb-wrapper  \"><a href=\"https:\/\/lapalmaisland.com\/fr\/caldera-de-taburiente-la-palma\/\" class=\"_self pt-cv-href-thumbnail pt-cv-thumb-default\" target=\"_self\" ><img loading=\"lazy\" decoding=\"async\" width=\"768\" height=\"540\" src=\"https:\/\/lapalmaisland.com\/fr\/wp-content\/uploads\/sites\/4\/2023\/11\/randonnee-caldera-de-taburiente-768x540.webp\" class=\"pt-cv-thumbnail\" alt=\"pins dens caldera de taburiente\" \/><\/a><\/div>\n<div class=\"pt-cv-overlay-wrapper\"><h3 class=\"pt-cv-title\"><a href=\"https:\/\/lapalmaisland.com\/fr\/caldera-de-taburiente-la-palma\/\" class=\"_self\" target=\"_self\" >Caldera de Taburiente<\/a><\/h3><\/div><\/div><\/div><\/div> <\/div> <style>\n#pt-cv-view-gld2ciqw {text-align: center}#pt-cv-view-gld2ciqw .pt-cv-thumb-wrapper {margin-left: auto; margin-right: auto;}#pt-cv-view-gld2ciqw .pt-cv-thumb-wrapper::before {background: rgba(0,0,0,.4); opacity: 0.1;}#pt-cv-view-gld2ciqw .pt-cv-overlay-wrapper {justify-content: center;}\n#pt-cv-view-gld2ciqw { box-shadow: 0px 0px 0px 0px ; }#pt-cv-view-gld2ciqw .pt-cv-overlay-wrapper { padding: 0px 0px 0px 0px; }#pt-cv-view-gld2ciqw .pt-cv-content-item { border-style: none;border-radius: 15px 15px 15px 15px;box-shadow: 7px 8px 7px 2px #00000073; }#pt-cv-view-gld2ciqw .pt-cv-meta-fields {  }#pt-cv-view-gld2ciqw .pt-cv-meta-fields * { font-size: 13px; }#pt-cv-view-gld2ciqw .pt-cv-title a { text-align: center;display: block;background-color: #00000073;padding: 5px 5px 5px 5px; }#pt-cv-view-gld2ciqw .pt-cv-title:not(.pt-cv-titlesm) a { font-weight: 600;text-decoration: none;font-size: 25px;line-height: 40px; }#pt-cv-view-gld2ciqw .pt-cv-titlesm a { font-weight: 600;font-size: 18px; }#pt-cv-view-gld2ciqw .pt-cv-content { font-size: 15px; }#pt-cv-view-gld2ciqw .pt-cv-rmwrap { text-align: center; }#pt-cv-view-gld2ciqw .pt-cv-readmore { color: #ffffff;background-color: #fcb900;border-style: none;font-size: 14px;padding: 10px 40px 10px 40px; }#pt-cv-view-gld2ciqw .pt-cv-taxoterm { margin: 0px 0px 20px 0px; }#pt-cv-view-gld2ciqw .pt-cv-taxoterm * { color: #222;background-color: #fff6f6;font-size: 14px; }#pt-cv-view-gld2ciqw + .pt-cv-pagination-wrapper {  }#pt-cv-view-gld2ciqw + .pt-cv-pagination-wrapper a { font-size: 14px; }#pt-cv-view-gld2ciqw > .pt-cv-page {grid-template-columns: repeat(3, 1fr);grid-auto-rows: 250px;grid-gap: 20px;}#pt-cv-view-gld2ciqw .pt-cv-title a:hover { color: var(--ast-global-color-3);background-color: var(--ast-global-color-5); }#pt-cv-view-gld2ciqw .pt-cv-title:not(.pt-cv-titlesm) a:hover {  }\n@media all and (max-width: 1024px) { \n#pt-cv-view-gld2ciqw > .pt-cv-page {}\n} \n@media all and (max-width: 767px) { \n#pt-cv-view-gld2ciqw > .pt-cv-page {grid-template-columns: repeat(1, 1fr);}\n} <\/style><\/div>\n<\/div>\n\n\n\n<div class=\"wp-block-columns has-ast-global-color-6-background-color has-background is-layout-flex wp-container-core-columns-is-layout-28f84493 wp-block-columns-is-layout-flex\">\n<div class=\"wp-block-column is-layout-flow wp-block-column-is-layout-flow\">\n<h3 class=\"wp-block-heading has-text-align-center has-ast-global-color-4-color has-ast-global-color-2-background-color has-text-color has-background has-link-color wp-elements-fc306188ad962c913ca848bf89e79068\" style=\"padding-top:var(--wp--preset--spacing--30);padding-right:var(--wp--preset--spacing--30);padding-bottom:var(--wp--preset--spacing--30);padding-left:var(--wp--preset--spacing--30)\">Pourquoi randonner \u00e0 La Palma ?<\/h3>\n\n\n\n<div class=\"wp-block-columns is-layout-flex wp-container-core-columns-is-layout-28f84493 wp-block-columns-is-layout-flex\">\n<div class=\"wp-block-column is-layout-flow wp-block-column-is-layout-flow\" style=\"padding-top:var(--wp--preset--spacing--50);padding-bottom:var(--wp--preset--spacing--50)\">\n<p>Des paysages spectaculaires : volcans, for\u00eats, ravins, littoral sauvage.<\/p>\n\n\n\n<ul class=\"wp-block-list has-ast-global-color-7-background-color has-background\">\n<li style=\"padding-top:var(--wp--preset--spacing--20);padding-bottom:var(--wp--preset--spacing--20)\"><strong>Des sentiers bien balis\u00e9s et entretenus.<\/strong><\/li>\n\n\n\n<li style=\"padding-top:var(--wp--preset--spacing--20);padding-bottom:var(--wp--preset--spacing--20)\"><strong>Un climat agr\u00e9able toute l\u2019ann\u00e9e.<\/strong><\/li>\n\n\n\n<li style=\"padding-top:var(--wp--preset--spacing--20);padding-bottom:var(--wp--preset--spacing--20)\"><strong>Peu de foule : tranquillit\u00e9 assur\u00e9e.<\/strong><\/li>\n\n\n\n<li style=\"padding-top:var(--wp--preset--spacing--20);padding-bottom:var(--wp--preset--spacing--20)\"><strong>Une biodiversit\u00e9, une g\u00e9ologie et une culture uniques.<\/strong><\/li>\n<\/ul>\n<\/div>\n\n\n\n<div class=\"wp-block-column is-layout-flow wp-block-column-is-layout-flow\">\n<figure class=\"wp-block-image size-full\"><img loading=\"lazy\" decoding=\"async\" width=\"1024\" height=\"720\" src=\"https:\/\/lapalmaisland.com\/fr\/wp-content\/uploads\/sites\/4\/2025\/09\/cote-nord-de-La-Palma.webp\" alt=\"c\u00f4te nord de La Palma, garafia\" class=\"wp-image-5378\" srcset=\"https:\/\/lapalmaisland.com\/fr\/wp-content\/uploads\/sites\/4\/2025\/09\/cote-nord-de-La-Palma.webp 1024w, https:\/\/lapalmaisland.com\/fr\/wp-content\/uploads\/sites\/4\/2025\/09\/cote-nord-de-La-Palma-300x211.webp 300w, https:\/\/lapalmaisland.com\/fr\/wp-content\/uploads\/sites\/4\/2025\/09\/cote-nord-de-La-Palma-768x540.webp 768w\" sizes=\"auto, (max-width: 1024px) 100vw, 1024px\" \/><\/figure>\n<\/div>\n<\/div>\n\n\n\n<h2 class=\"wp-block-heading has-text-align-center has-ast-global-color-4-color has-ast-global-color-2-background-color has-text-color has-background has-link-color wp-elements-d0d548443bc19964cf5dc1b683ceecb8\" style=\"padding-top:var(--wp--preset--spacing--30);padding-right:var(--wp--preset--spacing--40);padding-bottom:var(--wp--preset--spacing--30);padding-left:var(--wp--preset--spacing--40)\">Types de sentiers<\/h2>\n\n\n\n<p>Les chemins officiels de La Palma sont class\u00e9s par couleurs :<\/p>\n\n\n\n<figure class=\"wp-block-table\"><table class=\"has-ast-global-color-4-background-color has-background has-fixed-layout\"><thead><tr><th>Type de sentier<\/th><th>Marquage<\/th><th>Dur\u00e9e moyenne<\/th><\/tr><\/thead><tbody><tr><td>GR (Grande Randonn\u00e9e)<\/td><td>\ud83d\udd34 Rouge<\/td><td>Plusieurs jours<\/td><\/tr><tr><td>PR (Petite Randonn\u00e9e)<\/td><td>\ud83d\udfe1 Jaune<\/td><td>Environ 1 journ\u00e9e<\/td><\/tr><tr><td>SL (Sentier Local)<\/td><td>\ud83d\udfe2 Vert<\/td><td>Moins de 10 km<\/td><\/tr><\/tbody><\/table><\/figure>\n\n\n\n<div class=\"wp-block-columns is-layout-flex wp-container-core-columns-is-layout-28f84493 wp-block-columns-is-layout-flex\">\n<div class=\"wp-block-column is-layout-flow wp-block-column-is-layout-flow\">\n<figure class=\"wp-block-image aligncenter size-full\"><img loading=\"lazy\" decoding=\"async\" width=\"400\" height=\"400\" src=\"https:\/\/lapalmaisland.com\/fr\/wp-content\/uploads\/sites\/4\/2025\/02\/graffitis-rouges.webp\" alt=\"rouges\" class=\"wp-image-4249\" srcset=\"https:\/\/lapalmaisland.com\/fr\/wp-content\/uploads\/sites\/4\/2025\/02\/graffitis-rouges.webp 400w, https:\/\/lapalmaisland.com\/fr\/wp-content\/uploads\/sites\/4\/2025\/02\/graffitis-rouges-300x300.webp 300w, https:\/\/lapalmaisland.com\/fr\/wp-content\/uploads\/sites\/4\/2025\/02\/graffitis-rouges-150x150.webp 150w\" sizes=\"auto, (max-width: 400px) 100vw, 400px\" \/><\/figure>\n<\/div>\n\n\n\n<div class=\"wp-block-column is-layout-flow wp-block-column-is-layout-flow\">\n<figure class=\"wp-block-image aligncenter size-full\"><img loading=\"lazy\" decoding=\"async\" width=\"400\" height=\"400\" src=\"https:\/\/lapalmaisland.com\/fr\/wp-content\/uploads\/sites\/4\/2025\/02\/graffitis-jaunes.webp\" alt=\"signal jaunes\" class=\"wp-image-4250\" srcset=\"https:\/\/lapalmaisland.com\/fr\/wp-content\/uploads\/sites\/4\/2025\/02\/graffitis-jaunes.webp 400w, https:\/\/lapalmaisland.com\/fr\/wp-content\/uploads\/sites\/4\/2025\/02\/graffitis-jaunes-300x300.webp 300w, https:\/\/lapalmaisland.com\/fr\/wp-content\/uploads\/sites\/4\/2025\/02\/graffitis-jaunes-150x150.webp 150w\" sizes=\"auto, (max-width: 400px) 100vw, 400px\" \/><\/figure>\n<\/div>\n\n\n\n<div class=\"wp-block-column is-layout-flow wp-block-column-is-layout-flow\">\n<figure class=\"wp-block-image aligncenter size-full\"><img loading=\"lazy\" decoding=\"async\" width=\"400\" height=\"400\" src=\"https:\/\/lapalmaisland.com\/fr\/wp-content\/uploads\/sites\/4\/2025\/02\/graffitis-verts.webp\" alt=\"signal graffitis verts\" class=\"wp-image-4252\" srcset=\"https:\/\/lapalmaisland.com\/fr\/wp-content\/uploads\/sites\/4\/2025\/02\/graffitis-verts.webp 400w, https:\/\/lapalmaisland.com\/fr\/wp-content\/uploads\/sites\/4\/2025\/02\/graffitis-verts-300x300.webp 300w, https:\/\/lapalmaisland.com\/fr\/wp-content\/uploads\/sites\/4\/2025\/02\/graffitis-verts-150x150.webp 150w\" sizes=\"auto, (max-width: 400px) 100vw, 400px\" \/><\/figure>\n<\/div>\n<\/div>\n\n\n\n<div style=\"height:10px\" aria-hidden=\"true\" class=\"wp-block-spacer\"><\/div>\n\n\n\n<h3 class=\"wp-block-heading has-text-align-center has-ast-global-color-4-color has-ast-global-color-2-background-color has-text-color has-background has-link-color wp-elements-b5aeb466d0d2e500a0419ed12c42dbc6\" style=\"padding-top:var(--wp--preset--spacing--30);padding-right:var(--wp--preset--spacing--30);padding-bottom:var(--wp--preset--spacing--30);padding-left:var(--wp--preset--spacing--30)\">Avant de partir : conseils essentiels<\/h3>\n\n\n\n<ul class=\"wp-block-list has-ast-global-color-7-background-color has-background\">\n<li style=\"padding-top:var(--wp--preset--spacing--20);padding-bottom:var(--wp--preset--spacing--20)\"><a href=\"https:\/\/www.senderosdelapalma.es\/fr\/situation-des-sentiers\/\">V\u00e9rifie l\u2019\u00e9tat actuel des sentiers sur le site officiel.<\/a><\/li>\n\n\n\n<li style=\"padding-top:var(--wp--preset--spacing--20);padding-bottom:var(--wp--preset--spacing--20)\"><a href=\"https:\/\/www.aemet.es\/es\/eltiempo\/prediccion\/avisos?l=6453&amp;r=1\">Consulte les alertes m\u00e9t\u00e9o<\/a> (pluie, vent, chaleur).<\/li>\n\n\n\n<li style=\"padding-top:var(--wp--preset--spacing--20);padding-bottom:var(--wp--preset--spacing--20)\">Emporte des chaussures adapt\u00e9es, de l\u2019eau, une casquette et de la cr\u00e8me solaire.<\/li>\n\n\n\n<li style=\"padding-top:var(--wp--preset--spacing--20);padding-bottom:var(--wp--preset--spacing--20)\">Si possible, t\u00e9l\u00e9charge l\u2019itin\u00e9raire ou utilise une application GPS.<\/li>\n<\/ul>\n<\/div>\n<\/div>\n\n\n\n<div class=\"wp-block-columns has-ast-global-color-6-background-color has-background is-layout-flex wp-container-core-columns-is-layout-ef350914 wp-block-columns-is-layout-flex\" style=\"padding-top:var(--wp--preset--spacing--30);padding-bottom:var(--wp--preset--spacing--30)\">\n<div class=\"wp-block-column is-layout-flow wp-block-column-is-layout-flow\">\n<div style=\"height:10px\" aria-hidden=\"true\" class=\"wp-block-spacer\"><\/div>\n\n\n\n<h2 class=\"wp-block-heading has-text-align-center has-ast-global-color-4-color has-ast-global-color-2-background-color has-text-color has-background has-link-color wp-elements-8dfaa3c5f480cac7e327fcb386fba731\" id=\"faciles\" style=\"padding-top:var(--wp--preset--spacing--30);padding-right:var(--wp--preset--spacing--30);padding-bottom:var(--wp--preset--spacing--30);padding-left:var(--wp--preset--spacing--30)\">Randonn\u00e9es faciles \u00e0 La Palma<\/h2>\n\n\n\n<div class=\"wp-block-columns is-layout-flex wp-container-core-columns-is-layout-28f84493 wp-block-columns-is-layout-flex\">\n<div class=\"wp-block-column is-layout-flow wp-block-column-is-layout-flow\">\n<h3 class=\"wp-block-heading has-medium-font-size\"><strong> Sentier du Volcan Tenegu\u00eda<\/strong><\/h3>\n\n\n\n<p>Ce sentier <strong>commence pr\u00e8s de l\u2019entr\u00e9e du <a href=\"https:\/\/lapalmaisland.com\/fr\/vocan-san-antonio-la-palma\/\">centre des visiteurs de San Antonio<\/a> et longe le volcan Tenegu\u00eda avant d\u2019arriver aux salines.<\/strong> C\u2019est une randonn\u00e9e id\u00e9ale pour s\u2019immerger dans le <strong>paysage volcanique impressionnant<\/strong> du sud de l\u2019\u00eele. Elle constitue la derni\u00e8re \u00e9tape compl\u00e8te de la grande Ruta de Los Volcanes.<\/p>\n\n\n\n<p class=\"has-ast-global-color-7-background-color has-background\">Distance : 7,26 km<br>D\u00e9nivel\u00e9 positif\/n\u00e9gatif : 407 m<\/p>\n<\/div>\n\n\n\n<div class=\"wp-block-column is-layout-flow wp-block-column-is-layout-flow\">\n<figure class=\"wp-block-image size-full\"><img loading=\"lazy\" decoding=\"async\" width=\"1024\" height=\"720\" src=\"https:\/\/lapalmaisland.com\/fr\/wp-content\/uploads\/sites\/4\/2023\/11\/Rute-de-les-volcanes-la-palma.webp\" alt=\"rute de les volcans\" class=\"wp-image-160\" srcset=\"https:\/\/lapalmaisland.com\/fr\/wp-content\/uploads\/sites\/4\/2023\/11\/Rute-de-les-volcanes-la-palma.webp 1024w, https:\/\/lapalmaisland.com\/fr\/wp-content\/uploads\/sites\/4\/2023\/11\/Rute-de-les-volcanes-la-palma-300x211.webp 300w, https:\/\/lapalmaisland.com\/fr\/wp-content\/uploads\/sites\/4\/2023\/11\/Rute-de-les-volcanes-la-palma-768x540.webp 768w\" sizes=\"auto, (max-width: 1024px) 100vw, 1024px\" \/><\/figure>\n<\/div>\n<\/div>\n\n\n\n<div style=\"height:10px\" aria-hidden=\"true\" class=\"wp-block-spacer\"><\/div>\n\n\n\n<div class=\"wp-block-columns is-layout-flex wp-container-core-columns-is-layout-28f84493 wp-block-columns-is-layout-flex\">\n<div class=\"wp-block-column is-layout-flow wp-block-column-is-layout-flow\">\n<h3 class=\"wp-block-heading has-medium-font-size\" style=\"padding-top:var(--wp--preset--spacing--30);padding-bottom:var(--wp--preset--spacing--30)\"><strong>Promenade Maritime de San Andr\u00e9s \u00e0 Charco Azul<\/strong><\/h3>\n\n\n\n<p>Cet <strong>itin\u00e9raire c\u00f4tier est tr\u00e8s appr\u00e9ci\u00e9 pour une promenade et offre des vues spectaculaires sur l\u2019oc\u00e9an,<\/strong> passant \u00e0 proximit\u00e9 d\u2019un ancien four \u00e0 chaux. Il relie les <a href=\"https:\/\/lapalmaisland.com\/fr\/charco-azul-la-palma\/\">piscines naturelles de Charco Azul<\/a> au village de San Andr\u00e9s.<\/p>\n\n\n\n<p class=\"has-ast-global-color-7-background-color has-background\">Distance : 1,6 km<br>D\u00e9nivel\u00e9 positif : 37 m<\/p>\n<\/div>\n\n\n\n<div class=\"wp-block-column is-layout-flow wp-block-column-is-layout-flow\">\n<figure class=\"wp-block-image size-full\"><img loading=\"lazy\" decoding=\"async\" width=\"1024\" height=\"720\" src=\"https:\/\/lapalmaisland.com\/fr\/wp-content\/uploads\/sites\/4\/2023\/11\/promenade-du-charco-azul.webp\" alt=\"promenade charco azul san andres\" class=\"wp-image-4719\" srcset=\"https:\/\/lapalmaisland.com\/fr\/wp-content\/uploads\/sites\/4\/2023\/11\/promenade-du-charco-azul.webp 1024w, https:\/\/lapalmaisland.com\/fr\/wp-content\/uploads\/sites\/4\/2023\/11\/promenade-du-charco-azul-300x211.webp 300w, https:\/\/lapalmaisland.com\/fr\/wp-content\/uploads\/sites\/4\/2023\/11\/promenade-du-charco-azul-768x540.webp 768w\" sizes=\"auto, (max-width: 1024px) 100vw, 1024px\" \/><\/figure>\n<\/div>\n<\/div>\n\n\n\n<div style=\"height:10px\" aria-hidden=\"true\" class=\"wp-block-spacer\"><\/div>\n\n\n\n<div class=\"wp-block-columns is-layout-flex wp-container-core-columns-is-layout-28f84493 wp-block-columns-is-layout-flex\">\n<div class=\"wp-block-column is-layout-flow wp-block-column-is-layout-flow\">\n<h3 class=\"wp-block-heading has-medium-font-size\"><strong>Sentier du Llano de Las Cuevas<\/strong><\/h3>\n\n\n\n<p>Ce sentier traverse la zone agricole appel\u00e9e Llano de Las Cuevas, <strong>situ\u00e9e derri\u00e8re le <a href=\"https:\/\/lapalmaisland.com\/fr\/caldera-de-taburiente-centre-des-visiteurs\/\">centre des visiteurs de la Caldera de Taburiente<\/a>. Le chemin est assez plat et parfait pour observer les d\u00e9tails du paysage culturel<\/strong>, tels que les pyramides de pierre et les animaux. Il est <strong>particuli\u00e8rement beau au printemps, lorsque les amandiers sont en fleurs.<\/strong><\/p>\n\n\n\n<p class=\"has-ast-global-color-7-background-color has-background\">Distance : 4,6 km<br>D\u00e9nivel\u00e9 positif : 90 m<\/p>\n<\/div>\n\n\n\n<div class=\"wp-block-column is-layout-flow wp-block-column-is-layout-flow\">\n<figure class=\"wp-block-image size-full\"><img loading=\"lazy\" decoding=\"async\" width=\"1024\" height=\"720\" src=\"https:\/\/lapalmaisland.com\/fr\/wp-content\/uploads\/sites\/4\/2023\/11\/le-printemps-a-El-Paso.webp\" alt=\"le printemps \u00e0 El Paso la palma\" class=\"wp-image-4342\" srcset=\"https:\/\/lapalmaisland.com\/fr\/wp-content\/uploads\/sites\/4\/2023\/11\/le-printemps-a-El-Paso.webp 1024w, https:\/\/lapalmaisland.com\/fr\/wp-content\/uploads\/sites\/4\/2023\/11\/le-printemps-a-El-Paso-300x211.webp 300w, https:\/\/lapalmaisland.com\/fr\/wp-content\/uploads\/sites\/4\/2023\/11\/le-printemps-a-El-Paso-768x540.webp 768w\" sizes=\"auto, (max-width: 1024px) 100vw, 1024px\" \/><\/figure>\n<\/div>\n<\/div>\n\n\n\n<div style=\"height:10px\" aria-hidden=\"true\" class=\"wp-block-spacer\"><\/div>\n\n\n\n<div class=\"wp-block-columns is-layout-flex wp-container-core-columns-is-layout-28f84493 wp-block-columns-is-layout-flex\">\n<div class=\"wp-block-column is-layout-flow wp-block-column-is-layout-flow\">\n<h3 class=\"wp-block-heading has-medium-font-size\"><strong>Sentier el Time<\/strong><\/h3>\n\n\n\n<p>Ce sentier de randonn\u00e9e facile offre une <strong>vue imprenable sur la Vall\u00e9e d\u2019Aridane<\/strong>, ainsi que sur le port et la <a href=\"https:\/\/lapalmaisland.com\/fr\/tazacorte-plage\/\">plage de Tazacorte<\/a>.<\/p>\n\n\n\n<p class=\"has-ast-global-color-7-background-color has-background\">Distance : 3,03 km<br>D\u00e9nivel\u00e9 n\u00e9gatif : 480 m<\/p>\n<\/div>\n\n\n\n<div class=\"wp-block-column is-layout-flow wp-block-column-is-layout-flow\">\n<figure class=\"wp-block-image size-full\"><img loading=\"lazy\" decoding=\"async\" width=\"1024\" height=\"670\" src=\"https:\/\/lapalmaisland.com\/fr\/wp-content\/uploads\/sites\/4\/2023\/11\/itineraire-pedestre-el-time-tazacorte.webp\" alt=\"itin\u00e9raire tazacorte el time\" class=\"wp-image-2373\" srcset=\"https:\/\/lapalmaisland.com\/fr\/wp-content\/uploads\/sites\/4\/2023\/11\/itineraire-pedestre-el-time-tazacorte.webp 1024w, https:\/\/lapalmaisland.com\/fr\/wp-content\/uploads\/sites\/4\/2023\/11\/itineraire-pedestre-el-time-tazacorte-300x196.webp 300w, https:\/\/lapalmaisland.com\/fr\/wp-content\/uploads\/sites\/4\/2023\/11\/itineraire-pedestre-el-time-tazacorte-768x503.webp 768w\" sizes=\"auto, (max-width: 1024px) 100vw, 1024px\" \/><\/figure>\n<\/div>\n<\/div>\n\n\n\n<div style=\"height:10px\" aria-hidden=\"true\" class=\"wp-block-spacer\"><\/div>\n\n\n\n<div class=\"wp-block-columns is-layout-flex wp-container-core-columns-is-layout-28f84493 wp-block-columns-is-layout-flex\">\n<div class=\"wp-block-column is-layout-flow wp-block-column-is-layout-flow\">\n<h3 class=\"wp-block-heading has-medium-font-size\"><strong>Randonn\u00e9e vers le C\u00f4ne Cach\u00e9<\/strong><\/h3>\n\n\n\n<p>Le sentier \u00c0 la rencontre d\u2019un C\u00f4ne Cach\u00e9 est <strong>id\u00e9al pour les familles<\/strong> qui recherchent une<strong> promenade courte et facile<\/strong> au c\u0153ur de la nature. L\u2019itin\u00e9raire commence dans la<strong> <a href=\"https:\/\/lapalmaisland.com\/fr\/el-pilar-la-palma\/\">zone r\u00e9cr\u00e9ative d\u2019El Pilar<\/a> <\/strong>et m\u00eale la fra\u00eecheur de la for\u00eat de lauriers aux grands pins impr\u00e9gn\u00e9s d\u2019un parfum intense de r\u00e9sine. <strong>La douce mont\u00e9e vers le c\u00f4ne volcanique<\/strong> cach\u00e9 est particuli\u00e8rement amusante pour les enfants et offre de tr\u00e8s belles vues, parfois m\u00eame sur une <strong>mer de nuages <\/strong>inoubliable.<\/p>\n\n\n\n<p class=\"has-ast-global-color-7-background-color has-background\">Distance : 3 km<br>D\u00e9nivel\u00e9 n\u00e9gatif : 96 m<\/p>\n<\/div>\n\n\n\n<div class=\"wp-block-column is-layout-flow wp-block-column-is-layout-flow\">\n<figure class=\"wp-block-image size-full\"><img loading=\"lazy\" decoding=\"async\" width=\"1024\" height=\"720\" src=\"https:\/\/lapalmaisland.com\/fr\/wp-content\/uploads\/sites\/4\/2023\/11\/arbres-entrelaces.webp\" alt=\"arbres entrelac\u00e9s : Randonn\u00e9e vers le C\u00f4ne Cach\u00e9 \u00e0 La Palma\" class=\"wp-image-6070\" srcset=\"https:\/\/lapalmaisland.com\/fr\/wp-content\/uploads\/sites\/4\/2023\/11\/arbres-entrelaces.webp 1024w, https:\/\/lapalmaisland.com\/fr\/wp-content\/uploads\/sites\/4\/2023\/11\/arbres-entrelaces-300x211.webp 300w, https:\/\/lapalmaisland.com\/fr\/wp-content\/uploads\/sites\/4\/2023\/11\/arbres-entrelaces-768x540.webp 768w\" sizes=\"auto, (max-width: 1024px) 100vw, 1024px\" \/><\/figure>\n<\/div>\n<\/div>\n\n\n\n<div style=\"height:10px\" aria-hidden=\"true\" class=\"wp-block-spacer\"><\/div>\n\n\n\n<div class=\"wp-block-columns is-layout-flex wp-container-core-columns-is-layout-28f84493 wp-block-columns-is-layout-flex\">\n<div class=\"wp-block-column is-layout-flow wp-block-column-is-layout-flow\">\n<h3 class=\"wp-block-heading has-medium-font-size\"><strong>Pico de la Nieve<\/strong><\/h3>\n\n\n\n<p>Depuis le parking situ\u00e9 pr\u00e8s de la route principale menant au <a href=\"https:\/\/lapalmaisland.com\/fr\/roque-de-los-muchachos\/\">Roque de los Muchachos<\/a>, ce sentier traverse une for\u00eat de pins canariens et offre des <strong>vues spectaculaires sur le Teide, la c\u00f4te et Santa Cruz de La Palma<\/strong>. Depuis le sommet, vous pourrez admirer la <strong>Caldera de Taburiente, le Pico Bejenado et le Barranco de las Angustias.<\/strong><\/p>\n\n\n\n<p class=\"has-ast-global-color-7-background-color has-background\">Distance : 4,66 km<br>D\u00e9nivel\u00e9 positif\/n\u00e9gatif : 350 m<br><\/p>\n<\/div>\n\n\n\n<div class=\"wp-block-column is-layout-flow wp-block-column-is-layout-flow\">\n<figure class=\"wp-block-image size-full\"><img loading=\"lazy\" decoding=\"async\" width=\"1024\" height=\"670\" src=\"https:\/\/lapalmaisland.com\/fr\/wp-content\/uploads\/sites\/4\/2024\/01\/sentier-pour-aller-au-pic-de-la-nieve.webp\" alt=\"sentier pour aller au pic de la nieve la palma\" class=\"wp-image-4220\" srcset=\"https:\/\/lapalmaisland.com\/fr\/wp-content\/uploads\/sites\/4\/2024\/01\/sentier-pour-aller-au-pic-de-la-nieve.webp 1024w, https:\/\/lapalmaisland.com\/fr\/wp-content\/uploads\/sites\/4\/2024\/01\/sentier-pour-aller-au-pic-de-la-nieve-300x196.webp 300w, https:\/\/lapalmaisland.com\/fr\/wp-content\/uploads\/sites\/4\/2024\/01\/sentier-pour-aller-au-pic-de-la-nieve-768x503.webp 768w\" sizes=\"auto, (max-width: 1024px) 100vw, 1024px\" \/><\/figure>\n<\/div>\n<\/div>\n\n\n\n<div style=\"height:10px\" aria-hidden=\"true\" class=\"wp-block-spacer\"><\/div>\n\n\n\n<div class=\"wp-block-columns is-layout-flex wp-container-core-columns-is-layout-28f84493 wp-block-columns-is-layout-flex\">\n<div class=\"wp-block-column is-layout-flow wp-block-column-is-layout-flow\">\n<h3 class=\"wp-block-heading has-medium-font-size\"><strong>For\u00eat de Los Tilos jusqu\u2019au belv\u00e9d\u00e8re<\/strong><\/h3>\n\n\n\n<p>Ce sentier m\u00e8ne \u00e0 un <strong>belv\u00e9d\u00e8re unique situ\u00e9 sur un rocher volcanique<\/strong>, d\u2019o\u00f9 vous pourrez admirer toute la majest\u00e9 de la<strong> for\u00eat de lauriers<\/strong>.<\/p>\n\n\n\n<p class=\"has-ast-global-color-7-background-color has-background\">Distance : 5,74 km<br>D\u00e9nivel\u00e9 positif\/n\u00e9gatif : 853 m<br><\/p>\n<\/div>\n\n\n\n<div class=\"wp-block-column is-layout-flow wp-block-column-is-layout-flow\">\n<figure class=\"wp-block-image size-full\"><img loading=\"lazy\" decoding=\"async\" width=\"1024\" height=\"720\" src=\"https:\/\/lapalmaisland.com\/fr\/wp-content\/uploads\/sites\/4\/2023\/11\/espigon-atravesado-belvedere.webp\" alt=\"belvedere de le foret los tilos\" class=\"wp-image-4047\" srcset=\"https:\/\/lapalmaisland.com\/fr\/wp-content\/uploads\/sites\/4\/2023\/11\/espigon-atravesado-belvedere.webp 1024w, https:\/\/lapalmaisland.com\/fr\/wp-content\/uploads\/sites\/4\/2023\/11\/espigon-atravesado-belvedere-300x211.webp 300w, https:\/\/lapalmaisland.com\/fr\/wp-content\/uploads\/sites\/4\/2023\/11\/espigon-atravesado-belvedere-768x540.webp 768w\" sizes=\"auto, (max-width: 1024px) 100vw, 1024px\" \/><\/figure>\n<\/div>\n<\/div>\n\n\n\n<div style=\"height:10px\" aria-hidden=\"true\" class=\"wp-block-spacer\"><\/div>\n\n\n\n<div class=\"wp-block-columns is-layout-flex wp-container-core-columns-is-layout-28f84493 wp-block-columns-is-layout-flex\">\n<div class=\"wp-block-column is-layout-flow wp-block-column-is-layout-flow\">\n<h3 class=\"wp-block-heading has-medium-font-size\"><strong>Buracas<\/strong><\/h3>\n\n\n\n<p>Ce sentier traverse les magnifiques paysages du nord de La Palma, passant par des dragons mill\u00e9naires embl\u00e9matiques et des fleurs color\u00e9es \u00e0 Garaf\u00eda, avant d\u2019arriver aux <strong>grottes orn\u00e9es de p\u00e9troglyphes anciens<\/strong>. Il est particuli\u00e8rement recommand\u00e9 pendant les mois d\u2019hiver et de printemps. \u00c9vitez les heures les plus chaudes de la journ\u00e9e, car il y a peu d\u2019ombre sur le chemin. <strong>La seule difficult\u00e9 est une mont\u00e9e l\u00e9g\u00e8rement raide au retour.<\/strong><\/p>\n\n\n\n<p class=\"has-ast-global-color-7-background-color has-background\">Distance : 4,68 km<br>D\u00e9nivel\u00e9 positif\/n\u00e9gatif : 305 m<br><\/p>\n<\/div>\n\n\n\n<div class=\"wp-block-column is-layout-flow wp-block-column-is-layout-flow\">\n<figure class=\"wp-block-image size-full\"><img loading=\"lazy\" decoding=\"async\" width=\"1024\" height=\"720\" src=\"https:\/\/lapalmaisland.com\/fr\/wp-content\/uploads\/sites\/4\/2023\/11\/Itineraire-Buracas.webp\" alt=\"Itin\u00e9raire buracas la palma\" class=\"wp-image-4232\" srcset=\"https:\/\/lapalmaisland.com\/fr\/wp-content\/uploads\/sites\/4\/2023\/11\/Itineraire-Buracas.webp 1024w, https:\/\/lapalmaisland.com\/fr\/wp-content\/uploads\/sites\/4\/2023\/11\/Itineraire-Buracas-300x211.webp 300w, https:\/\/lapalmaisland.com\/fr\/wp-content\/uploads\/sites\/4\/2023\/11\/Itineraire-Buracas-768x540.webp 768w\" sizes=\"auto, (max-width: 1024px) 100vw, 1024px\" \/><\/figure>\n<\/div>\n<\/div>\n\n\n\n<div style=\"height:10px\" aria-hidden=\"true\" class=\"wp-block-spacer\"><\/div>\n\n\n\n<div style=\"height:10px\" aria-hidden=\"true\" class=\"wp-block-spacer\"><\/div>\n\n\n\n<div class=\"wp-block-columns is-layout-flex wp-container-core-columns-is-layout-28f84493 wp-block-columns-is-layout-flex\">\n<div class=\"wp-block-column is-layout-flow wp-block-column-is-layout-flow\">\n<h3 class=\"wp-block-heading has-medium-font-size\"><strong>Lomo de Las Chozas<\/strong><\/h3>\n\n\n\n<p>Ce <strong>sentier circulaire de 3 km commence au <a href=\"https:\/\/lapalmaisland.com\/fr\/belvedere-de-la-cumbrecita-la-palma\/\">Mirador de La Cumbrecita<\/a><\/strong> et vous m\u00e8ne \u00e0 l\u2019un des meilleurs points de vue sur la Caldera de Taburiente. Selon l\u2019heure, il peut \u00eatre n\u00e9cessaire de r\u00e9server le parking \u00e0 l\u2019avance pour acc\u00e9der au Mirador de La Cumbrecita. Ce sentier offre des <strong>vues inoubliables sur la for\u00eat de pins et la caldeira.<\/strong><\/p>\n\n\n\n<p class=\"has-ast-global-color-7-background-color has-background\">Distance : 2,98 km<br>D\u00e9nivel\u00e9 positif\/n\u00e9gatif : 168 m<\/p>\n<\/div>\n\n\n\n<div class=\"wp-block-column is-layout-flow wp-block-column-is-layout-flow\">\n<figure class=\"wp-block-image size-full\"><img loading=\"lazy\" decoding=\"async\" width=\"1024\" height=\"720\" src=\"https:\/\/lapalmaisland.com\/fr\/wp-content\/uploads\/sites\/4\/2023\/11\/points-de-vue-de-la-cakdera-de-taburiente.webp\" alt=\"points de vue de la caldera a la palma\" class=\"wp-image-4263\" srcset=\"https:\/\/lapalmaisland.com\/fr\/wp-content\/uploads\/sites\/4\/2023\/11\/points-de-vue-de-la-cakdera-de-taburiente.webp 1024w, https:\/\/lapalmaisland.com\/fr\/wp-content\/uploads\/sites\/4\/2023\/11\/points-de-vue-de-la-cakdera-de-taburiente-300x211.webp 300w, https:\/\/lapalmaisland.com\/fr\/wp-content\/uploads\/sites\/4\/2023\/11\/points-de-vue-de-la-cakdera-de-taburiente-768x540.webp 768w\" sizes=\"auto, (max-width: 1024px) 100vw, 1024px\" \/><\/figure>\n<\/div>\n<\/div>\n\n\n\n<div style=\"height:10px\" aria-hidden=\"true\" class=\"wp-block-spacer\"><\/div>\n\n\n\n<div class=\"wp-block-columns is-layout-flex wp-container-core-columns-is-layout-28f84493 wp-block-columns-is-layout-flex\">\n<div class=\"wp-block-column is-layout-flow wp-block-column-is-layout-flow\">\n<h3 class=\"wp-block-heading has-medium-font-size\"><strong>Acc\u00e8s \u00e0 la Playa de Nogales<\/strong><\/h3>\n\n\n\n<p>Depuis le parking, le chemin descend vers l\u2019une des plus belles attractions naturelles de l\u2019\u00eele verte : la <a href=\"https:\/\/lapalmaisland.com\/fr\/nogales-plage\/\">Playa de Nogales<\/a> \u00e0 Puntallana. Le sentier longe une falaise et est principalement constitu\u00e9 d\u2019escaliers. En vous approchant de la plage, vous pourrez observer un tube volcanique. Une <strong>promenade panoramique offrant des vues spectaculaires et mystiques<\/strong>.<\/p>\n\n\n\n<p class=\"has-ast-global-color-7-background-color has-background\">Distance : 1,53 km<br>D\u00e9nivel\u00e9 positif\/n\u00e9gatif : 60 m<\/p>\n<\/div>\n\n\n\n<div class=\"wp-block-column is-layout-flow wp-block-column-is-layout-flow\">\n<figure class=\"wp-block-image size-full\"><img loading=\"lazy\" decoding=\"async\" width=\"1024\" height=\"720\" src=\"https:\/\/lapalmaisland.com\/fr\/wp-content\/uploads\/sites\/4\/2023\/12\/nogales-puntallana-la-palma.webp\" alt=\"puntallana la palma\" class=\"wp-image-678\" srcset=\"https:\/\/lapalmaisland.com\/fr\/wp-content\/uploads\/sites\/4\/2023\/12\/nogales-puntallana-la-palma.webp 1024w, https:\/\/lapalmaisland.com\/fr\/wp-content\/uploads\/sites\/4\/2023\/12\/nogales-puntallana-la-palma-300x211.webp 300w, https:\/\/lapalmaisland.com\/fr\/wp-content\/uploads\/sites\/4\/2023\/12\/nogales-puntallana-la-palma-768x540.webp 768w\" sizes=\"auto, (max-width: 1024px) 100vw, 1024px\" \/><\/figure>\n<\/div>\n<\/div>\n<\/div>\n<\/div>\n\n\n\n<div class=\"wp-block-columns has-ast-global-color-6-background-color has-background is-layout-flex wp-container-core-columns-is-layout-28f84493 wp-block-columns-is-layout-flex\">\n<div class=\"wp-block-column is-layout-flow wp-block-column-is-layout-flow\">\n<div class=\"wp-block-columns is-layout-flex wp-container-core-columns-is-layout-28f84493 wp-block-columns-is-layout-flex\">\n<div class=\"wp-block-column has-ast-global-color-6-background-color has-background is-layout-flow wp-block-column-is-layout-flow\">\n<div class=\"wp-block-columns has-ast-global-color-6-background-color has-background is-layout-flex wp-container-core-columns-is-layout-28f84493 wp-block-columns-is-layout-flex\">\n<div class=\"wp-block-column is-layout-flow wp-block-column-is-layout-flow\">\n<h3 class=\"wp-block-heading has-medium-font-size\"><strong>El Cubo de La Galga<\/strong><\/h3>\n\n\n\n<p>Ce lieu propose plusieurs sentiers de randonn\u00e9e, dont un particuli\u00e8rement facile, <strong>id\u00e9al pour une <a href=\"https:\/\/lapalmaisland.com\/fr\/voyage-la-palma-en-famille\/\">sortie en famille avec des enfants<\/a><\/strong>.<\/p>\n<\/div>\n<\/div>\n<\/div>\n\n\n\n<div class=\"wp-block-column is-layout-flow wp-block-column-is-layout-flow\">\n<figure class=\"wp-block-image size-full\"><img loading=\"lazy\" decoding=\"async\" width=\"1024\" height=\"720\" src=\"https:\/\/lapalmaisland.com\/fr\/wp-content\/uploads\/sites\/4\/2023\/11\/foret-de-los-tilos-la-palma.webp\" alt=\"foret de la palma.\" class=\"wp-image-28\" srcset=\"https:\/\/lapalmaisland.com\/fr\/wp-content\/uploads\/sites\/4\/2023\/11\/foret-de-los-tilos-la-palma.webp 1024w, https:\/\/lapalmaisland.com\/fr\/wp-content\/uploads\/sites\/4\/2023\/11\/foret-de-los-tilos-la-palma-300x211.webp 300w, https:\/\/lapalmaisland.com\/fr\/wp-content\/uploads\/sites\/4\/2023\/11\/foret-de-los-tilos-la-palma-768x540.webp 768w\" sizes=\"auto, (max-width: 1024px) 100vw, 1024px\" \/><\/figure>\n<\/div>\n<\/div>\n<\/div>\n<\/div>\n\n\n\n<div style=\"height:20px\" aria-hidden=\"true\" class=\"wp-block-spacer\"><\/div>\n\n\n\n<div class=\"wp-block-columns has-ast-global-color-6-background-color has-background is-layout-flex wp-container-core-columns-is-layout-28f84493 wp-block-columns-is-layout-flex\">\n<div class=\"wp-block-column is-layout-flow wp-block-column-is-layout-flow\">\n<h2 class=\"wp-block-heading has-text-align-center has-ast-global-color-4-color has-ast-global-color-2-background-color has-text-color has-background has-link-color wp-elements-4552932f959c725c2ea1e654c8cafb37\" style=\"padding-top:var(--wp--preset--spacing--30);padding-right:var(--wp--preset--spacing--30);padding-bottom:var(--wp--preset--spacing--30);padding-left:var(--wp--preset--spacing--30)\">Quelle est la meilleure p\u00e9riode pour randonner \u00e0 La Palma ?<\/h2>\n\n\n\n<div class=\"wp-block-columns is-layout-flex wp-container-core-columns-is-layout-28f84493 wp-block-columns-is-layout-flex\">\n<div class=\"wp-block-column is-layout-flow wp-block-column-is-layout-flow\" style=\"padding-top:var(--wp--preset--spacing--50);padding-bottom:var(--wp--preset--spacing--50)\">\n<p>Gr\u00e2ce \u00e0 son climat doux et vari\u00e9, on peut randonner toute l\u2019ann\u00e9e. Toutefois :<\/p>\n\n\n\n<ul class=\"wp-block-list has-ast-global-color-7-background-color has-background\">\n<li style=\"padding-top:var(--wp--preset--spacing--20);padding-bottom:var(--wp--preset--spacing--20)\"><strong>Printemps : <\/strong>la plus verte et fleurie, <strong>id\u00e9ale pour les photos.<\/strong><\/li>\n\n\n\n<li style=\"padding-top:var(--wp--preset--spacing--20);padding-bottom:var(--wp--preset--spacing--20)\"><strong>Hiver :<\/strong> frais mais jamais glacial,<strong> parfait si tu viens d\u2019Europe.<\/strong><\/li>\n\n\n\n<li style=\"padding-top:var(--wp--preset--spacing--20);padding-bottom:var(--wp--preset--spacing--20)\"><strong>\u00c9t\u00e9 : longues journ\u00e9es ensoleill\u00e9es mais chaudes<\/strong> (\u00e9vite les heures les plus chaudes).<\/li>\n\n\n\n<li style=\"padding-top:var(--wp--preset--spacing--20);padding-bottom:var(--wp--preset--spacing--20)\">Automne : paysages en mutation, <strong>calme et peu de touristes.<\/strong><\/li>\n<\/ul>\n<\/div>\n\n\n\n<div class=\"wp-block-column is-layout-flow wp-block-column-is-layout-flow\">\n<div class=\"wp-block-cover aligncenter\"><img loading=\"lazy\" decoding=\"async\" width=\"1024\" height=\"372\" class=\"wp-block-cover__image-background wp-image-1374\" alt=\"randonn\u00e9e la palma\" src=\"https:\/\/lapalmaisland.com\/fr\/wp-content\/uploads\/sites\/4\/2024\/02\/randonnee-la-palma-1024x372.webp\" data-object-fit=\"cover\" srcset=\"https:\/\/lapalmaisland.com\/fr\/wp-content\/uploads\/sites\/4\/2024\/02\/randonnee-la-palma-1024x372.webp 1024w, https:\/\/lapalmaisland.com\/fr\/wp-content\/uploads\/sites\/4\/2024\/02\/randonnee-la-palma-300x109.webp 300w, https:\/\/lapalmaisland.com\/fr\/wp-content\/uploads\/sites\/4\/2024\/02\/randonnee-la-palma-768x279.webp 768w, https:\/\/lapalmaisland.com\/fr\/wp-content\/uploads\/sites\/4\/2024\/02\/randonnee-la-palma.webp 1100w\" sizes=\"auto, (max-width: 1024px) 100vw, 1024px\" \/><span aria-hidden=\"true\" class=\"wp-block-cover__background has-background-dim-30 has-background-dim\"><\/span><div class=\"wp-block-cover__inner-container is-layout-flow wp-block-cover-is-layout-flow\">\n<p class=\"has-text-align-center has-ast-global-color-4-color has-text-color has-background has-link-color wp-elements-9029ac344f7ce1f14ae35c466d227be6\" style=\"background-color:#32415499;padding-top:var(--wp--preset--spacing--30);padding-right:var(--wp--preset--spacing--30);padding-bottom:var(--wp--preset--spacing--30);padding-left:var(--wp--preset--spacing--30);font-size:25px;line-height:1.4\"><a href=\"https:\/\/lapalmaisland.com\/fr\/la-palma-excursions\/#randonnee\">Explorez toutes les routes de randonn\u00e9e avec guide \u00e0 La Palma<\/a><\/p>\n<\/div><\/div>\n<\/div>\n<\/div>\n<\/div>\n<\/div>\n\n\n\n<div class=\"wp-block-columns has-ast-global-color-6-background-color has-background is-layout-flex wp-container-core-columns-is-layout-28f84493 wp-block-columns-is-layout-flex\">\n<div class=\"wp-block-column is-layout-flow wp-block-column-is-layout-flow\">\n<h3 class=\"wp-block-heading has-text-align-center has-ast-global-color-4-color has-ast-global-color-2-background-color has-text-color has-background has-link-color wp-elements-c624f2ad0449de48245ee372f96d3221\" style=\"padding-top:var(--wp--preset--spacing--30);padding-right:var(--wp--preset--spacing--30);padding-bottom:var(--wp--preset--spacing--30);padding-left:var(--wp--preset--spacing--30)\">\u00c0 qui s\u2019adresse la randonn\u00e9e \u00e0 La Palma ?<\/h3>\n\n\n\n<p>La Palma est id\u00e9ale pour :<\/p>\n\n\n\n<ul class=\"wp-block-list has-ast-global-color-7-background-color has-background\">\n<li style=\"padding-top:var(--wp--preset--spacing--20);padding-bottom:var(--wp--preset--spacing--20)\"><strong>Les d\u00e9butants<\/strong>, \u00e0 la recherche de promenades faciles et courtes.<\/li>\n\n\n\n<li style=\"padding-top:var(--wp--preset--spacing--20);padding-bottom:var(--wp--preset--spacing--20)\">Les <strong>randonneurs exp\u00e9riment\u00e9s<\/strong>, qui veulent explorer volcans et montagnes.<\/li>\n\n\n\n<li style=\"padding-top:var(--wp--preset--spacing--20);padding-bottom:var(--wp--preset--spacing--20)\">Les <strong>familles<\/strong>, gr\u00e2ce \u00e0 des itin\u00e9raires s\u00fbrs et accessibles.Les <strong>photographes et amoureux de la nature<\/strong>, pour ses paysages \u00e9poustouflants.<\/li>\n<\/ul>\n<\/div>\n<\/div>\n\n\n\n<div style=\"height:20px\" aria-hidden=\"true\" class=\"wp-block-spacer\"><\/div>\n\n\n\n<div class=\"wp-block-columns has-ast-global-color-6-background-color has-background is-layout-flex wp-container-core-columns-is-layout-28f84493 wp-block-columns-is-layout-flex\">\n<div class=\"wp-block-column is-layout-flow wp-block-column-is-layout-flow\"><div class=\"wp-block-uagb-faq uagb-faq__outer-wrap uagb-block-e28f4a81 uagb-faq-icon-row uagb-faq-layout-grid uagb-faq-expand-first-true uagb-faq-inactive-other-true uagb-faq__wrap uagb-buttons-layout-wrap uagb-faq-equal-height     \" data-faqtoggle=\"true\" role=\"tablist\"><div class=\"wp-block-uagb-faq-child uagb-faq-child__outer-wrap uagb-faq-item uagb-block-f282694b \" role=\"tab\" tabindex=\"0\"><div class=\"uagb-faq-questions-button uagb-faq-questions\"><span class=\"uagb-question\"><strong>Peut-on faire de la randonn\u00e9e librement \u00e0 La Palma ?<\/strong><\/span><\/div><div class=\"uagb-faq-content\"><p>Oui, la plupart des sentiers sont bien balis\u00e9s et il est tout \u00e0 fait possible de randonner sans guide, \u00e0 condition de suivre les recommandations de s\u00e9curit\u00e9.<\/p><\/div><\/div><div class=\"wp-block-uagb-faq-child uagb-faq-child__outer-wrap uagb-faq-item uagb-block-b551aa1a \" role=\"tab\" tabindex=\"0\"><div class=\"uagb-faq-questions-button uagb-faq-questions\"><span class=\"uagb-question\"><strong>Y a-t-il du r\u00e9seau mobile sur tous les sentiers ?<\/strong><\/span><\/div><div class=\"uagb-faq-content\"><p>Non. Dans de nombreuses zones de montagne ou de ravins, il peut ne pas y avoir de couverture. Il est donc important de pr\u00e9venir quelqu\u2019un de ton itin\u00e9raire ou de prendre un dispositif de s\u00e9curit\u00e9 si tu pars seul.<\/p><\/div><\/div><div class=\"wp-block-uagb-faq-child uagb-faq-child__outer-wrap uagb-faq-item uagb-block-793b6edd \" role=\"tab\" tabindex=\"0\"><div class=\"uagb-faq-questions-button uagb-faq-questions\">\t\t\t<span class=\"uagb-icon uagb-faq-icon-wrap\">\n\t\t\t\t\t\t\t\t<svg xmlns=\"https:\/\/www.w3.org\/2000\/svg\" viewBox= \"0 0 448 512\"><path d=\"M432 256c0 17.69-14.33 32.01-32 32.01H256v144c0 17.69-14.33 31.99-32 31.99s-32-14.3-32-31.99v-144H48c-17.67 0-32-14.32-32-32.01s14.33-31.99 32-31.99H192v-144c0-17.69 14.33-32.01 32-32.01s32 14.32 32 32.01v144h144C417.7 224 432 238.3 432 256z\"><\/path><\/svg>\n\t\t\t\t\t\t\t<\/span>\n\t\t\t\t\t\t<span class=\"uagb-icon-active uagb-faq-icon-wrap\">\n\t\t\t\t\t\t\t\t<svg xmlns=\"https:\/\/www.w3.org\/2000\/svg\" viewBox= \"0 0 448 512\"><path d=\"M400 288h-352c-17.69 0-32-14.32-32-32.01s14.31-31.99 32-31.99h352c17.69 0 32 14.3 32 31.99S417.7 288 400 288z\"><\/path><\/svg>\n\t\t\t\t\t\t\t<\/span>\n\t\t\t<span class=\"uagb-question\"><strong>Existe-t-il des excursions de randonn\u00e9e guid\u00e9es \u00e0 La Palma ?<\/strong><\/span><\/div><div class=\"uagb-faq-content\"><p>Oui, il y a des randonn\u00e9es organis\u00e9es avec des guides professionnels, qui incluent transport, assurance et autorisations sp\u00e9ciales. C\u2019est une excellente option pour d\u00e9couvrir des endroits difficiles d\u2019acc\u00e8s ou pour ceux qui pr\u00e9f\u00e8rent randonner en toute s\u00e9curit\u00e9.<\/p><\/div><\/div><div class=\"wp-block-uagb-faq-child uagb-faq-child__outer-wrap uagb-faq-item uagb-block-c374f395 \" role=\"tab\" tabindex=\"0\"><div class=\"uagb-faq-questions-button uagb-faq-questions\">\t\t\t<span class=\"uagb-icon uagb-faq-icon-wrap\">\n\t\t\t\t\t\t\t\t<svg xmlns=\"https:\/\/www.w3.org\/2000\/svg\" viewBox= \"0 0 448 512\"><path d=\"M432 256c0 17.69-14.33 32.01-32 32.01H256v144c0 17.69-14.33 31.99-32 31.99s-32-14.3-32-31.99v-144H48c-17.67 0-32-14.32-32-32.01s14.33-31.99 32-31.99H192v-144c0-17.69 14.33-32.01 32-32.01s32 14.32 32 32.01v144h144C417.7 224 432 238.3 432 256z\"><\/path><\/svg>\n\t\t\t\t\t\t\t<\/span>\n\t\t\t\t\t\t<span class=\"uagb-icon-active uagb-faq-icon-wrap\">\n\t\t\t\t\t\t\t\t<svg xmlns=\"https:\/\/www.w3.org\/2000\/svg\" viewBox= \"0 0 448 512\"><path d=\"M400 288h-352c-17.69 0-32-14.32-32-32.01s14.31-31.99 32-31.99h352c17.69 0 32 14.3 32 31.99S417.7 288 400 288z\"><\/path><\/svg>\n\t\t\t\t\t\t\t<\/span>\n\t\t\t<span class=\"uagb-question\"><strong>Puis-je emmener mon chien en randonn\u00e9e ?<\/strong><\/span><\/div><div class=\"uagb-faq-content\"><p>Sur de nombreux sentiers, oui, \u00e0 condition qu\u2019il soit tenu en laisse et sous contr\u00f4le. Toutefois, les animaux ne sont pas autoris\u00e9s dans certaines zones prot\u00e9g\u00e9es ou dans les parcs nationaux.<\/p><\/div><\/div><\/div><\/div>\n<\/div>\n\n\n\n<div style=\"height:30px\" aria-hidden=\"true\" class=\"wp-block-spacer\"><\/div>\n\n\n\n<div class=\"wp-block-uagb-social-share uagb-social-share__outer-wrap uagb-social-share__layout-horizontal uagb-block-7eb4169e\">\n<div class=\"wp-block-uagb-social-share-child uagb-ss-repeater uagb-ss__wrapper uagb-block-c97d33bd\"><span class=\"uagb-ss__link\" data-href=\"https:\/\/www.facebook.com\/sharer.php?u=\" tabindex=\"0\" role=\"button\" aria-label=\"facebook\"><span class=\"uagb-ss__source-wrap\"><span class=\"uagb-ss__source-icon\"><svg xmlns=\"https:\/\/www.w3.org\/2000\/svg\" viewBox=\"0 0 512 512\"><path d=\"M504 256C504 119 393 8 256 8S8 119 8 256c0 123.8 90.69 226.4 209.3 245V327.7h-63V256h63v-54.64c0-62.15 37-96.48 93.67-96.48 27.14 0 55.52 4.84 55.52 4.84v61h-31.28c-30.8 0-40.41 19.12-40.41 38.73V256h68.78l-11 71.69h-57.78V501C413.3 482.4 504 379.8 504 256z\"><\/path><\/svg><\/span><\/span><\/span><\/div>\n\n\n\n<div class=\"wp-block-uagb-social-share-child uagb-ss-repeater uagb-ss__wrapper uagb-block-8b459bfb\"><span class=\"uagb-ss__link\" data-href=\"https:\/\/twitter.com\/share?url=\" tabindex=\"0\" role=\"button\" aria-label=\"twitter\"><span class=\"uagb-ss__source-wrap\"><span class=\"uagb-ss__source-icon\"><svg xmlns=\"https:\/\/www.w3.org\/2000\/svg\" viewBox=\"0 0 448 512\"><path d=\"M400 32H48C21.5 32 0 53.5 0 80v352c0 26.5 21.5 48 48 48h352c26.5 0 48-21.5 48-48V80c0-26.5-21.5-48-48-48zm-48.9 158.8c.2 2.8 .2 5.7 .2 8.5 0 86.7-66 186.6-186.6 186.6-37.2 0-71.7-10.8-100.7-29.4 5.3 .6 10.4 .8 15.8 .8 30.7 0 58.9-10.4 81.4-28-28.8-.6-53-19.5-61.3-45.5 10.1 1.5 19.2 1.5 29.6-1.2-30-6.1-52.5-32.5-52.5-64.4v-.8c8.7 4.9 18.9 7.9 29.6 8.3a65.45 65.45 0 0 1 -29.2-54.6c0-12.2 3.2-23.4 8.9-33.1 32.3 39.8 80.8 65.8 135.2 68.6-9.3-44.5 24-80.6 64-80.6 18.9 0 35.9 7.9 47.9 20.7 14.8-2.8 29-8.3 41.6-15.8-4.9 15.2-15.2 28-28.8 36.1 13.2-1.4 26-5.1 37.8-10.2-8.9 13.1-20.1 24.7-32.9 34z\"><\/path><\/svg><\/span><\/span><\/span><\/div>\n\n\n\n<div class=\"wp-block-uagb-social-share-child uagb-ss-repeater uagb-ss__wrapper uagb-block-e2a1737b\"><span class=\"uagb-ss__link\" data-href=\"https:\/\/pinterest.com\/pin\/create\/link\/?url=\" tabindex=\"0\" role=\"button\" aria-label=\"pinterest\"><span class=\"uagb-ss__source-wrap\"><span class=\"uagb-ss__source-icon\"><svg xmlns=\"https:\/\/www.w3.org\/2000\/svg\" viewBox=\"0 0 448 512\"><path d=\"M448 80v352c0 26.5-21.5 48-48 48H154.4c9.8-16.4 22.4-40 27.4-59.3 3-11.5 15.3-58.4 15.3-58.4 8 15.3 31.4 28.2 56.3 28.2 74.1 0 127.4-68.1 127.4-152.7 0-81.1-66.2-141.8-151.4-141.8-106 0-162.2 71.1-162.2 148.6 0 36 19.2 80.8 49.8 95.1 4.7 2.2 7.1 1.2 8.2-3.3 .8-3.4 5-20.1 6.8-27.8 .6-2.5 .3-4.6-1.7-7-10.1-12.3-18.3-34.9-18.3-56 0-54.2 41-106.6 110.9-106.6 60.3 0 102.6 41.1 102.6 99.9 0 66.4-33.5 112.4-77.2 112.4-24.1 0-42.1-19.9-36.4-44.4 6.9-29.2 20.3-60.7 20.3-81.8 0-53-75.5-45.7-75.5 25 0 21.7 7.3 36.5 7.3 36.5-31.4 132.8-36.1 134.5-29.6 192.6l2.2 .8H48c-26.5 0-48-21.5-48-48V80c0-26.5 21.5-48 48-48h352c26.5 0 48 21.5 48 48z\"><\/path><\/svg><\/span><\/span><\/span><\/div>\n\n\n\n<div class=\"wp-block-uagb-social-share-child uagb-ss-repeater uagb-ss__wrapper uagb-block-42fe6647\"><span class=\"uagb-ss__link\" data-href=\"https:\/\/www.linkedin.com\/shareArticle?url=\" tabindex=\"0\" role=\"button\" aria-label=\"linkedin\"><span class=\"uagb-ss__source-wrap\"><span class=\"uagb-ss__source-icon\"><svg xmlns=\"https:\/\/www.w3.org\/2000\/svg\" viewBox=\"0 0 448 512\"><path d=\"M416 32H31.9C14.3 32 0 46.5 0 64.3v383.4C0 465.5 14.3 480 31.9 480H416c17.6 0 32-14.5 32-32.3V64.3c0-17.8-14.4-32.3-32-32.3zM135.4 416H69V202.2h66.5V416zm-33.2-243c-21.3 0-38.5-17.3-38.5-38.5S80.9 96 102.2 96c21.2 0 38.5 17.3 38.5 38.5 0 21.3-17.2 38.5-38.5 38.5zm282.1 243h-66.4V312c0-24.8-.5-56.7-34.5-56.7-34.6 0-39.9 27-39.9 54.9V416h-66.4V202.2h63.7v29.2h.9c8.9-16.8 30.6-34.5 62.9-34.5 67.2 0 79.7 44.3 79.7 101.9V416z\"><\/path><\/svg><\/span><\/span><\/span><\/div>\n\n\n\n<div class=\"wp-block-uagb-social-share-child uagb-ss-repeater uagb-ss__wrapper uagb-block-87fb96d5\"><span class=\"uagb-ss__link\" data-href=\"https:\/\/telegram.me\/share\/url?url=\" tabindex=\"0\" role=\"button\" aria-label=\"telegram\"><span class=\"uagb-ss__source-wrap\"><span class=\"uagb-ss__source-icon\"><svg xmlns=\"https:\/\/www.w3.org\/2000\/svg\" viewBox=\"0 0 496 512\"><path d=\"M248 8C111 8 0 119 0 256S111 504 248 504 496 392.1 496 256 384.1 8 248 8zM362.1 176.7c-3.732 39.22-19.88 134.4-28.1 178.3-3.476 18.58-10.32 24.82-16.95 25.42-14.4 1.326-25.34-9.517-39.29-18.66-21.83-14.31-34.16-23.22-55.35-37.18-24.49-16.14-8.612-25 5.342-39.5 3.652-3.793 67.11-61.51 68.33-66.75 .153-.655 .3-3.1-1.154-4.384s-3.59-.849-5.135-.5q-3.283 .746-104.6 69.14-14.85 10.19-26.89 9.934c-8.855-.191-25.89-5.006-38.55-9.123-15.53-5.048-27.88-7.717-26.8-16.29q.84-6.7 18.45-13.7 108.4-47.25 144.6-62.3c68.87-28.65 83.18-33.62 92.51-33.79 2.052-.034 6.639 .474 9.61 2.885a10.45 10.45 0 0 1 3.53 6.716A43.76 43.76 0 0 1 362.1 176.7z\"><\/path><\/svg><\/span><\/span><\/span><\/div>\n\n\n\n<div class=\"wp-block-uagb-social-share-child uagb-ss-repeater uagb-ss__wrapper uagb-block-2ba286a1\"><span class=\"uagb-ss__link\" data-href=\"https:\/\/api.whatsapp.com\/send?text=\" tabindex=\"0\" role=\"button\" aria-label=\"whatsapp\"><span class=\"uagb-ss__source-wrap\"><span class=\"uagb-ss__source-icon\"><svg xmlns=\"https:\/\/www.w3.org\/2000\/svg\" viewBox=\"0 0 448 512\"><path d=\"M380.9 97.1C339 55.1 283.2 32 223.9 32c-122.4 0-222 99.6-222 222 0 39.1 10.2 77.3 29.6 111L0 480l117.7-30.9c32.4 17.7 68.9 27 106.1 27h.1c122.3 0 224.1-99.6 224.1-222 0-59.3-25.2-115-67.1-157zm-157 341.6c-33.2 0-65.7-8.9-94-25.7l-6.7-4-69.8 18.3L72 359.2l-4.4-7c-18.5-29.4-28.2-63.3-28.2-98.2 0-101.7 82.8-184.5 184.6-184.5 49.3 0 95.6 19.2 130.4 54.1 34.8 34.9 56.2 81.2 56.1 130.5 0 101.8-84.9 184.6-186.6 184.6zm101.2-138.2c-5.5-2.8-32.8-16.2-37.9-18-5.1-1.9-8.8-2.8-12.5 2.8-3.7 5.6-14.3 18-17.6 21.8-3.2 3.7-6.5 4.2-12 1.4-32.6-16.3-54-29.1-75.5-66-5.7-9.8 5.7-9.1 16.3-30.3 1.8-3.7 .9-6.9-.5-9.7-1.4-2.8-12.5-30.1-17.1-41.2-4.5-10.8-9.1-9.3-12.5-9.5-3.2-.2-6.9-.2-10.6-.2-3.7 0-9.7 1.4-14.8 6.9-5.1 5.6-19.4 19-19.4 46.3 0 27.3 19.9 53.7 22.6 57.4 2.8 3.7 39.1 59.7 94.8 83.8 35.2 15.2 49 16.5 66.6 13.9 10.7-1.6 32.8-13.4 37.4-26.4 4.6-13 4.6-24.1 3.2-26.4-1.3-2.5-5-3.9-10.5-6.6z\"><\/path><\/svg><\/span><\/span><\/span><\/div>\n<\/div>\n","protected":false},"excerpt":{"rendered":"<p>&#8220;La Palma ne se visite pas, elle se parcourt \u00e0 pied.&#8220; Ses sentiers ne sont pas de simples chemins : ce sont des portes ouvertes sur des volcans, des for\u00eats mill\u00e9naires, des ravins profonds et des panoramas infinis.Ici, chaque randonn\u00e9e raconte une histoire, chaque paysage te connecte \u00e0 la force de la terre. Marcher \u00e0 [&hellip;]<\/p>\n","protected":false},"author":3,"featured_media":4242,"parent":0,"menu_order":0,"comment_status":"closed","ping_status":"closed","template":"","meta":{"_uag_custom_page_level_css":"","site-sidebar-layout":"no-sidebar","site-content-layout":"page-builder","ast-site-content-layout":"full-width-container","site-content-style":"default","site-sidebar-style":"default","ast-global-header-display":"","ast-banner-title-visibility":"","ast-main-header-display":"","ast-hfb-above-header-display":"","ast-hfb-below-header-display":"","ast-hfb-mobile-header-display":"","site-post-title":"","ast-breadcrumbs-content":"","ast-featured-img":"disabled","footer-sml-layout":"","ast-disable-related-posts":"","theme-transparent-header-meta":"","adv-header-id-meta":"","stick-header-meta":"","header-above-stick-meta":"","header-main-stick-meta":"","header-below-stick-meta":"","astra-migrate-meta-layouts":"set","ast-page-background-enabled":"default","ast-page-background-meta":{"desktop":{"background-color":"var(--ast-global-color-4)","background-image":"","background-repeat":"repeat","background-position":"center center","background-size":"auto","background-attachment":"scroll","background-type":"","background-media":"","overlay-type":"","overlay-color":"","overlay-opacity":"","overlay-gradient":""},"tablet":{"background-color":"","background-image":"","background-repeat":"repeat","background-position":"center center","background-size":"auto","background-attachment":"scroll","background-type":"","background-media":"","overlay-type":"","overlay-color":"","overlay-opacity":"","overlay-gradient":""},"mobile":{"background-color":"","background-image":"","background-repeat":"repeat","background-position":"center center","background-size":"auto","background-attachment":"scroll","background-type":"","background-media":"","overlay-type":"","overlay-color":"","overlay-opacity":"","overlay-gradient":""}},"ast-content-background-meta":{"desktop":{"background-color":"var(--ast-global-color-5)","background-image":"","background-repeat":"repeat","background-position":"center center","background-size":"auto","background-attachment":"scroll","background-type":"","background-media":"","overlay-type":"","overlay-color":"","overlay-opacity":"","overlay-gradient":""},"tablet":{"background-color":"var(--ast-global-color-5)","background-image":"","background-repeat":"repeat","background-position":"center center","background-size":"auto","background-attachment":"scroll","background-type":"","background-media":"","overlay-type":"","overlay-color":"","overlay-opacity":"","overlay-gradient":""},"mobile":{"background-color":"var(--ast-global-color-5)","background-image":"","background-repeat":"repeat","background-position":"center center","background-size":"auto","background-attachment":"scroll","background-type":"","background-media":"","overlay-type":"","overlay-color":"","overlay-opacity":"","overlay-gradient":""}},"_mc_calendar":[],"footnotes":""},"class_list":["post-135","page","type-page","status-publish","has-post-thumbnail","hentry"],"yoast_head":"<!-- This site is optimized with the Yoast SEO plugin v27.5 - https:\/\/yoast.com\/product\/yoast-seo-wordpress\/ -->\n<title>RANDONN\u00c9ES LA PALMA- D\u00e9couvrez le meilleur de La Palma<\/title>\n<meta name=\"description\" content=\"D\u00e9couvrez les randonn\u00e9es \u00e0 La Palma : 1000 km de sentiers, un paradis pour les amoureux de la nature et des paysages inoubliables.\" \/>\n<meta name=\"robots\" content=\"index, follow, max-snippet:-1, max-image-preview:large, max-video-preview:-1\" \/>\n<link rel=\"canonical\" href=\"https:\/\/lapalmaisland.com\/fr\/randonnees-la-palma\/\" \/>\n<meta property=\"og:locale\" content=\"fr_FR\" \/>\n<meta property=\"og:type\" content=\"article\" \/>\n<meta property=\"og:title\" content=\"RANDONN\u00c9ES LA PALMA- D\u00e9couvrez le meilleur de La Palma\" \/>\n<meta property=\"og:description\" content=\"D\u00e9couvrez les randonn\u00e9es \u00e0 La Palma : 1000 km de sentiers, un paradis pour les amoureux de la nature et des paysages inoubliables.\" \/>\n<meta property=\"og:url\" content=\"https:\/\/lapalmaisland.com\/fr\/randonnees-la-palma\/\" \/>\n<meta property=\"og:site_name\" content=\"La Palma \u00cele\" \/>\n<meta property=\"article:modified_time\" content=\"2025-12-25T16:05:49+00:00\" \/>\n<meta property=\"og:image\" content=\"https:\/\/lapalmaisland.com\/fr\/wp-content\/uploads\/sites\/4\/2023\/11\/Chemin-taburiente-la-palma.webp\" \/>\n\t<meta property=\"og:image:width\" content=\"1024\" \/>\n\t<meta property=\"og:image:height\" content=\"720\" \/>\n\t<meta property=\"og:image:type\" content=\"image\/webp\" \/>\n<meta name=\"twitter:card\" content=\"summary_large_image\" \/>\n<meta name=\"twitter:label1\" content=\"Dur\u00e9e de lecture estim\u00e9e\" \/>\n\t<meta name=\"twitter:data1\" content=\"9 minutes\" \/>\n<script type=\"application\/ld+json\" class=\"yoast-schema-graph\">{\"@context\":\"https:\\\/\\\/schema.org\",\"@graph\":[{\"@type\":\"WebPage\",\"@id\":\"https:\\\/\\\/lapalmaisland.com\\\/fr\\\/randonnees-la-palma\\\/\",\"url\":\"https:\\\/\\\/lapalmaisland.com\\\/fr\\\/randonnees-la-palma\\\/\",\"name\":\"RANDONN\u00c9ES LA PALMA- D\u00e9couvrez le meilleur de La Palma\",\"isPartOf\":{\"@id\":\"https:\\\/\\\/lapalmaisland.com\\\/fr\\\/#website\"},\"primaryImageOfPage\":{\"@id\":\"https:\\\/\\\/lapalmaisland.com\\\/fr\\\/randonnees-la-palma\\\/#primaryimage\"},\"image\":{\"@id\":\"https:\\\/\\\/lapalmaisland.com\\\/fr\\\/randonnees-la-palma\\\/#primaryimage\"},\"thumbnailUrl\":\"https:\\\/\\\/lapalmaisland.com\\\/fr\\\/wp-content\\\/uploads\\\/sites\\\/4\\\/2023\\\/11\\\/Chemin-taburiente-la-palma.webp\",\"datePublished\":\"2023-11-05T12:29:51+00:00\",\"dateModified\":\"2025-12-25T16:05:49+00:00\",\"description\":\"D\u00e9couvrez les randonn\u00e9es \u00e0 La Palma : 1000 km de sentiers, un paradis pour les amoureux de la nature et des paysages inoubliables.\",\"breadcrumb\":{\"@id\":\"https:\\\/\\\/lapalmaisland.com\\\/fr\\\/randonnees-la-palma\\\/#breadcrumb\"},\"inLanguage\":\"fr-FR\",\"potentialAction\":[{\"@type\":\"ReadAction\",\"target\":[\"https:\\\/\\\/lapalmaisland.com\\\/fr\\\/randonnees-la-palma\\\/\"]}]},{\"@type\":\"ImageObject\",\"inLanguage\":\"fr-FR\",\"@id\":\"https:\\\/\\\/lapalmaisland.com\\\/fr\\\/randonnees-la-palma\\\/#primaryimage\",\"url\":\"https:\\\/\\\/lapalmaisland.com\\\/fr\\\/wp-content\\\/uploads\\\/sites\\\/4\\\/2023\\\/11\\\/Chemin-taburiente-la-palma.webp\",\"contentUrl\":\"https:\\\/\\\/lapalmaisland.com\\\/fr\\\/wp-content\\\/uploads\\\/sites\\\/4\\\/2023\\\/11\\\/Chemin-taburiente-la-palma.webp\",\"width\":1024,\"height\":720,\"caption\":\"Chemin taburiente la palma ile\"},{\"@type\":\"BreadcrumbList\",\"@id\":\"https:\\\/\\\/lapalmaisland.com\\\/fr\\\/randonnees-la-palma\\\/#breadcrumb\",\"itemListElement\":[{\"@type\":\"ListItem\",\"position\":1,\"name\":\"Portada\",\"item\":\"https:\\\/\\\/lapalmaisland.com\\\/fr\\\/\"},{\"@type\":\"ListItem\",\"position\":2,\"name\":\"Randonn\u00e9es La Palma\"}]},{\"@type\":\"WebSite\",\"@id\":\"https:\\\/\\\/lapalmaisland.com\\\/fr\\\/#website\",\"url\":\"https:\\\/\\\/lapalmaisland.com\\\/fr\\\/\",\"name\":\"La Palma \u00cele\",\"description\":\"D\u00e9couvrez l&#039;\u00eele fascinante de La Palma : informations \u00e0 jour, guide touristique et activit\u00e9s pour une exp\u00e9rience inoubliable.\",\"publisher\":{\"@id\":\"https:\\\/\\\/lapalmaisland.com\\\/fr\\\/#organization\"},\"potentialAction\":[{\"@type\":\"SearchAction\",\"target\":{\"@type\":\"EntryPoint\",\"urlTemplate\":\"https:\\\/\\\/lapalmaisland.com\\\/fr\\\/?s={search_term_string}\"},\"query-input\":{\"@type\":\"PropertyValueSpecification\",\"valueRequired\":true,\"valueName\":\"search_term_string\"}}],\"inLanguage\":\"fr-FR\"},{\"@type\":\"Organization\",\"@id\":\"https:\\\/\\\/lapalmaisland.com\\\/fr\\\/#organization\",\"name\":\"La Palma \u00cele\",\"url\":\"https:\\\/\\\/lapalmaisland.com\\\/fr\\\/\",\"logo\":{\"@type\":\"ImageObject\",\"inLanguage\":\"fr-FR\",\"@id\":\"https:\\\/\\\/lapalmaisland.com\\\/fr\\\/#\\\/schema\\\/logo\\\/image\\\/\",\"url\":\"https:\\\/\\\/lapalmaisland.com\\\/fr\\\/wp-content\\\/uploads\\\/sites\\\/4\\\/2023\\\/11\\\/cropped-cropped-cropped-La-palma-island.png\",\"contentUrl\":\"https:\\\/\\\/lapalmaisland.com\\\/fr\\\/wp-content\\\/uploads\\\/sites\\\/4\\\/2023\\\/11\\\/cropped-cropped-cropped-La-palma-island.png\",\"width\":180,\"height\":60,\"caption\":\"La Palma \u00cele\"},\"image\":{\"@id\":\"https:\\\/\\\/lapalmaisland.com\\\/fr\\\/#\\\/schema\\\/logo\\\/image\\\/\"}}]}<\/script>\n<!-- \/ Yoast SEO plugin. -->","yoast_head_json":{"title":"RANDONN\u00c9ES LA PALMA- D\u00e9couvrez le meilleur de La Palma","description":"D\u00e9couvrez les randonn\u00e9es \u00e0 La Palma : 1000 km de sentiers, un paradis pour les amoureux de la nature et des paysages inoubliables.","robots":{"index":"index","follow":"follow","max-snippet":"max-snippet:-1","max-image-preview":"max-image-preview:large","max-video-preview":"max-video-preview:-1"},"canonical":"https:\/\/lapalmaisland.com\/fr\/randonnees-la-palma\/","og_locale":"fr_FR","og_type":"article","og_title":"RANDONN\u00c9ES LA PALMA- D\u00e9couvrez le meilleur de La Palma","og_description":"D\u00e9couvrez les randonn\u00e9es \u00e0 La Palma : 1000 km de sentiers, un paradis pour les amoureux de la nature et des paysages inoubliables.","og_url":"https:\/\/lapalmaisland.com\/fr\/randonnees-la-palma\/","og_site_name":"La Palma \u00cele","article_modified_time":"2025-12-25T16:05:49+00:00","og_image":[{"width":1024,"height":720,"url":"https:\/\/lapalmaisland.com\/fr\/wp-content\/uploads\/sites\/4\/2023\/11\/Chemin-taburiente-la-palma.webp","type":"image\/webp"}],"twitter_card":"summary_large_image","twitter_misc":{"Dur\u00e9e de lecture estim\u00e9e":"9 minutes"},"schema":{"@context":"https:\/\/schema.org","@graph":[{"@type":"WebPage","@id":"https:\/\/lapalmaisland.com\/fr\/randonnees-la-palma\/","url":"https:\/\/lapalmaisland.com\/fr\/randonnees-la-palma\/","name":"RANDONN\u00c9ES LA PALMA- D\u00e9couvrez le meilleur de La Palma","isPartOf":{"@id":"https:\/\/lapalmaisland.com\/fr\/#website"},"primaryImageOfPage":{"@id":"https:\/\/lapalmaisland.com\/fr\/randonnees-la-palma\/#primaryimage"},"image":{"@id":"https:\/\/lapalmaisland.com\/fr\/randonnees-la-palma\/#primaryimage"},"thumbnailUrl":"https:\/\/lapalmaisland.com\/fr\/wp-content\/uploads\/sites\/4\/2023\/11\/Chemin-taburiente-la-palma.webp","datePublished":"2023-11-05T12:29:51+00:00","dateModified":"2025-12-25T16:05:49+00:00","description":"D\u00e9couvrez les randonn\u00e9es \u00e0 La Palma : 1000 km de sentiers, un paradis pour les amoureux de la nature et des paysages inoubliables.","breadcrumb":{"@id":"https:\/\/lapalmaisland.com\/fr\/randonnees-la-palma\/#breadcrumb"},"inLanguage":"fr-FR","potentialAction":[{"@type":"ReadAction","target":["https:\/\/lapalmaisland.com\/fr\/randonnees-la-palma\/"]}]},{"@type":"ImageObject","inLanguage":"fr-FR","@id":"https:\/\/lapalmaisland.com\/fr\/randonnees-la-palma\/#primaryimage","url":"https:\/\/lapalmaisland.com\/fr\/wp-content\/uploads\/sites\/4\/2023\/11\/Chemin-taburiente-la-palma.webp","contentUrl":"https:\/\/lapalmaisland.com\/fr\/wp-content\/uploads\/sites\/4\/2023\/11\/Chemin-taburiente-la-palma.webp","width":1024,"height":720,"caption":"Chemin taburiente la palma ile"},{"@type":"BreadcrumbList","@id":"https:\/\/lapalmaisland.com\/fr\/randonnees-la-palma\/#breadcrumb","itemListElement":[{"@type":"ListItem","position":1,"name":"Portada","item":"https:\/\/lapalmaisland.com\/fr\/"},{"@type":"ListItem","position":2,"name":"Randonn\u00e9es La Palma"}]},{"@type":"WebSite","@id":"https:\/\/lapalmaisland.com\/fr\/#website","url":"https:\/\/lapalmaisland.com\/fr\/","name":"La Palma \u00cele","description":"D\u00e9couvrez l&#039;\u00eele fascinante de La Palma : informations \u00e0 jour, guide touristique et activit\u00e9s pour une exp\u00e9rience inoubliable.","publisher":{"@id":"https:\/\/lapalmaisland.com\/fr\/#organization"},"potentialAction":[{"@type":"SearchAction","target":{"@type":"EntryPoint","urlTemplate":"https:\/\/lapalmaisland.com\/fr\/?s={search_term_string}"},"query-input":{"@type":"PropertyValueSpecification","valueRequired":true,"valueName":"search_term_string"}}],"inLanguage":"fr-FR"},{"@type":"Organization","@id":"https:\/\/lapalmaisland.com\/fr\/#organization","name":"La Palma \u00cele","url":"https:\/\/lapalmaisland.com\/fr\/","logo":{"@type":"ImageObject","inLanguage":"fr-FR","@id":"https:\/\/lapalmaisland.com\/fr\/#\/schema\/logo\/image\/","url":"https:\/\/lapalmaisland.com\/fr\/wp-content\/uploads\/sites\/4\/2023\/11\/cropped-cropped-cropped-La-palma-island.png","contentUrl":"https:\/\/lapalmaisland.com\/fr\/wp-content\/uploads\/sites\/4\/2023\/11\/cropped-cropped-cropped-La-palma-island.png","width":180,"height":60,"caption":"La Palma \u00cele"},"image":{"@id":"https:\/\/lapalmaisland.com\/fr\/#\/schema\/logo\/image\/"}}]}},"uagb_featured_image_src":{"full":["https:\/\/lapalmaisland.com\/fr\/wp-content\/uploads\/sites\/4\/2023\/11\/Chemin-taburiente-la-palma.webp",1024,720,false],"thumbnail":["https:\/\/lapalmaisland.com\/fr\/wp-content\/uploads\/sites\/4\/2023\/11\/Chemin-taburiente-la-palma-150x150.webp",150,150,true],"medium":["https:\/\/lapalmaisland.com\/fr\/wp-content\/uploads\/sites\/4\/2023\/11\/Chemin-taburiente-la-palma-300x211.webp",300,211,true],"medium_large":["https:\/\/lapalmaisland.com\/fr\/wp-content\/uploads\/sites\/4\/2023\/11\/Chemin-taburiente-la-palma-768x540.webp",768,540,true],"large":["https:\/\/lapalmaisland.com\/fr\/wp-content\/uploads\/sites\/4\/2023\/11\/Chemin-taburiente-la-palma.webp",1024,720,false],"1536x1536":["https:\/\/lapalmaisland.com\/fr\/wp-content\/uploads\/sites\/4\/2023\/11\/Chemin-taburiente-la-palma.webp",1024,720,false],"2048x2048":["https:\/\/lapalmaisland.com\/fr\/wp-content\/uploads\/sites\/4\/2023\/11\/Chemin-taburiente-la-palma.webp",1024,720,false]},"uagb_author_info":{"display_name":"lapalmaisland","author_link":"https:\/\/lapalmaisland.com\/fr\/author\/lapalmaisland\/"},"uagb_comment_info":0,"uagb_excerpt":"&#8220;La Palma ne se visite pas, elle se parcourt \u00e0 pied.&#8220; Ses sentiers ne sont pas de simples chemins : ce sont des portes ouvertes sur des volcans, des for\u00eats mill\u00e9naires, des ravins profonds et des panoramas infinis.Ici, chaque randonn\u00e9e raconte une histoire, chaque paysage te connecte \u00e0 la force de la terre. Marcher \u00e0\u2026","_links":{"self":[{"href":"https:\/\/lapalmaisland.com\/fr\/wp-json\/wp\/v2\/pages\/135","targetHints":{"allow":["GET"]}}],"collection":[{"href":"https:\/\/lapalmaisland.com\/fr\/wp-json\/wp\/v2\/pages"}],"about":[{"href":"https:\/\/lapalmaisland.com\/fr\/wp-json\/wp\/v2\/types\/page"}],"author":[{"embeddable":true,"href":"https:\/\/lapalmaisland.com\/fr\/wp-json\/wp\/v2\/users\/3"}],"replies":[{"embeddable":true,"href":"https:\/\/lapalmaisland.com\/fr\/wp-json\/wp\/v2\/comments?post=135"}],"version-history":[{"count":52,"href":"https:\/\/lapalmaisland.com\/fr\/wp-json\/wp\/v2\/pages\/135\/revisions"}],"predecessor-version":[{"id":6120,"href":"https:\/\/lapalmaisland.com\/fr\/wp-json\/wp\/v2\/pages\/135\/revisions\/6120"}],"wp:featuredmedia":[{"embeddable":true,"href":"https:\/\/lapalmaisland.com\/fr\/wp-json\/wp\/v2\/media\/4242"}],"wp:attachment":[{"href":"https:\/\/lapalmaisland.com\/fr\/wp-json\/wp\/v2\/media?parent=135"}],"curies":[{"name":"wp","href":"https:\/\/api.w.org\/{rel}","templated":true}]}}