{"id":52,"date":"2023-11-02T17:42:32","date_gmt":"2023-11-02T17:42:32","guid":{"rendered":"https:\/\/lapalmaisland.com\/fr\/?page_id=52"},"modified":"2025-12-25T16:00:13","modified_gmt":"2025-12-25T16:00:13","slug":"la-palma-plages","status":"publish","type":"page","link":"https:\/\/lapalmaisland.com\/fr\/la-palma-plages\/","title":{"rendered":"Plages et Piscines Naturelles"},"content":{"rendered":"\n<div class=\"wp-block-columns has-ast-global-color-6-background-color has-background is-layout-flex wp-container-core-columns-is-layout-28f84493 wp-block-columns-is-layout-flex\">\n<div class=\"wp-block-column is-layout-flow wp-block-column-is-layout-flow\">\n<p>Des plages volcaniques cach\u00e9es entre les falaises, des piscines naturelles sculpt\u00e9es par d\u2019anciennes \u00e9ruptions et des criques solitaires o\u00f9 le seul son est celui des vagues\u2026 \u00c0 La Palma, l\u2019oc\u00e9an se vit sans filtres.<\/p>\n\n\n\n<h2 class=\"wp-block-heading has-text-align-center has-ast-global-color-4-color has-ast-global-color-2-background-color has-text-color has-background has-link-color wp-elements-d873b90bc5f130c64a12a37714813747\" style=\"padding-top:var(--wp--preset--spacing--30);padding-right:var(--wp--preset--spacing--30);padding-bottom:var(--wp--preset--spacing--30);padding-left:var(--wp--preset--spacing--30)\">Une destination authentique pour se d\u00e9connecter<\/h2>\n\n\n\n<p>Loin du tourisme de masse, les plages et bassins naturels de La Palma sont id\u00e9als pour ceux qui recherchent la tranquillit\u00e9, la beaut\u00e9 sauvage et les <a href=\"https:\/\/lapalmaisland.com\/fr\/la-palma-excursions\/#aquatiques\">activit\u00e9s aquatiques<\/a>.<br>Certaines sont am\u00e9nag\u00e9es pour les familles et les baigneurs, d&#8217;autres plus sauvages ne sont accessibles qu&#8217;\u00e0 pied. Mais toutes ont un point commun : elles vous connectent \u00e0 la puissance de la mer et de la terre.<\/p>\n\n\n\n<p><a href=\"https:\/\/lapalmaisland.com\/fr\/map\/\">\u2192 LOCALISEZ LES PLAGES ET BASSINS NATURELS SUR LA CARTE INTERACTIVE.<\/a><\/p>\n\n\n\n<div style=\"height:20px\" aria-hidden=\"true\" class=\"wp-block-spacer\"><\/div>\n\n\n\n<h2 class=\"wp-block-heading has-text-align-center has-ast-global-color-5-color has-ast-global-color-2-background-color has-text-color has-background has-link-color wp-elements-39dcd3ad5ade8641753b590629506fa6\" style=\"padding-top:var(--wp--preset--spacing--30);padding-right:var(--wp--preset--spacing--30);padding-bottom:var(--wp--preset--spacing--30);padding-left:var(--wp--preset--spacing--30)\">Les meilleures plages et piscines naturelles de La Palma<\/h2>\n\n\n<div class='pt-cv-wrapper'> <div class=\"pt-cv-view pt-cv-overlaygrid iscvblock iscvreal overlay1 layout1\" id=\"pt-cv-view-gld2ciqw\"><div data-id=\"pt-cv-page-1\" class=\"pt-cv-page\" data-cvc=\"3\"><div class=\" pt-cv-content-item pt-cv-1-col\" ><div class=\"pt-cv-thumb-wrapper  \"><a href=\"https:\/\/lapalmaisland.com\/fr\/puerto-espindola-plage\/\" class=\"_self pt-cv-href-thumbnail pt-cv-thumb-default\" target=\"_self\" ><img loading=\"lazy\" decoding=\"async\" width=\"768\" height=\"540\" src=\"https:\/\/lapalmaisland.com\/fr\/wp-content\/uploads\/sites\/4\/2025\/10\/plage-de-puerto-espindola-768x540.webp\" class=\"pt-cv-thumbnail\" alt=\"puerto espindola plage\" \/><\/a><\/div>\n<div class=\"pt-cv-overlay-wrapper\"><h3 class=\"pt-cv-title\"><a href=\"https:\/\/lapalmaisland.com\/fr\/puerto-espindola-plage\/\" class=\"_self\" target=\"_self\" >Plage de Puerto Espindola<\/a><\/h3><\/div><\/div>\n<div class=\" pt-cv-content-item pt-cv-1-col\" ><div class=\"pt-cv-thumb-wrapper  \"><a href=\"https:\/\/lapalmaisland.com\/fr\/plage-el-remo\/\" class=\"_self pt-cv-href-thumbnail pt-cv-thumb-default\" target=\"_self\" ><img loading=\"lazy\" decoding=\"async\" width=\"768\" height=\"432\" src=\"https:\/\/lapalmaisland.com\/fr\/wp-content\/uploads\/sites\/4\/2024\/04\/plage-el-remo-768x432.webp\" class=\"pt-cv-thumbnail\" alt=\"plage el remo la palma\" \/><\/a><\/div>\n<div class=\"pt-cv-overlay-wrapper\"><h3 class=\"pt-cv-title\"><a href=\"https:\/\/lapalmaisland.com\/fr\/plage-el-remo\/\" class=\"_self\" target=\"_self\" >Plage el Remo<\/a><\/h3><\/div><\/div>\n<div class=\" pt-cv-content-item pt-cv-1-col\" ><div class=\"pt-cv-thumb-wrapper  \"><a href=\"https:\/\/lapalmaisland.com\/fr\/plage-la-salemera-la-palma\/\" class=\"_self pt-cv-href-thumbnail pt-cv-thumb-default\" target=\"_self\" ><img loading=\"lazy\" decoding=\"async\" width=\"768\" height=\"503\" src=\"https:\/\/lapalmaisland.com\/fr\/wp-content\/uploads\/sites\/4\/2024\/04\/Phare-de-la-plage-de-Selemera-768x503.webp\" class=\"pt-cv-thumbnail\" alt=\"phare plage salemera\" \/><\/a><\/div>\n<div class=\"pt-cv-overlay-wrapper\"><h3 class=\"pt-cv-title\"><a href=\"https:\/\/lapalmaisland.com\/fr\/plage-la-salemera-la-palma\/\" class=\"_self\" target=\"_self\" >Plage La Salemera<\/a><\/h3><\/div><\/div>\n<div class=\" pt-cv-content-item pt-cv-1-col\" ><div class=\"pt-cv-thumb-wrapper  \"><a href=\"https:\/\/lapalmaisland.com\/fr\/cueva-bonita-la-palma\/\" class=\"_self pt-cv-href-thumbnail pt-cv-thumb-default\" target=\"_self\" ><img loading=\"lazy\" decoding=\"async\" width=\"768\" height=\"503\" src=\"https:\/\/lapalmaisland.com\/fr\/wp-content\/uploads\/sites\/4\/2024\/02\/cueva-bonita-grotte-a-cote-de-la-mer-la-palma-768x503.webp\" class=\"pt-cv-thumbnail\" alt=\"cueva bonita, grotte \u00e0 c\u00f4t\u00e9 de la mer\" \/><\/a><\/div>\n<div class=\"pt-cv-overlay-wrapper\"><h3 class=\"pt-cv-title\"><a href=\"https:\/\/lapalmaisland.com\/fr\/cueva-bonita-la-palma\/\" class=\"_self\" target=\"_self\" >Cueva Bonita<\/a><\/h3><\/div><\/div>\n<div class=\" pt-cv-content-item pt-cv-1-col\" ><div class=\"pt-cv-thumb-wrapper  \"><a href=\"https:\/\/lapalmaisland.com\/fr\/charco-azul-la-palma\/\" class=\"_self pt-cv-href-thumbnail pt-cv-thumb-default\" target=\"_self\" ><img loading=\"lazy\" decoding=\"async\" width=\"768\" height=\"540\" src=\"https:\/\/lapalmaisland.com\/fr\/wp-content\/uploads\/sites\/4\/2023\/11\/piscine-naturelle-charco-azul-1-768x540.webp\" class=\"pt-cv-thumbnail\" alt=\"piscine naturelle charco azul la palma\" \/><\/a><\/div>\n<div class=\"pt-cv-overlay-wrapper\"><h3 class=\"pt-cv-title\"><a href=\"https:\/\/lapalmaisland.com\/fr\/charco-azul-la-palma\/\" class=\"_self\" target=\"_self\" >Charco Azul<\/a><\/h3><\/div><\/div>\n<div class=\" pt-cv-content-item pt-cv-1-col\" ><div class=\"pt-cv-thumb-wrapper  \"><a href=\"https:\/\/lapalmaisland.com\/fr\/la-fajana-la-palma-piscine-naturelle\/\" class=\"_self pt-cv-href-thumbnail pt-cv-thumb-default\" target=\"_self\" ><img loading=\"lazy\" decoding=\"async\" width=\"768\" height=\"540\" src=\"https:\/\/lapalmaisland.com\/fr\/wp-content\/uploads\/sites\/4\/2023\/11\/la-fajana-piscine-naturelle-768x540.webp\" class=\"pt-cv-thumbnail\" alt=\"la fajana piscine naturelle la palma\" \/><\/a><\/div>\n<div class=\"pt-cv-overlay-wrapper\"><h3 class=\"pt-cv-title\"><a href=\"https:\/\/lapalmaisland.com\/fr\/la-fajana-la-palma-piscine-naturelle\/\" class=\"_self\" target=\"_self\" >Fajana<\/a><\/h3><\/div><\/div>\n<div class=\" pt-cv-content-item pt-cv-1-col\" ><div class=\"pt-cv-thumb-wrapper  \"><a href=\"https:\/\/lapalmaisland.com\/fr\/el-aljibe-la-palma\/\" class=\"_self pt-cv-href-thumbnail pt-cv-thumb-default\" target=\"_self\" ><img loading=\"lazy\" decoding=\"async\" width=\"768\" height=\"540\" src=\"https:\/\/lapalmaisland.com\/fr\/wp-content\/uploads\/sites\/4\/2023\/11\/aljibe-la-palma-768x540.webp\" class=\"pt-cv-thumbnail\" alt=\"el aljibe la palma\" \/><\/a><\/div>\n<div class=\"pt-cv-overlay-wrapper\"><h3 class=\"pt-cv-title\"><a href=\"https:\/\/lapalmaisland.com\/fr\/el-aljibe-la-palma\/\" class=\"_self\" target=\"_self\" >Piscines naturelles d\u2019Echentive<\/a><\/h3><\/div><\/div>\n<div class=\" pt-cv-content-item pt-cv-1-col\" ><div class=\"pt-cv-thumb-wrapper  \"><a href=\"https:\/\/lapalmaisland.com\/fr\/bajamar-la-palma-plage\/\" class=\"_self pt-cv-href-thumbnail pt-cv-thumb-default\" target=\"_self\" ><img loading=\"lazy\" decoding=\"async\" width=\"768\" height=\"540\" src=\"https:\/\/lapalmaisland.com\/fr\/wp-content\/uploads\/sites\/4\/2023\/11\/bajamar-la-palma-plage-768x540.webp\" class=\"pt-cv-thumbnail\" alt=\"bajamar la palma plage\" \/><\/a><\/div>\n<div class=\"pt-cv-overlay-wrapper\"><h3 class=\"pt-cv-title\"><a href=\"https:\/\/lapalmaisland.com\/fr\/bajamar-la-palma-plage\/\" class=\"_self\" target=\"_self\" >Bajamar Plage<\/a><\/h3><\/div><\/div>\n<div class=\" pt-cv-content-item pt-cv-1-col\" ><div class=\"pt-cv-thumb-wrapper  \"><a href=\"https:\/\/lapalmaisland.com\/fr\/charco-verde-plage\/\" class=\"_self pt-cv-href-thumbnail pt-cv-thumb-default\" target=\"_self\" ><img loading=\"lazy\" decoding=\"async\" width=\"768\" height=\"346\" src=\"https:\/\/lapalmaisland.com\/fr\/wp-content\/uploads\/sites\/4\/2023\/11\/charco-verde-la-palma-PLAGE-768x346.webp\" class=\"pt-cv-thumbnail\" alt=\"plage charco verde\" \/><\/a><\/div>\n<div class=\"pt-cv-overlay-wrapper\"><h3 class=\"pt-cv-title\"><a href=\"https:\/\/lapalmaisland.com\/fr\/charco-verde-plage\/\" class=\"_self\" target=\"_self\" >Charco Verde Plage<\/a><\/h3><\/div><\/div>\n<div class=\" pt-cv-content-item pt-cv-1-col\" ><div class=\"pt-cv-thumb-wrapper  \"><a href=\"https:\/\/lapalmaisland.com\/fr\/la-veta-plage\/\" class=\"_self pt-cv-href-thumbnail pt-cv-thumb-default\" target=\"_self\" ><img loading=\"lazy\" decoding=\"async\" width=\"768\" height=\"540\" src=\"https:\/\/lapalmaisland.com\/fr\/wp-content\/uploads\/sites\/4\/2023\/11\/la-veta-plage-768x540.webp\" class=\"pt-cv-thumbnail\" alt=\"la veta plage\" \/><\/a><\/div>\n<div class=\"pt-cv-overlay-wrapper\"><h3 class=\"pt-cv-title\"><a href=\"https:\/\/lapalmaisland.com\/fr\/la-veta-plage\/\" class=\"_self\" target=\"_self\" >La Veta Plage<\/a><\/h3><\/div><\/div>\n<div class=\" pt-cv-content-item pt-cv-1-col\" ><div class=\"pt-cv-thumb-wrapper  \"><a href=\"https:\/\/lapalmaisland.com\/fr\/puerto-naos-plage\/\" class=\"_self pt-cv-href-thumbnail pt-cv-thumb-default\" target=\"_self\" ><img loading=\"lazy\" decoding=\"async\" width=\"768\" height=\"540\" src=\"https:\/\/lapalmaisland.com\/fr\/wp-content\/uploads\/sites\/4\/2023\/11\/plage-de-puerto-naos-la-palma-768x540.webp\" class=\"pt-cv-thumbnail\" alt=\"plage de puerto naos a la palma ile\" \/><\/a><\/div>\n<div class=\"pt-cv-overlay-wrapper\"><h3 class=\"pt-cv-title\"><a href=\"https:\/\/lapalmaisland.com\/fr\/puerto-naos-plage\/\" class=\"_self\" target=\"_self\" >Puerto Naos Plage<\/a><\/h3><\/div><\/div>\n<div class=\" pt-cv-content-item pt-cv-1-col\" ><div class=\"pt-cv-thumb-wrapper  \"><a href=\"https:\/\/lapalmaisland.com\/fr\/echentive-la-palma-plage\/\" class=\"_self pt-cv-href-thumbnail pt-cv-thumb-default\" target=\"_self\" ><img loading=\"lazy\" decoding=\"async\" width=\"768\" height=\"540\" src=\"https:\/\/lapalmaisland.com\/fr\/wp-content\/uploads\/sites\/4\/2023\/11\/plage-de-fuencaliente-echentive-768x540.webp\" class=\"pt-cv-thumbnail\" alt=\"plage echentive de fuencaliente la palma\" \/><\/a><\/div>\n<div class=\"pt-cv-overlay-wrapper\"><h3 class=\"pt-cv-title\"><a href=\"https:\/\/lapalmaisland.com\/fr\/echentive-la-palma-plage\/\" class=\"_self\" target=\"_self\" >Echentive Plage<\/a><\/h3><\/div><\/div>\n<div class=\" pt-cv-content-item pt-cv-1-col\" ><div class=\"pt-cv-thumb-wrapper  \"><a href=\"https:\/\/lapalmaisland.com\/fr\/santa-cruz-de-la-palma-plage\/\" class=\"_self pt-cv-href-thumbnail pt-cv-thumb-default\" target=\"_self\" ><img loading=\"lazy\" decoding=\"async\" width=\"768\" height=\"375\" src=\"https:\/\/lapalmaisland.com\/fr\/wp-content\/uploads\/sites\/4\/2023\/11\/Santa-cruz-de-la-palma-plage-768x375.webp\" class=\"pt-cv-thumbnail\" alt=\"santa cruz de la palma plage\" \/><\/a><\/div>\n<div class=\"pt-cv-overlay-wrapper\"><h3 class=\"pt-cv-title\"><a href=\"https:\/\/lapalmaisland.com\/fr\/santa-cruz-de-la-palma-plage\/\" class=\"_self\" target=\"_self\" >Santa Cruz de La Palma Plage<\/a><\/h3><\/div><\/div>\n<div class=\" pt-cv-content-item pt-cv-1-col\" ><div class=\"pt-cv-thumb-wrapper  \"><a href=\"https:\/\/lapalmaisland.com\/fr\/la-zamora-plage\/\" class=\"_self pt-cv-href-thumbnail pt-cv-thumb-default\" target=\"_self\" ><img loading=\"lazy\" decoding=\"async\" width=\"768\" height=\"403\" src=\"https:\/\/lapalmaisland.com\/fr\/wp-content\/uploads\/sites\/4\/2023\/11\/zamora-plage-la-palma-768x403.webp\" class=\"pt-cv-thumbnail\" alt=\"zamora plage sur la palma\" \/><\/a><\/div>\n<div class=\"pt-cv-overlay-wrapper\"><h3 class=\"pt-cv-title\"><a href=\"https:\/\/lapalmaisland.com\/fr\/la-zamora-plage\/\" class=\"_self\" target=\"_self\" >La Zamora Plage<\/a><\/h3><\/div><\/div>\n<div class=\" pt-cv-content-item pt-cv-1-col\" ><div class=\"pt-cv-thumb-wrapper  \"><a href=\"https:\/\/lapalmaisland.com\/fr\/los-cancajos-plage\/\" class=\"_self pt-cv-href-thumbnail pt-cv-thumb-default\" target=\"_self\" ><img loading=\"lazy\" decoding=\"async\" width=\"768\" height=\"512\" src=\"https:\/\/lapalmaisland.com\/fr\/wp-content\/uploads\/sites\/4\/2023\/11\/plage-de-los-cancajos-768x512.webp\" class=\"pt-cv-thumbnail\" alt=\"los cancajos plages la palma\" \/><\/a><\/div>\n<div class=\"pt-cv-overlay-wrapper\"><h3 class=\"pt-cv-title\"><a href=\"https:\/\/lapalmaisland.com\/fr\/los-cancajos-plage\/\" class=\"_self\" target=\"_self\" >Los Cancajos Plage<\/a><\/h3><\/div><\/div>\n<div class=\" pt-cv-content-item pt-cv-1-col\" ><div class=\"pt-cv-thumb-wrapper  \"><a href=\"https:\/\/lapalmaisland.com\/fr\/nogales-plage\/\" class=\"_self pt-cv-href-thumbnail pt-cv-thumb-default\" target=\"_self\" ><img loading=\"lazy\" decoding=\"async\" width=\"768\" height=\"540\" src=\"https:\/\/lapalmaisland.com\/fr\/wp-content\/uploads\/sites\/4\/2023\/11\/nogales-plages-la-palma-768x540.webp\" class=\"pt-cv-thumbnail\" alt=\"nogales plages de la palma\" \/><\/a><\/div>\n<div class=\"pt-cv-overlay-wrapper\"><h3 class=\"pt-cv-title\"><a href=\"https:\/\/lapalmaisland.com\/fr\/nogales-plage\/\" class=\"_self\" target=\"_self\" >Nogales Plage<\/a><\/h3><\/div><\/div>\n<div class=\" pt-cv-content-item pt-cv-1-col\" ><div class=\"pt-cv-thumb-wrapper  \"><a href=\"https:\/\/lapalmaisland.com\/fr\/tazacorte-plage\/\" class=\"_self pt-cv-href-thumbnail pt-cv-thumb-default\" target=\"_self\" ><img loading=\"lazy\" decoding=\"async\" width=\"768\" height=\"540\" src=\"https:\/\/lapalmaisland.com\/fr\/wp-content\/uploads\/sites\/4\/2023\/11\/plage-de-tazacorte-768x540.webp\" class=\"pt-cv-thumbnail\" alt=\"tazacorte plage la palma\" \/><\/a><\/div>\n<div class=\"pt-cv-overlay-wrapper\"><h3 class=\"pt-cv-title\"><a href=\"https:\/\/lapalmaisland.com\/fr\/tazacorte-plage\/\" class=\"_self\" target=\"_self\" >Tazacorte Plage<\/a><\/h3><\/div><\/div><\/div><\/div> <\/div> <style>\n#pt-cv-view-gld2ciqw {text-align: center}#pt-cv-view-gld2ciqw .pt-cv-thumb-wrapper {margin-left: auto; margin-right: auto;}#pt-cv-view-gld2ciqw .pt-cv-thumb-wrapper::before {background: rgba(0,0,0,.4); opacity: 0.1;}#pt-cv-view-gld2ciqw .pt-cv-overlay-wrapper {justify-content: center;}\n#pt-cv-view-gld2ciqw { box-shadow: 0px 0px 0px 0px ; }#pt-cv-view-gld2ciqw .pt-cv-overlay-wrapper { padding: 0px 0px 0px 0px; }#pt-cv-view-gld2ciqw .pt-cv-content-item { border-style: none;border-radius: 15px 15px 15px 15px;box-shadow: 7px 8px 7px 2px #00000073; }#pt-cv-view-gld2ciqw .pt-cv-meta-fields {  }#pt-cv-view-gld2ciqw .pt-cv-meta-fields * { font-size: 13px; }#pt-cv-view-gld2ciqw .pt-cv-title a { text-align: center;display: block;background-color: #00000073;padding: 5px 5px 5px 5px; }#pt-cv-view-gld2ciqw .pt-cv-title:not(.pt-cv-titlesm) a { font-weight: 600;text-decoration: none;font-size: 25px;line-height: 40px; }#pt-cv-view-gld2ciqw .pt-cv-titlesm a { font-weight: 600;font-size: 18px; }#pt-cv-view-gld2ciqw .pt-cv-content { font-size: 15px; }#pt-cv-view-gld2ciqw .pt-cv-rmwrap { text-align: center; }#pt-cv-view-gld2ciqw .pt-cv-readmore { color: #ffffff;background-color: #fcb900;border-style: none;font-size: 14px;padding: 10px 40px 10px 40px; }#pt-cv-view-gld2ciqw .pt-cv-taxoterm { margin: 0px 0px 20px 0px; }#pt-cv-view-gld2ciqw .pt-cv-taxoterm * { color: #222;background-color: #fff6f6;font-size: 14px; }#pt-cv-view-gld2ciqw + .pt-cv-pagination-wrapper {  }#pt-cv-view-gld2ciqw + .pt-cv-pagination-wrapper a { font-size: 14px; }#pt-cv-view-gld2ciqw > .pt-cv-page {grid-template-columns: repeat(3, 1fr);grid-auto-rows: 250px;grid-gap: 20px;}#pt-cv-view-gld2ciqw .pt-cv-title a:hover { color: var(--ast-global-color-3);background-color: var(--ast-global-color-5); }#pt-cv-view-gld2ciqw .pt-cv-title:not(.pt-cv-titlesm) a:hover {  }\n@media all and (max-width: 1024px) { \n#pt-cv-view-gld2ciqw > .pt-cv-page {}\n} \n@media all and (max-width: 767px) { \n#pt-cv-view-gld2ciqw > .pt-cv-page {grid-template-columns: repeat(1, 1fr);}\n} <\/style>\n\n\n<div style=\"height:30px\" aria-hidden=\"true\" class=\"wp-block-spacer\"><\/div>\n\n\n\n<h2 class=\"wp-block-heading has-text-align-center has-ast-global-color-5-color has-ast-global-color-2-background-color has-text-color has-background has-link-color wp-elements-62e82821613511833db6372c458ba6b7\" id=\"piscines\" style=\"padding-top:var(--wp--preset--spacing--30);padding-right:var(--wp--preset--spacing--30);padding-bottom:var(--wp--preset--spacing--30);padding-left:var(--wp--preset--spacing--30)\">Quelle est la meilleure plage selon votre style de voyage ?<\/h2>\n\n\n\n<p>Nous vous aidons \u00e0 trouver la plage parfaite gr\u00e2ce \u00e0 ce comparatif pens\u00e9 pour diff\u00e9rents profils de voyageurs.<\/p>\n\n\n\n<div class=\"wp-block-columns is-layout-flex wp-container-core-columns-is-layout-28f84493 wp-block-columns-is-layout-flex\">\n<div class=\"wp-block-column is-layout-flow wp-block-column-is-layout-flow\">\n<!DOCTYPE html>\n<html lang=\"fr\">\n<head>\n  <meta charset=\"UTF-8\">\n  <meta name=\"viewport\" content=\"width=device-width, initial-scale=1\">\n  <style>\n    .comparaison-plages {\n      font-size: 14px;\n      padding: 10px;\n    }\n    .comparaison-plages .tableau-conteneur {\n      overflow-x: auto;\n      max-width: 100%;\n      margin-bottom: 20px;\n    }\n    .comparaison-plages table {\n      width: 100%;\n      border-collapse: collapse;\n      min-width: 600px;\n    }\n    .comparaison-plages th, .comparaison-plages td {\n      border: 1px solid #ccc;\n      padding: 6px 8px;\n      text-align: center;\n    }\n    .comparaison-plages th {\n      background-color: #f0f0f0;\n    }\n    .comparaison-plages td:first-child, .comparaison-plages th:first-child {\n      text-align: left;\n    }\n    .comparaison-plages caption {\n      font-size: 16px;\n      font-weight: bold;\n      margin-bottom: 8px;\n      text-align: left;\n    }\n    .comparaison-plages .carte-plage {\n      display: none;\n      border: 1px solid #ccc;\n      border-radius: 8px;\n      padding: 10px;\n      margin-bottom: 12px;\n      background: #f9f9f9;\n    }\n    .comparaison-plages .carte-plage h4 {\n      margin: 0 0 6px;\n      font-size: 16px;\n      color: #333;\n    }\n    .comparaison-plages .carte-plage ul {\n      list-style: none;\n      padding: 0;\n      margin: 0;\n    }\n    .comparaison-plages .carte-plage li {\n      margin: 4px 0;\n    }\n    @media (max-width: 768px) {\n      .comparaison-plages .tableau-conteneur {\n        display: none;\n      }\n      .comparaison-plages .carte-plage {\n        display: block;\n      }\n    }\n  <\/style>\n<\/head>\n<body>\n  <div class=\"comparaison-plages\">\n    <!-- CARTES POUR MOBILE -->\n    <div class=\"carte-plage\"><h4>Santa Cruz<\/h4><ul><li><strong>Familles :<\/strong> \u2605\u2605\u2605<\/li><li><strong>Aventuriers :<\/strong> \u2605<\/li><li><strong>Voyageurs solitaires :<\/strong> \u2605<\/li><li><strong>Touristes confort :<\/strong> \u2605\u2605\u2605<\/li><\/ul><\/div>\n    <div class=\"carte-plage\"><h4>Cancajos<\/h4><ul><li><strong>Familles :<\/strong> \u2605\u2605\u2605<\/li><li><strong>Aventuriers :<\/strong> \u2605<\/li><li><strong>Voyageurs solitaires :<\/strong> \u2605<\/li><li><strong>Touristes confort :<\/strong> \u2605\u2605\u2605<\/li><\/ul><\/div>\n    <div class=\"carte-plage\"><h4>Puerto Naos<\/h4><ul><li><strong>Familles :<\/strong> \u2605\u2605\u2605<\/li><li><strong>Aventuriers :<\/strong> \u2605<\/li><li><strong>Voyageurs solitaires :<\/strong> \u2605<\/li><li><strong>Touristes confort :<\/strong> \u2605\u2605\u2605<\/li><\/ul><\/div>\n    <div class=\"carte-plage\"><h4>Charco Verde<\/h4><ul><li><strong>Familles :<\/strong> \u2605\u2605\u2605<\/li><li><strong>Aventuriers :<\/strong> \u2605<\/li><li><strong>Voyageurs solitaires :<\/strong> \u2605\u2605<\/li><li><strong>Touristes confort :<\/strong> \u2605\u2605\u2605<\/li><\/ul><\/div>\n    <div class=\"carte-plage\"><h4>El Remo<\/h4><ul><li><strong>Familles :<\/strong> \u2605\u2605<\/li><li><strong>Aventuriers :<\/strong> \u2605\u2605<\/li><li><strong>Voyageurs solitaires :<\/strong> \u2605\u2605\u2605<\/li><li><strong>Touristes confort :<\/strong> \u2605\u2605<\/li><\/ul><\/div>\n    <div class=\"carte-plage\"><h4>La Veta<\/h4><ul><li><strong>Familles :<\/strong> \u2716<\/li><li><strong>Aventuriers :<\/strong> \u2605\u2605\u2605<\/li><li><strong>Voyageurs solitaires :<\/strong> \u2605\u2605\u2605<\/li><li><strong>Touristes confort :<\/strong> \u2605<\/li><\/ul><\/div>\n    <div class=\"carte-plage\"><h4>Bajamar<\/h4><ul><li><strong>Familles :<\/strong> \u2605\u2605\u2605<\/li><li><strong>Aventuriers :<\/strong> \u2605<\/li><li><strong>Voyageurs solitaires :<\/strong> \u2605\u2605<\/li><li><strong>Touristes confort :<\/strong> \u2605\u2605\u2605<\/li><\/ul><\/div>\n    <div class=\"carte-plage\"><h4>Nogales<\/h4><ul><li><strong>Familles :<\/strong> \u2605<\/li><li><strong>Aventuriers :<\/strong> \u2605\u2605\u2605<\/li><li><strong>Voyageurs solitaires :<\/strong> \u2605\u2605\u2605<\/li><li><strong>Touristes confort :<\/strong> \u2605<\/li><\/ul><\/div>\n    <div class=\"carte-plage\"><h4>Charco Azul<\/h4><ul><li><strong>Familles :<\/strong> \u2605\u2605\u2605<\/li><li><strong>Aventuriers :<\/strong> \u2605\u2605\u2605<\/li><li><strong>Voyageurs solitaires :<\/strong> \u2605<\/li><li><strong>Touristes confort :<\/strong> \u2605\u2605\u2605<\/li><\/ul><\/div>\n    <div class=\"carte-plage\"><h4>La Fajana<\/h4><ul><li><strong>Familles :<\/strong> \u2605\u2605\u2605<\/li><li><strong>Aventuriers :<\/strong> \u2605\u2605<\/li><li><strong>Voyageurs solitaires :<\/strong> \u2605\u2605<\/li><li><strong>Touristes confort :<\/strong> \u2605\u2605\u2605<\/li><\/ul><\/div>\n    <div class=\"carte-plage\"><h4>Fuencaliente<\/h4><ul><li><strong>Familles :<\/strong> \u2716<\/li><li><strong>Aventuriers :<\/strong> \u2605\u2605\u2605<\/li><li><strong>Voyageurs solitaires :<\/strong> \u2605\u2605\u2605<\/li><li><strong>Touristes confort :<\/strong> \u2716<\/li><\/ul><\/div>\n    <div class=\"carte-plage\"><h4>La Salemera<\/h4><ul><li><strong>Familles :<\/strong> \u2605\u2605<\/li><li><strong>Aventuriers :<\/strong> \u2605\u2605<\/li><li><strong>Voyageurs solitaires :<\/strong> \u2605\u2605\u2605<\/li><li><strong>Touristes confort :<\/strong> \u2605<\/li><\/ul><\/div>\n    <div class=\"carte-plage\"><h4>La Zamora<\/h4><ul><li><strong>Familles :<\/strong> \u2605<\/li><li><strong>Aventuriers :<\/strong> \u2605\u2605\u2605<\/li><li><strong>Voyageurs solitaires :<\/strong> \u2605\u2605<\/li><li><strong>Touristes confort :<\/strong> \u2605<\/li><\/ul><\/div>\n    <div class=\"carte-plage\"><h4>Echentive<\/h4><ul><li><strong>Familles :<\/strong> \u2605<\/li><li><strong>Aventuriers :<\/strong> \u2605\u2605\u2605<\/li><li><strong>Voyageurs solitaires :<\/strong> \u2605\u2605\u2605<\/li><li><strong>Touristes confort :<\/strong> \u2605<\/li><\/ul><\/div>\n    <div class=\"carte-plage\"><h4>Tazacorte<\/h4><ul><li><strong>Familles :<\/strong> \u2605\u2605\u2605<\/li><li><strong>Aventuriers :<\/strong> \u2605\u2605<\/li><li><strong>Voyageurs solitaires :<\/strong> \u2605<\/li><li><strong>Touristes confort :<\/strong> \u2605\u2605\u2605<\/li><\/ul><\/div>\n  <\/div>\n<\/body>\n<\/html>\n<\/div>\n<\/div>\n\n\n\n<h2 class=\"wp-block-heading has-text-align-center has-ast-global-color-4-color has-ast-global-color-2-background-color has-text-color has-background has-link-color wp-elements-fbcf9c96441393bfec1701d9c144eddf\" style=\"padding-top:var(--wp--preset--spacing--30);padding-right:var(--wp--preset--spacing--30);padding-bottom:var(--wp--preset--spacing--30);padding-left:var(--wp--preset--spacing--30)\">S\u00e9curit\u00e9 face \u00e0 la houle<\/h2>\n\n\n\n<div class=\"wp-block-columns is-layout-flex wp-container-core-columns-is-layout-28f84493 wp-block-columns-is-layout-flex\">\n<div class=\"wp-block-column is-layout-flow wp-block-column-is-layout-flow\">\n<p>La mer de La Palma est aussi belle que puissante.<\/p>\n\n\n\n<p>Avant de vous baigner :<\/p>\n\n\n\n<ul class=\"wp-block-list has-ast-global-color-7-background-color has-background\">\n<li style=\"padding-top:var(--wp--preset--spacing--20);padding-bottom:var(--wp--preset--spacing--20)\"><strong>V\u00e9rifiez la couleur du drapeau et l\u2019\u00e9tat de la mer.<\/strong><\/li>\n\n\n\n<li style=\"padding-top:var(--wp--preset--spacing--20);padding-bottom:var(--wp--preset--spacing--20)\"><strong>\u00c9vitez les zones non surveill\u00e9es si vous n\u2019\u00eates pas un nageur exp\u00e9riment\u00e9.<\/strong><\/li>\n\n\n\n<li style=\"padding-top:var(--wp--preset--spacing--20);padding-bottom:var(--wp--preset--spacing--20)\"><strong>En cas d\u2019alerte \u00e0 la houle, n\u2019approchez ni des c\u00f4tes ni des piscines naturelles.<\/strong><\/li>\n\n\n\n<li style=\"padding-top:var(--wp--preset--spacing--20);padding-bottom:var(--wp--preset--spacing--20)\"><strong>Respectez l\u2019environnement et donnez toujours la priorit\u00e9 \u00e0 votre s\u00e9curit\u00e9.<\/strong><\/li>\n<\/ul>\n<\/div>\n\n\n\n<div class=\"wp-block-column is-layout-flow wp-block-column-is-layout-flow\">\n<figure class=\"wp-block-image aligncenter size-full\"><img loading=\"lazy\" decoding=\"async\" width=\"1024\" height=\"670\" src=\"https:\/\/lapalmaisland.com\/fr\/wp-content\/uploads\/sites\/4\/2025\/02\/fortes-vagues-a-la-fajana.webp\" alt=\"fortes vagues \u00e0 la fajana la palma\" class=\"wp-image-4209\" srcset=\"https:\/\/lapalmaisland.com\/fr\/wp-content\/uploads\/sites\/4\/2025\/02\/fortes-vagues-a-la-fajana.webp 1024w, https:\/\/lapalmaisland.com\/fr\/wp-content\/uploads\/sites\/4\/2025\/02\/fortes-vagues-a-la-fajana-300x196.webp 300w, https:\/\/lapalmaisland.com\/fr\/wp-content\/uploads\/sites\/4\/2025\/02\/fortes-vagues-a-la-fajana-768x503.webp 768w\" sizes=\"auto, (max-width: 1024px) 100vw, 1024px\" \/><\/figure>\n<\/div>\n<\/div>\n\n\n\n<div style=\"height:10px\" aria-hidden=\"true\" class=\"wp-block-spacer\"><\/div>\n\n\n\n<div class=\"wp-block-columns is-layout-flex wp-container-core-columns-is-layout-28f84493 wp-block-columns-is-layout-flex\">\n<div class=\"wp-block-column is-layout-flow wp-block-column-is-layout-flow\">\n<h2 class=\"wp-block-heading has-text-align-center has-ast-global-color-4-color has-ast-global-color-3-background-color has-text-color has-background has-link-color wp-elements-20fcc56be4ce8feeebf589d6a7c34cdb\" id=\"ou\" style=\"padding-top:var(--wp--preset--spacing--30);padding-right:var(--wp--preset--spacing--30);padding-bottom:var(--wp--preset--spacing--30);padding-left:var(--wp--preset--spacing--30)\">O\u00f9 se baigner en toute s\u00e9curit\u00e9 \u00e0 La Palma ?<\/h2>\n\n\n\n<div class=\"wp-block-columns is-layout-flex wp-container-core-columns-is-layout-28f84493 wp-block-columns-is-layout-flex\">\n<div class=\"wp-block-column is-layout-flow wp-block-column-is-layout-flow\">\n<p>Les zones les plus s\u00fbres pour une baignade tranquille sont :<\/p>\n\n\n\n<ul class=\"wp-block-list has-ast-global-color-7-background-color has-background\">\n<li style=\"padding-top:var(--wp--preset--spacing--20);padding-bottom:var(--wp--preset--spacing--20)\">Playa de Santa Cruz de La Palma<\/li>\n\n\n\n<li style=\"padding-top:var(--wp--preset--spacing--20);padding-bottom:var(--wp--preset--spacing--20)\">Playa de Los Cancajos<\/li>\n\n\n\n<li style=\"padding-top:var(--wp--preset--spacing--20);padding-bottom:var(--wp--preset--spacing--20)\">Playa de Bajamar<\/li>\n\n\n\n<li style=\"padding-top:var(--wp--preset--spacing--20);padding-bottom:var(--wp--preset--spacing--20)\">Playa de Charco Verde<\/li>\n\n\n\n<li style=\"padding-top:var(--wp--preset--spacing--20);padding-bottom:var(--wp--preset--spacing--20)\">Piscines naturelles de Charco Azul et La Fajana<\/li>\n<\/ul>\n\n\n\n<p>Toutes offrent un acc\u00e8s facile, des zones prot\u00e9g\u00e9es et la pr\u00e9sence de sauveteurs.<\/p>\n<\/div>\n\n\n\n<div class=\"wp-block-column is-layout-flow wp-block-column-is-layout-flow\">\n<figure class=\"wp-block-image size-full\"><img loading=\"lazy\" decoding=\"async\" width=\"1024\" height=\"720\" src=\"https:\/\/lapalmaisland.com\/fr\/wp-content\/uploads\/sites\/4\/2023\/11\/plage-de-la-palma-bajamar.webp\" alt=\"cote de brena alta la palma\" class=\"wp-image-5094\" srcset=\"https:\/\/lapalmaisland.com\/fr\/wp-content\/uploads\/sites\/4\/2023\/11\/plage-de-la-palma-bajamar.webp 1024w, https:\/\/lapalmaisland.com\/fr\/wp-content\/uploads\/sites\/4\/2023\/11\/plage-de-la-palma-bajamar-300x211.webp 300w, https:\/\/lapalmaisland.com\/fr\/wp-content\/uploads\/sites\/4\/2023\/11\/plage-de-la-palma-bajamar-768x540.webp 768w\" sizes=\"auto, (max-width: 1024px) 100vw, 1024px\" \/><\/figure>\n<\/div>\n<\/div>\n<\/div>\n<\/div>\n<\/div>\n<\/div>\n\n\n\n<div style=\"height:10px\" aria-hidden=\"true\" class=\"wp-block-spacer\"><\/div>\n\n\n\n<div class=\"wp-block-columns has-ast-global-color-6-background-color has-background is-layout-flex wp-container-core-columns-is-layout-28f84493 wp-block-columns-is-layout-flex\">\n<div class=\"wp-block-column is-layout-flow wp-block-column-is-layout-flow\">\n<h2 class=\"wp-block-heading has-text-align-center has-ast-global-color-4-color has-ast-global-color-2-background-color has-text-color has-background has-link-color wp-elements-983b3cc57ccb98ad45d5399faa0593b1\" style=\"padding-top:var(--wp--preset--spacing--30);padding-right:var(--wp--preset--spacing--30);padding-bottom:var(--wp--preset--spacing--30);padding-left:var(--wp--preset--spacing--30)\">Et si je ne veux pas me baigner ?<\/h2>\n\n\n\n<div class=\"wp-block-columns is-layout-flex wp-container-core-columns-is-layout-28f84493 wp-block-columns-is-layout-flex\">\n<div class=\"wp-block-column is-layout-flow wp-block-column-is-layout-flow\">\n<p>Parfait. Beaucoup de ces plages et bassins sont \u00e9galement parfaits pour :<\/p>\n\n\n\n<ul style=\"padding-top:0;padding-bottom:0\" class=\"wp-block-list has-ast-global-color-7-background-color has-background\">\n<li style=\"padding-top:var(--wp--preset--spacing--20);padding-bottom:var(--wp--preset--spacing--20)\"><strong>Se promener et se d\u00e9tendre<\/strong><\/li>\n\n\n\n<li style=\"padding-top:var(--wp--preset--spacing--20);padding-bottom:var(--wp--preset--spacing--20)\"><strong>Prendre des photos incroyables<\/strong><\/li>\n\n\n\n<li style=\"padding-top:var(--wp--preset--spacing--20);padding-bottom:var(--wp--preset--spacing--20)\"><strong>Lire au soleil<\/strong><\/li>\n\n\n\n<li style=\"padding-top:var(--wp--preset--spacing--20);padding-bottom:var(--wp--preset--spacing--20)\"><strong>Explorer les environs<\/strong><\/li>\n<\/ul>\n<\/div>\n\n\n\n<div class=\"wp-block-column is-layout-flow wp-block-column-is-layout-flow\" style=\"padding-top:var(--wp--preset--spacing--30);padding-bottom:var(--wp--preset--spacing--30)\">\n<figure class=\"wp-block-image size-full\" style=\"margin-right:0;margin-left:0\"><img loading=\"lazy\" decoding=\"async\" width=\"1024\" height=\"372\" src=\"https:\/\/lapalmaisland.com\/fr\/wp-content\/uploads\/sites\/4\/2024\/02\/santa-cruz-de-la-palma-vue-sur-la-plage.webp\" alt=\"vue sur la plage a 360\" class=\"wp-image-4657\" srcset=\"https:\/\/lapalmaisland.com\/fr\/wp-content\/uploads\/sites\/4\/2024\/02\/santa-cruz-de-la-palma-vue-sur-la-plage.webp 1024w, https:\/\/lapalmaisland.com\/fr\/wp-content\/uploads\/sites\/4\/2024\/02\/santa-cruz-de-la-palma-vue-sur-la-plage-300x109.webp 300w, https:\/\/lapalmaisland.com\/fr\/wp-content\/uploads\/sites\/4\/2024\/02\/santa-cruz-de-la-palma-vue-sur-la-plage-768x279.webp 768w\" sizes=\"auto, (max-width: 1024px) 100vw, 1024px\" \/><\/figure>\n<\/div>\n<\/div>\n<\/div>\n<\/div>\n\n\n\n<div style=\"height:30px\" aria-hidden=\"true\" class=\"wp-block-spacer\"><\/div>\n\n\n\n<div class=\"wp-block-uagb-social-share uagb-social-share__outer-wrap uagb-social-share__layout-horizontal uagb-block-4446023f\">\n<div class=\"wp-block-uagb-social-share-child uagb-ss-repeater uagb-ss__wrapper uagb-block-a042eff1\"><span class=\"uagb-ss__link\" data-href=\"https:\/\/www.facebook.com\/sharer.php?u=\" tabindex=\"0\" role=\"button\" aria-label=\"facebook\"><span class=\"uagb-ss__source-wrap\"><span class=\"uagb-ss__source-icon\"><svg xmlns=\"https:\/\/www.w3.org\/2000\/svg\" viewBox=\"0 0 512 512\"><path d=\"M504 256C504 119 393 8 256 8S8 119 8 256c0 123.8 90.69 226.4 209.3 245V327.7h-63V256h63v-54.64c0-62.15 37-96.48 93.67-96.48 27.14 0 55.52 4.84 55.52 4.84v61h-31.28c-30.8 0-40.41 19.12-40.41 38.73V256h68.78l-11 71.69h-57.78V501C413.3 482.4 504 379.8 504 256z\"><\/path><\/svg><\/span><\/span><\/span><\/div>\n\n\n\n<div class=\"wp-block-uagb-social-share-child uagb-ss-repeater uagb-ss__wrapper uagb-block-b37997d8\"><span class=\"uagb-ss__link\" data-href=\"https:\/\/twitter.com\/share?url=\" tabindex=\"0\" role=\"button\" aria-label=\"twitter\"><span class=\"uagb-ss__source-wrap\"><span class=\"uagb-ss__source-icon\"><svg xmlns=\"https:\/\/www.w3.org\/2000\/svg\" viewBox=\"0 0 448 512\"><path d=\"M400 32H48C21.5 32 0 53.5 0 80v352c0 26.5 21.5 48 48 48h352c26.5 0 48-21.5 48-48V80c0-26.5-21.5-48-48-48zm-48.9 158.8c.2 2.8 .2 5.7 .2 8.5 0 86.7-66 186.6-186.6 186.6-37.2 0-71.7-10.8-100.7-29.4 5.3 .6 10.4 .8 15.8 .8 30.7 0 58.9-10.4 81.4-28-28.8-.6-53-19.5-61.3-45.5 10.1 1.5 19.2 1.5 29.6-1.2-30-6.1-52.5-32.5-52.5-64.4v-.8c8.7 4.9 18.9 7.9 29.6 8.3a65.45 65.45 0 0 1 -29.2-54.6c0-12.2 3.2-23.4 8.9-33.1 32.3 39.8 80.8 65.8 135.2 68.6-9.3-44.5 24-80.6 64-80.6 18.9 0 35.9 7.9 47.9 20.7 14.8-2.8 29-8.3 41.6-15.8-4.9 15.2-15.2 28-28.8 36.1 13.2-1.4 26-5.1 37.8-10.2-8.9 13.1-20.1 24.7-32.9 34z\"><\/path><\/svg><\/span><\/span><\/span><\/div>\n\n\n\n<div class=\"wp-block-uagb-social-share-child uagb-ss-repeater uagb-ss__wrapper uagb-block-fdfff850\"><span class=\"uagb-ss__link\" data-href=\"https:\/\/pinterest.com\/pin\/create\/link\/?url=\" tabindex=\"0\" role=\"button\" aria-label=\"pinterest\"><span class=\"uagb-ss__source-wrap\"><span class=\"uagb-ss__source-icon\"><svg xmlns=\"https:\/\/www.w3.org\/2000\/svg\" viewBox=\"0 0 448 512\"><path d=\"M448 80v352c0 26.5-21.5 48-48 48H154.4c9.8-16.4 22.4-40 27.4-59.3 3-11.5 15.3-58.4 15.3-58.4 8 15.3 31.4 28.2 56.3 28.2 74.1 0 127.4-68.1 127.4-152.7 0-81.1-66.2-141.8-151.4-141.8-106 0-162.2 71.1-162.2 148.6 0 36 19.2 80.8 49.8 95.1 4.7 2.2 7.1 1.2 8.2-3.3 .8-3.4 5-20.1 6.8-27.8 .6-2.5 .3-4.6-1.7-7-10.1-12.3-18.3-34.9-18.3-56 0-54.2 41-106.6 110.9-106.6 60.3 0 102.6 41.1 102.6 99.9 0 66.4-33.5 112.4-77.2 112.4-24.1 0-42.1-19.9-36.4-44.4 6.9-29.2 20.3-60.7 20.3-81.8 0-53-75.5-45.7-75.5 25 0 21.7 7.3 36.5 7.3 36.5-31.4 132.8-36.1 134.5-29.6 192.6l2.2 .8H48c-26.5 0-48-21.5-48-48V80c0-26.5 21.5-48 48-48h352c26.5 0 48 21.5 48 48z\"><\/path><\/svg><\/span><\/span><\/span><\/div>\n\n\n\n<div class=\"wp-block-uagb-social-share-child uagb-ss-repeater uagb-ss__wrapper uagb-block-4b0c0f4f\"><span class=\"uagb-ss__link\" data-href=\"https:\/\/www.linkedin.com\/shareArticle?url=\" tabindex=\"0\" role=\"button\" aria-label=\"linkedin\"><span class=\"uagb-ss__source-wrap\"><span class=\"uagb-ss__source-icon\"><svg xmlns=\"https:\/\/www.w3.org\/2000\/svg\" viewBox=\"0 0 448 512\"><path d=\"M416 32H31.9C14.3 32 0 46.5 0 64.3v383.4C0 465.5 14.3 480 31.9 480H416c17.6 0 32-14.5 32-32.3V64.3c0-17.8-14.4-32.3-32-32.3zM135.4 416H69V202.2h66.5V416zm-33.2-243c-21.3 0-38.5-17.3-38.5-38.5S80.9 96 102.2 96c21.2 0 38.5 17.3 38.5 38.5 0 21.3-17.2 38.5-38.5 38.5zm282.1 243h-66.4V312c0-24.8-.5-56.7-34.5-56.7-34.6 0-39.9 27-39.9 54.9V416h-66.4V202.2h63.7v29.2h.9c8.9-16.8 30.6-34.5 62.9-34.5 67.2 0 79.7 44.3 79.7 101.9V416z\"><\/path><\/svg><\/span><\/span><\/span><\/div>\n\n\n\n<div class=\"wp-block-uagb-social-share-child uagb-ss-repeater uagb-ss__wrapper uagb-block-62523f5b\"><span class=\"uagb-ss__link\" data-href=\"https:\/\/telegram.me\/share\/url?url=\" tabindex=\"0\" role=\"button\" aria-label=\"telegram\"><span class=\"uagb-ss__source-wrap\"><span class=\"uagb-ss__source-icon\"><svg xmlns=\"https:\/\/www.w3.org\/2000\/svg\" viewBox=\"0 0 496 512\"><path d=\"M248 8C111 8 0 119 0 256S111 504 248 504 496 392.1 496 256 384.1 8 248 8zM362.1 176.7c-3.732 39.22-19.88 134.4-28.1 178.3-3.476 18.58-10.32 24.82-16.95 25.42-14.4 1.326-25.34-9.517-39.29-18.66-21.83-14.31-34.16-23.22-55.35-37.18-24.49-16.14-8.612-25 5.342-39.5 3.652-3.793 67.11-61.51 68.33-66.75 .153-.655 .3-3.1-1.154-4.384s-3.59-.849-5.135-.5q-3.283 .746-104.6 69.14-14.85 10.19-26.89 9.934c-8.855-.191-25.89-5.006-38.55-9.123-15.53-5.048-27.88-7.717-26.8-16.29q.84-6.7 18.45-13.7 108.4-47.25 144.6-62.3c68.87-28.65 83.18-33.62 92.51-33.79 2.052-.034 6.639 .474 9.61 2.885a10.45 10.45 0 0 1 3.53 6.716A43.76 43.76 0 0 1 362.1 176.7z\"><\/path><\/svg><\/span><\/span><\/span><\/div>\n\n\n\n<div class=\"wp-block-uagb-social-share-child uagb-ss-repeater uagb-ss__wrapper uagb-block-2d9c7c52\"><span class=\"uagb-ss__link\" data-href=\"https:\/\/api.whatsapp.com\/send?text=\" tabindex=\"0\" role=\"button\" aria-label=\"whatsapp\"><span class=\"uagb-ss__source-wrap\"><span class=\"uagb-ss__source-icon\"><svg xmlns=\"https:\/\/www.w3.org\/2000\/svg\" viewBox=\"0 0 448 512\"><path d=\"M380.9 97.1C339 55.1 283.2 32 223.9 32c-122.4 0-222 99.6-222 222 0 39.1 10.2 77.3 29.6 111L0 480l117.7-30.9c32.4 17.7 68.9 27 106.1 27h.1c122.3 0 224.1-99.6 224.1-222 0-59.3-25.2-115-67.1-157zm-157 341.6c-33.2 0-65.7-8.9-94-25.7l-6.7-4-69.8 18.3L72 359.2l-4.4-7c-18.5-29.4-28.2-63.3-28.2-98.2 0-101.7 82.8-184.5 184.6-184.5 49.3 0 95.6 19.2 130.4 54.1 34.8 34.9 56.2 81.2 56.1 130.5 0 101.8-84.9 184.6-186.6 184.6zm101.2-138.2c-5.5-2.8-32.8-16.2-37.9-18-5.1-1.9-8.8-2.8-12.5 2.8-3.7 5.6-14.3 18-17.6 21.8-3.2 3.7-6.5 4.2-12 1.4-32.6-16.3-54-29.1-75.5-66-5.7-9.8 5.7-9.1 16.3-30.3 1.8-3.7 .9-6.9-.5-9.7-1.4-2.8-12.5-30.1-17.1-41.2-4.5-10.8-9.1-9.3-12.5-9.5-3.2-.2-6.9-.2-10.6-.2-3.7 0-9.7 1.4-14.8 6.9-5.1 5.6-19.4 19-19.4 46.3 0 27.3 19.9 53.7 22.6 57.4 2.8 3.7 39.1 59.7 94.8 83.8 35.2 15.2 49 16.5 66.6 13.9 10.7-1.6 32.8-13.4 37.4-26.4 4.6-13 4.6-24.1 3.2-26.4-1.3-2.5-5-3.9-10.5-6.6z\"><\/path><\/svg><\/span><\/span><\/span><\/div>\n<\/div>\n","protected":false},"excerpt":{"rendered":"<p>Des plages volcaniques cach\u00e9es entre les falaises, des piscines naturelles sculpt\u00e9es par d\u2019anciennes \u00e9ruptions et des criques solitaires o\u00f9 le seul son est celui des vagues\u2026 \u00c0 La Palma, l\u2019oc\u00e9an se vit sans filtres. Une destination authentique pour se d\u00e9connecter Loin du tourisme de masse, les plages et bassins naturels de La Palma sont id\u00e9als [&hellip;]<\/p>\n","protected":false},"author":3,"featured_media":4192,"parent":0,"menu_order":0,"comment_status":"closed","ping_status":"closed","template":"","meta":{"_uag_custom_page_level_css":"","site-sidebar-layout":"no-sidebar","site-content-layout":"page-builder","ast-site-content-layout":"full-width-container","site-content-style":"default","site-sidebar-style":"default","ast-global-header-display":"","ast-banner-title-visibility":"","ast-main-header-display":"","ast-hfb-above-header-display":"","ast-hfb-below-header-display":"","ast-hfb-mobile-header-display":"","site-post-title":"","ast-breadcrumbs-content":"","ast-featured-img":"disabled","footer-sml-layout":"","ast-disable-related-posts":"","theme-transparent-header-meta":"","adv-header-id-meta":"","stick-header-meta":"","header-above-stick-meta":"","header-main-stick-meta":"","header-below-stick-meta":"","astra-migrate-meta-layouts":"set","ast-page-background-enabled":"default","ast-page-background-meta":{"desktop":{"background-color":"var(--ast-global-color-4)","background-image":"","background-repeat":"repeat","background-position":"center center","background-size":"auto","background-attachment":"scroll","background-type":"","background-media":"","overlay-type":"","overlay-color":"","overlay-opacity":"","overlay-gradient":""},"tablet":{"background-color":"","background-image":"","background-repeat":"repeat","background-position":"center center","background-size":"auto","background-attachment":"scroll","background-type":"","background-media":"","overlay-type":"","overlay-color":"","overlay-opacity":"","overlay-gradient":""},"mobile":{"background-color":"","background-image":"","background-repeat":"repeat","background-position":"center center","background-size":"auto","background-attachment":"scroll","background-type":"","background-media":"","overlay-type":"","overlay-color":"","overlay-opacity":"","overlay-gradient":""}},"ast-content-background-meta":{"desktop":{"background-color":"var(--ast-global-color-5)","background-image":"","background-repeat":"repeat","background-position":"center center","background-size":"auto","background-attachment":"scroll","background-type":"","background-media":"","overlay-type":"","overlay-color":"","overlay-opacity":"","overlay-gradient":""},"tablet":{"background-color":"var(--ast-global-color-5)","background-image":"","background-repeat":"repeat","background-position":"center center","background-size":"auto","background-attachment":"scroll","background-type":"","background-media":"","overlay-type":"","overlay-color":"","overlay-opacity":"","overlay-gradient":""},"mobile":{"background-color":"var(--ast-global-color-5)","background-image":"","background-repeat":"repeat","background-position":"center center","background-size":"auto","background-attachment":"scroll","background-type":"","background-media":"","overlay-type":"","overlay-color":"","overlay-opacity":"","overlay-gradient":""}},"_mc_calendar":[],"footnotes":""},"class_list":["post-52","page","type-page","status-publish","has-post-thumbnail","hentry"],"yoast_head":"<!-- This site is optimized with the Yoast SEO plugin v27.5 - https:\/\/yoast.com\/product\/yoast-seo-wordpress\/ -->\n<title>PLAGES ET PISCINES NATURELLES DE LA PALMA<\/title>\n<meta name=\"description\" content=\"Explorez les plus belles plages volcaniques et bassins naturels de La Palma. Nature, tranquillit\u00e9 et baignade loin du tourisme de masse.\" \/>\n<meta name=\"robots\" content=\"index, follow, max-snippet:-1, max-image-preview:large, max-video-preview:-1\" \/>\n<link rel=\"canonical\" href=\"https:\/\/lapalmaisland.com\/fr\/la-palma-plages\/\" \/>\n<meta property=\"og:locale\" content=\"fr_FR\" \/>\n<meta property=\"og:type\" content=\"article\" \/>\n<meta property=\"og:title\" content=\"PLAGES ET PISCINES NATURELLES DE LA PALMA\" \/>\n<meta property=\"og:description\" content=\"Explorez les plus belles plages volcaniques et bassins naturels de La Palma. Nature, tranquillit\u00e9 et baignade loin du tourisme de masse.\" \/>\n<meta property=\"og:url\" content=\"https:\/\/lapalmaisland.com\/fr\/la-palma-plages\/\" \/>\n<meta property=\"og:site_name\" content=\"La Palma \u00cele\" \/>\n<meta property=\"article:modified_time\" content=\"2025-12-25T16:00:13+00:00\" \/>\n<meta property=\"og:image\" content=\"https:\/\/lapalmaisland.com\/fr\/wp-content\/uploads\/sites\/4\/2023\/11\/vagues-sur-la-plage-dEchentive.webp\" \/>\n\t<meta property=\"og:image:width\" content=\"1024\" \/>\n\t<meta property=\"og:image:height\" content=\"720\" \/>\n\t<meta property=\"og:image:type\" content=\"image\/webp\" \/>\n<meta name=\"twitter:card\" content=\"summary_large_image\" \/>\n<meta name=\"twitter:label1\" content=\"Dur\u00e9e de lecture estim\u00e9e\" \/>\n\t<meta name=\"twitter:data1\" content=\"4 minutes\" \/>\n<script type=\"application\/ld+json\" class=\"yoast-schema-graph\">{\"@context\":\"https:\\\/\\\/schema.org\",\"@graph\":[{\"@type\":\"WebPage\",\"@id\":\"https:\\\/\\\/lapalmaisland.com\\\/fr\\\/la-palma-plages\\\/\",\"url\":\"https:\\\/\\\/lapalmaisland.com\\\/fr\\\/la-palma-plages\\\/\",\"name\":\"PLAGES ET PISCINES NATURELLES DE LA PALMA\",\"isPartOf\":{\"@id\":\"https:\\\/\\\/lapalmaisland.com\\\/fr\\\/#website\"},\"primaryImageOfPage\":{\"@id\":\"https:\\\/\\\/lapalmaisland.com\\\/fr\\\/la-palma-plages\\\/#primaryimage\"},\"image\":{\"@id\":\"https:\\\/\\\/lapalmaisland.com\\\/fr\\\/la-palma-plages\\\/#primaryimage\"},\"thumbnailUrl\":\"https:\\\/\\\/lapalmaisland.com\\\/fr\\\/wp-content\\\/uploads\\\/sites\\\/4\\\/2023\\\/11\\\/vagues-sur-la-plage-dEchentive.webp\",\"datePublished\":\"2023-11-02T17:42:32+00:00\",\"dateModified\":\"2025-12-25T16:00:13+00:00\",\"description\":\"Explorez les plus belles plages volcaniques et bassins naturels de La Palma. Nature, tranquillit\u00e9 et baignade loin du tourisme de masse.\",\"breadcrumb\":{\"@id\":\"https:\\\/\\\/lapalmaisland.com\\\/fr\\\/la-palma-plages\\\/#breadcrumb\"},\"inLanguage\":\"fr-FR\",\"potentialAction\":[{\"@type\":\"ReadAction\",\"target\":[\"https:\\\/\\\/lapalmaisland.com\\\/fr\\\/la-palma-plages\\\/\"]}]},{\"@type\":\"ImageObject\",\"inLanguage\":\"fr-FR\",\"@id\":\"https:\\\/\\\/lapalmaisland.com\\\/fr\\\/la-palma-plages\\\/#primaryimage\",\"url\":\"https:\\\/\\\/lapalmaisland.com\\\/fr\\\/wp-content\\\/uploads\\\/sites\\\/4\\\/2023\\\/11\\\/vagues-sur-la-plage-dEchentive.webp\",\"contentUrl\":\"https:\\\/\\\/lapalmaisland.com\\\/fr\\\/wp-content\\\/uploads\\\/sites\\\/4\\\/2023\\\/11\\\/vagues-sur-la-plage-dEchentive.webp\",\"width\":1024,\"height\":720,\"caption\":\"vagues sur la plage d'Echentive la palma\"},{\"@type\":\"BreadcrumbList\",\"@id\":\"https:\\\/\\\/lapalmaisland.com\\\/fr\\\/la-palma-plages\\\/#breadcrumb\",\"itemListElement\":[{\"@type\":\"ListItem\",\"position\":1,\"name\":\"Portada\",\"item\":\"https:\\\/\\\/lapalmaisland.com\\\/fr\\\/\"},{\"@type\":\"ListItem\",\"position\":2,\"name\":\"Plages et Piscines Naturelles\"}]},{\"@type\":\"WebSite\",\"@id\":\"https:\\\/\\\/lapalmaisland.com\\\/fr\\\/#website\",\"url\":\"https:\\\/\\\/lapalmaisland.com\\\/fr\\\/\",\"name\":\"La Palma \u00cele\",\"description\":\"D\u00e9couvrez l&#039;\u00eele fascinante de La Palma : informations \u00e0 jour, guide touristique et activit\u00e9s pour une exp\u00e9rience inoubliable.\",\"publisher\":{\"@id\":\"https:\\\/\\\/lapalmaisland.com\\\/fr\\\/#organization\"},\"potentialAction\":[{\"@type\":\"SearchAction\",\"target\":{\"@type\":\"EntryPoint\",\"urlTemplate\":\"https:\\\/\\\/lapalmaisland.com\\\/fr\\\/?s={search_term_string}\"},\"query-input\":{\"@type\":\"PropertyValueSpecification\",\"valueRequired\":true,\"valueName\":\"search_term_string\"}}],\"inLanguage\":\"fr-FR\"},{\"@type\":\"Organization\",\"@id\":\"https:\\\/\\\/lapalmaisland.com\\\/fr\\\/#organization\",\"name\":\"La Palma \u00cele\",\"url\":\"https:\\\/\\\/lapalmaisland.com\\\/fr\\\/\",\"logo\":{\"@type\":\"ImageObject\",\"inLanguage\":\"fr-FR\",\"@id\":\"https:\\\/\\\/lapalmaisland.com\\\/fr\\\/#\\\/schema\\\/logo\\\/image\\\/\",\"url\":\"https:\\\/\\\/lapalmaisland.com\\\/fr\\\/wp-content\\\/uploads\\\/sites\\\/4\\\/2023\\\/11\\\/cropped-cropped-cropped-La-palma-island.png\",\"contentUrl\":\"https:\\\/\\\/lapalmaisland.com\\\/fr\\\/wp-content\\\/uploads\\\/sites\\\/4\\\/2023\\\/11\\\/cropped-cropped-cropped-La-palma-island.png\",\"width\":180,\"height\":60,\"caption\":\"La Palma \u00cele\"},\"image\":{\"@id\":\"https:\\\/\\\/lapalmaisland.com\\\/fr\\\/#\\\/schema\\\/logo\\\/image\\\/\"}}]}<\/script>\n<!-- \/ Yoast SEO plugin. -->","yoast_head_json":{"title":"PLAGES ET PISCINES NATURELLES DE LA PALMA","description":"Explorez les plus belles plages volcaniques et bassins naturels de La Palma. Nature, tranquillit\u00e9 et baignade loin du tourisme de masse.","robots":{"index":"index","follow":"follow","max-snippet":"max-snippet:-1","max-image-preview":"max-image-preview:large","max-video-preview":"max-video-preview:-1"},"canonical":"https:\/\/lapalmaisland.com\/fr\/la-palma-plages\/","og_locale":"fr_FR","og_type":"article","og_title":"PLAGES ET PISCINES NATURELLES DE LA PALMA","og_description":"Explorez les plus belles plages volcaniques et bassins naturels de La Palma. Nature, tranquillit\u00e9 et baignade loin du tourisme de masse.","og_url":"https:\/\/lapalmaisland.com\/fr\/la-palma-plages\/","og_site_name":"La Palma \u00cele","article_modified_time":"2025-12-25T16:00:13+00:00","og_image":[{"width":1024,"height":720,"url":"https:\/\/lapalmaisland.com\/fr\/wp-content\/uploads\/sites\/4\/2023\/11\/vagues-sur-la-plage-dEchentive.webp","type":"image\/webp"}],"twitter_card":"summary_large_image","twitter_misc":{"Dur\u00e9e de lecture estim\u00e9e":"4 minutes"},"schema":{"@context":"https:\/\/schema.org","@graph":[{"@type":"WebPage","@id":"https:\/\/lapalmaisland.com\/fr\/la-palma-plages\/","url":"https:\/\/lapalmaisland.com\/fr\/la-palma-plages\/","name":"PLAGES ET PISCINES NATURELLES DE LA PALMA","isPartOf":{"@id":"https:\/\/lapalmaisland.com\/fr\/#website"},"primaryImageOfPage":{"@id":"https:\/\/lapalmaisland.com\/fr\/la-palma-plages\/#primaryimage"},"image":{"@id":"https:\/\/lapalmaisland.com\/fr\/la-palma-plages\/#primaryimage"},"thumbnailUrl":"https:\/\/lapalmaisland.com\/fr\/wp-content\/uploads\/sites\/4\/2023\/11\/vagues-sur-la-plage-dEchentive.webp","datePublished":"2023-11-02T17:42:32+00:00","dateModified":"2025-12-25T16:00:13+00:00","description":"Explorez les plus belles plages volcaniques et bassins naturels de La Palma. Nature, tranquillit\u00e9 et baignade loin du tourisme de masse.","breadcrumb":{"@id":"https:\/\/lapalmaisland.com\/fr\/la-palma-plages\/#breadcrumb"},"inLanguage":"fr-FR","potentialAction":[{"@type":"ReadAction","target":["https:\/\/lapalmaisland.com\/fr\/la-palma-plages\/"]}]},{"@type":"ImageObject","inLanguage":"fr-FR","@id":"https:\/\/lapalmaisland.com\/fr\/la-palma-plages\/#primaryimage","url":"https:\/\/lapalmaisland.com\/fr\/wp-content\/uploads\/sites\/4\/2023\/11\/vagues-sur-la-plage-dEchentive.webp","contentUrl":"https:\/\/lapalmaisland.com\/fr\/wp-content\/uploads\/sites\/4\/2023\/11\/vagues-sur-la-plage-dEchentive.webp","width":1024,"height":720,"caption":"vagues sur la plage d'Echentive la palma"},{"@type":"BreadcrumbList","@id":"https:\/\/lapalmaisland.com\/fr\/la-palma-plages\/#breadcrumb","itemListElement":[{"@type":"ListItem","position":1,"name":"Portada","item":"https:\/\/lapalmaisland.com\/fr\/"},{"@type":"ListItem","position":2,"name":"Plages et Piscines Naturelles"}]},{"@type":"WebSite","@id":"https:\/\/lapalmaisland.com\/fr\/#website","url":"https:\/\/lapalmaisland.com\/fr\/","name":"La Palma \u00cele","description":"D\u00e9couvrez l&#039;\u00eele fascinante de La Palma : informations \u00e0 jour, guide touristique et activit\u00e9s pour une exp\u00e9rience inoubliable.","publisher":{"@id":"https:\/\/lapalmaisland.com\/fr\/#organization"},"potentialAction":[{"@type":"SearchAction","target":{"@type":"EntryPoint","urlTemplate":"https:\/\/lapalmaisland.com\/fr\/?s={search_term_string}"},"query-input":{"@type":"PropertyValueSpecification","valueRequired":true,"valueName":"search_term_string"}}],"inLanguage":"fr-FR"},{"@type":"Organization","@id":"https:\/\/lapalmaisland.com\/fr\/#organization","name":"La Palma \u00cele","url":"https:\/\/lapalmaisland.com\/fr\/","logo":{"@type":"ImageObject","inLanguage":"fr-FR","@id":"https:\/\/lapalmaisland.com\/fr\/#\/schema\/logo\/image\/","url":"https:\/\/lapalmaisland.com\/fr\/wp-content\/uploads\/sites\/4\/2023\/11\/cropped-cropped-cropped-La-palma-island.png","contentUrl":"https:\/\/lapalmaisland.com\/fr\/wp-content\/uploads\/sites\/4\/2023\/11\/cropped-cropped-cropped-La-palma-island.png","width":180,"height":60,"caption":"La Palma \u00cele"},"image":{"@id":"https:\/\/lapalmaisland.com\/fr\/#\/schema\/logo\/image\/"}}]}},"uagb_featured_image_src":{"full":["https:\/\/lapalmaisland.com\/fr\/wp-content\/uploads\/sites\/4\/2023\/11\/vagues-sur-la-plage-dEchentive.webp",1024,720,false],"thumbnail":["https:\/\/lapalmaisland.com\/fr\/wp-content\/uploads\/sites\/4\/2023\/11\/vagues-sur-la-plage-dEchentive-150x150.webp",150,150,true],"medium":["https:\/\/lapalmaisland.com\/fr\/wp-content\/uploads\/sites\/4\/2023\/11\/vagues-sur-la-plage-dEchentive-300x211.webp",300,211,true],"medium_large":["https:\/\/lapalmaisland.com\/fr\/wp-content\/uploads\/sites\/4\/2023\/11\/vagues-sur-la-plage-dEchentive-768x540.webp",768,540,true],"large":["https:\/\/lapalmaisland.com\/fr\/wp-content\/uploads\/sites\/4\/2023\/11\/vagues-sur-la-plage-dEchentive.webp",1024,720,false],"1536x1536":["https:\/\/lapalmaisland.com\/fr\/wp-content\/uploads\/sites\/4\/2023\/11\/vagues-sur-la-plage-dEchentive.webp",1024,720,false],"2048x2048":["https:\/\/lapalmaisland.com\/fr\/wp-content\/uploads\/sites\/4\/2023\/11\/vagues-sur-la-plage-dEchentive.webp",1024,720,false]},"uagb_author_info":{"display_name":"lapalmaisland","author_link":"https:\/\/lapalmaisland.com\/fr\/author\/lapalmaisland\/"},"uagb_comment_info":0,"uagb_excerpt":"Des plages volcaniques cach\u00e9es entre les falaises, des piscines naturelles sculpt\u00e9es par d\u2019anciennes \u00e9ruptions et des criques solitaires o\u00f9 le seul son est celui des vagues\u2026 \u00c0 La Palma, l\u2019oc\u00e9an se vit sans filtres. Une destination authentique pour se d\u00e9connecter Loin du tourisme de masse, les plages et bassins naturels de La Palma sont id\u00e9als\u2026","_links":{"self":[{"href":"https:\/\/lapalmaisland.com\/fr\/wp-json\/wp\/v2\/pages\/52","targetHints":{"allow":["GET"]}}],"collection":[{"href":"https:\/\/lapalmaisland.com\/fr\/wp-json\/wp\/v2\/pages"}],"about":[{"href":"https:\/\/lapalmaisland.com\/fr\/wp-json\/wp\/v2\/types\/page"}],"author":[{"embeddable":true,"href":"https:\/\/lapalmaisland.com\/fr\/wp-json\/wp\/v2\/users\/3"}],"replies":[{"embeddable":true,"href":"https:\/\/lapalmaisland.com\/fr\/wp-json\/wp\/v2\/comments?post=52"}],"version-history":[{"count":57,"href":"https:\/\/lapalmaisland.com\/fr\/wp-json\/wp\/v2\/pages\/52\/revisions"}],"predecessor-version":[{"id":6118,"href":"https:\/\/lapalmaisland.com\/fr\/wp-json\/wp\/v2\/pages\/52\/revisions\/6118"}],"wp:featuredmedia":[{"embeddable":true,"href":"https:\/\/lapalmaisland.com\/fr\/wp-json\/wp\/v2\/media\/4192"}],"wp:attachment":[{"href":"https:\/\/lapalmaisland.com\/fr\/wp-json\/wp\/v2\/media?parent=52"}],"curies":[{"name":"wp","href":"https:\/\/api.w.org\/{rel}","templated":true}]}}