{"id":7,"date":"2023-09-14T10:17:18","date_gmt":"2023-09-14T10:17:18","guid":{"rendered":"https:\/\/lapalmaisland.com\/fr\/my-calendar\/"},"modified":"2025-04-21T15:55:44","modified_gmt":"2025-04-21T15:55:44","slug":"calendrier-des-fetes-et-evenements-a-la-palma","status":"publish","type":"page","link":"https:\/\/lapalmaisland.com\/fr\/calendrier-des-fetes-et-evenements-a-la-palma\/","title":{"rendered":"Calendrier des f\u00eates et \u00e9v\u00e9nements \u00e0 La Palma"},"content":{"rendered":"\r\n<div id='my-calendar' class='mc-main mcjs listjs gridjs minijs ajaxjs mc_custom_my-calendar calendar month my-calendar has-modal is-main-view' >\n<script type=\"application\/ld+json\">\n[{\"@context\":\"https:\/\/schema.org\",\"@type\":\"Event\",\"name\":\"F\\u00eates du Socorro 2026\",\"description\":\"Les Fiestas del Socorro 2026, \\u00e0 Bre\\u00f1a Baja, auront lieu du 27 au 31 ao\\u00fbt. Pendant ces jours de f\\u00eate, le quartier r\\u00e9unira habitants et visiteurs autour du son des cloches, des jeux populaires, des d\\u00e9fil\\u00e9s, de la f\\u00eate de l\\u2019eau, des prestations musicales, de la romer\\u00eda, du Baile de Magos et des c\\u00e9l\\u00e9brations religieuses\\u2026\",\"image\":\"https:\/\/lapalmaisland.com\/fr\/wp-content\/uploads\/sites\/4\/2023\/11\/cropped-logo.jpg\",\"url\":\"https:\/\/lapalmaisland.com\/fr\/fetes-et-evenements\/fetes-du-socorro-2026\/\",\"startDate\":\"2026-08-27T00:00:00+00:00\",\"endDate\":\"2026-09-01T00:00:59+00:00\",\"duration\":\"PD5TH0M0\",\"eventAttendanceMode\":\"https:\/\/schema.org\/OfflineEventAttendanceMode\",\"location\":{\"@context\":\"https:\/\/schema.org\",\"@type\":\"Place\",\"name\":\"Bre\\u00f1a Baja\",\"description\":\"\",\"url\":\"https:\/\/lapalmaisland.com\/fr\/lieuxdesfetes\/brena-baja\/\",\"address\":{\"@type\":\"PostalAddress\",\"streetAddress\":\"\",\"addressLocality\":\"\",\"addressRegion\":\"\",\"postalCode\":\"\",\"addressCountry\":\"\"},\"telephone\":\"n\/a\",\"sameAs\":\"\"}},{\"@context\":\"https:\/\/schema.org\",\"@type\":\"Event\",\"name\":\"F\\u00eates patronales de San Andr\\u00e9s y Sauces 2026\",\"description\":\"Du 26 ao\\u00fbt au 20 septembre, San Andr\\u00e9s y Sauces c\\u00e9l\\u00e9brera ses F\\u00eates patronales en l\\u2019honneur de Notre-Dame de Montserrat, avec un programme m\\u00ealant tradition, religion, sport et culture. Programme des F\\u00eates patronales en l\\u2019honneur de Notre-Dame de Montserrat \\u00e0 San Andr\\u00e9s y Sauces Mercredi 26 ao\\u00fbt 20 h 30 Lecture du discours d\\u2019ouverture des\\u2026\",\"image\":\"https:\/\/lapalmaisland.com\/fr\/wp-content\/uploads\/sites\/4\/2023\/11\/cropped-logo.jpg\",\"url\":\"https:\/\/lapalmaisland.com\/fr\/fetes-et-evenements\/fetes-patronales-de-san-andres-y-sauces-2026\/\",\"startDate\":\"2026-08-26T00:00:00+00:00\",\"endDate\":\"2026-09-21T00:00:59+00:00\",\"duration\":\"PD26TH0M0\",\"eventAttendanceMode\":\"https:\/\/schema.org\/OfflineEventAttendanceMode\",\"location\":{\"@context\":\"https:\/\/schema.org\",\"@type\":\"Place\",\"name\":\"San Andres y Sauces\",\"description\":\"\",\"url\":\"https:\/\/lapalmaisland.com\/fr\/lieuxdesfetes\/san-andres-y-sauces\/\",\"address\":{\"@type\":\"PostalAddress\",\"streetAddress\":\"\",\"addressLocality\":\"\",\"addressRegion\":\"\",\"postalCode\":\"\",\"addressCountry\":\"\"},\"telephone\":\"n\/a\",\"sameAs\":\"\"}},{\"@context\":\"https:\/\/schema.org\",\"@type\":\"Event\",\"name\":\"F\\u00eates patronales de San Andr\\u00e9s y Sauces 2026\",\"description\":\"Du 26 ao\\u00fbt au 20 septembre, San Andr\\u00e9s y Sauces c\\u00e9l\\u00e9brera ses F\\u00eates patronales en l\\u2019honneur de Notre-Dame de Montserrat, avec un programme m\\u00ealant tradition, religion, sport et culture. Programme des F\\u00eates patronales en l\\u2019honneur de Notre-Dame de Montserrat \\u00e0 San Andr\\u00e9s y Sauces Mercredi 26 ao\\u00fbt 20 h 30 Lecture du discours d\\u2019ouverture des\\u2026\",\"image\":\"https:\/\/lapalmaisland.com\/fr\/wp-content\/uploads\/sites\/4\/2023\/11\/cropped-logo.jpg\",\"url\":\"https:\/\/lapalmaisland.com\/fr\/fetes-et-evenements\/fetes-patronales-de-san-andres-y-sauces-2026\/\",\"startDate\":\"2026-08-26T00:00:00+00:00\",\"endDate\":\"2026-09-21T00:00:59+00:00\",\"duration\":\"PD26TH0M0\",\"eventAttendanceMode\":\"https:\/\/schema.org\/OfflineEventAttendanceMode\",\"location\":{\"@context\":\"https:\/\/schema.org\",\"@type\":\"Place\",\"name\":\"San Andres y Sauces\",\"description\":\"\",\"url\":\"https:\/\/lapalmaisland.com\/fr\/lieuxdesfetes\/san-andres-y-sauces\/\",\"address\":{\"@type\":\"PostalAddress\",\"streetAddress\":\"\",\"addressLocality\":\"\",\"addressRegion\":\"\",\"postalCode\":\"\",\"addressCountry\":\"\"},\"telephone\":\"n\/a\",\"sameAs\":\"\"}},{\"@context\":\"https:\/\/schema.org\",\"@type\":\"Event\",\"name\":\"F\\u00eates patronales de San Andr\\u00e9s y Sauces 2026\",\"description\":\"Du 26 ao\\u00fbt au 20 septembre, San Andr\\u00e9s y Sauces c\\u00e9l\\u00e9brera ses F\\u00eates patronales en l\\u2019honneur de Notre-Dame de Montserrat, avec un programme m\\u00ealant tradition, religion, sport et culture. Programme des F\\u00eates patronales en l\\u2019honneur de Notre-Dame de Montserrat \\u00e0 San Andr\\u00e9s y Sauces Mercredi 26 ao\\u00fbt 20 h 30 Lecture du discours d\\u2019ouverture des\\u2026\",\"image\":\"https:\/\/lapalmaisland.com\/fr\/wp-content\/uploads\/sites\/4\/2023\/11\/cropped-logo.jpg\",\"url\":\"https:\/\/lapalmaisland.com\/fr\/fetes-et-evenements\/fetes-patronales-de-san-andres-y-sauces-2026\/\",\"startDate\":\"2026-08-26T00:00:00+00:00\",\"endDate\":\"2026-09-21T00:00:59+00:00\",\"duration\":\"PD26TH0M0\",\"eventAttendanceMode\":\"https:\/\/schema.org\/OfflineEventAttendanceMode\",\"location\":{\"@context\":\"https:\/\/schema.org\",\"@type\":\"Place\",\"name\":\"San Andres y Sauces\",\"description\":\"\",\"url\":\"https:\/\/lapalmaisland.com\/fr\/lieuxdesfetes\/san-andres-y-sauces\/\",\"address\":{\"@type\":\"PostalAddress\",\"streetAddress\":\"\",\"addressLocality\":\"\",\"addressRegion\":\"\",\"postalCode\":\"\",\"addressCountry\":\"\"},\"telephone\":\"n\/a\",\"sameAs\":\"\"}},{\"@context\":\"https:\/\/schema.org\",\"@type\":\"Event\",\"name\":\"Festival du Burger 2026\",\"description\":\"Le Burger Fest arrive dans le recinto portuaire de Santa Cruz de La Palma le week-end des 4, 5 et 6 septembre, avec une proposition pens\\u00e9e pour profiter de bonne cuisine, de musique et d\\u2019une ambiance en plein air. L\\u2019\\u00e9v\\u00e9nement ouvrira le vendredi \\u00e0 partir de 18 h 00, puis le samedi et le dimanche\\u2026\",\"image\":\"https:\/\/lapalmaisland.com\/fr\/wp-content\/uploads\/sites\/4\/2023\/11\/cropped-logo.jpg\",\"url\":\"https:\/\/lapalmaisland.com\/fr\/fetes-et-evenements\/festival-du-burger-2026\/\",\"startDate\":\"2026-09-04T18:00:00+00:00\",\"endDate\":\"2026-09-06T19:00:00+00:00\",\"duration\":\"P2DT1H\",\"eventAttendanceMode\":\"https:\/\/schema.org\/OfflineEventAttendanceMode\",\"location\":{\"@context\":\"https:\/\/schema.org\",\"@type\":\"Place\",\"name\":\"Santa Cruz de La Palma \",\"description\":\"\",\"url\":\"https:\/\/lapalmaisland.com\/fr\/lieuxdesfetes\/santa-cruz-de-la-palma\/\",\"address\":{\"@type\":\"PostalAddress\",\"streetAddress\":\"\",\"addressLocality\":\"\",\"addressRegion\":\"\",\"postalCode\":\"\",\"addressCountry\":\"\"},\"telephone\":\"n\/a\",\"sameAs\":\"\"}},{\"@context\":\"https:\/\/schema.org\",\"@type\":\"Event\",\"name\":\"Festival du Burger 2026\",\"description\":\"Le Burger Fest arrive dans le recinto portuaire de Santa Cruz de La Palma le week-end des 4, 5 et 6 septembre, avec une proposition pens\\u00e9e pour profiter de bonne cuisine, de musique et d\\u2019une ambiance en plein air. L\\u2019\\u00e9v\\u00e9nement ouvrira le vendredi \\u00e0 partir de 18 h 00, puis le samedi et le dimanche\\u2026\",\"image\":\"https:\/\/lapalmaisland.com\/fr\/wp-content\/uploads\/sites\/4\/2023\/11\/cropped-logo.jpg\",\"url\":\"https:\/\/lapalmaisland.com\/fr\/fetes-et-evenements\/festival-du-burger-2026\/\",\"startDate\":\"2026-09-04T18:00:00+00:00\",\"endDate\":\"2026-09-06T19:00:00+00:00\",\"duration\":\"P2DT1H\",\"eventAttendanceMode\":\"https:\/\/schema.org\/OfflineEventAttendanceMode\",\"location\":{\"@context\":\"https:\/\/schema.org\",\"@type\":\"Place\",\"name\":\"Santa Cruz de La Palma \",\"description\":\"\",\"url\":\"https:\/\/lapalmaisland.com\/fr\/lieuxdesfetes\/santa-cruz-de-la-palma\/\",\"address\":{\"@type\":\"PostalAddress\",\"streetAddress\":\"\",\"addressLocality\":\"\",\"addressRegion\":\"\",\"postalCode\":\"\",\"addressCountry\":\"\"},\"telephone\":\"n\/a\",\"sameAs\":\"\"}},{\"@context\":\"https:\/\/schema.org\",\"@type\":\"Event\",\"name\":\"Festival du Burger 2026\",\"description\":\"Le Burger Fest arrive dans le recinto portuaire de Santa Cruz de La Palma le week-end des 4, 5 et 6 septembre, avec une proposition pens\\u00e9e pour profiter de bonne cuisine, de musique et d\\u2019une ambiance en plein air. L\\u2019\\u00e9v\\u00e9nement ouvrira le vendredi \\u00e0 partir de 18 h 00, puis le samedi et le dimanche\\u2026\",\"image\":\"https:\/\/lapalmaisland.com\/fr\/wp-content\/uploads\/sites\/4\/2023\/11\/cropped-logo.jpg\",\"url\":\"https:\/\/lapalmaisland.com\/fr\/fetes-et-evenements\/festival-du-burger-2026\/\",\"startDate\":\"2026-09-04T18:00:00+00:00\",\"endDate\":\"2026-09-06T19:00:00+00:00\",\"duration\":\"P2DT1H\",\"eventAttendanceMode\":\"https:\/\/schema.org\/OfflineEventAttendanceMode\",\"location\":{\"@context\":\"https:\/\/schema.org\",\"@type\":\"Place\",\"name\":\"Santa Cruz de La Palma \",\"description\":\"\",\"url\":\"https:\/\/lapalmaisland.com\/fr\/lieuxdesfetes\/santa-cruz-de-la-palma\/\",\"address\":{\"@type\":\"PostalAddress\",\"streetAddress\":\"\",\"addressLocality\":\"\",\"addressRegion\":\"\",\"postalCode\":\"\",\"addressCountry\":\"\"},\"telephone\":\"n\/a\",\"sameAs\":\"\"}},{\"@context\":\"https:\/\/schema.org\",\"@type\":\"Event\",\"name\":\"F\\u00eates patronales de Tazacorte 2026\",\"description\":\"Du 4 septembre au 9 octobre 2026, Villa y Puerto de Tazacorte c\\u00e9l\\u00e9brera ses F\\u00eates de San Miguel Arc\\u00e1ngel, avec un programme qui m\\u00eale tradition, sport, culture et grands concerts. Parmi les temps forts figurent le Love Festival, avec les prestations de Isabel Pantoja, Nathy Peluso et Laura Pausini ; le traditionnel d\\u00e9fil\\u00e9 des Caballos\\u2026\",\"image\":\"https:\/\/lapalmaisland.com\/fr\/wp-content\/uploads\/sites\/4\/2023\/11\/cropped-logo.jpg\",\"url\":\"https:\/\/lapalmaisland.com\/fr\/fetes-et-evenements\/fetes-patronales-de-tazacorte-2026\/\",\"startDate\":\"2026-09-04T00:00:00+00:00\",\"endDate\":\"2026-10-10T00:00:59+00:00\",\"duration\":\"P1MD6TH0M0\",\"eventAttendanceMode\":\"https:\/\/schema.org\/OfflineEventAttendanceMode\",\"location\":{\"@context\":\"https:\/\/schema.org\",\"@type\":\"Place\",\"name\":\"Tazacorte\",\"description\":\"\",\"url\":\"https:\/\/lapalmaisland.com\/fr\/lieuxdesfetes\/tazacorte\/\",\"address\":{\"@type\":\"PostalAddress\",\"streetAddress\":\"\",\"addressLocality\":\"\",\"addressRegion\":\"\",\"postalCode\":\"\",\"addressCountry\":\"\"},\"telephone\":\"n\/a\",\"sameAs\":\"\"}},{\"@context\":\"https:\/\/schema.org\",\"@type\":\"Event\",\"name\":\"F\\u00eates patronales de Tazacorte 2026\",\"description\":\"Du 4 septembre au 9 octobre 2026, Villa y Puerto de Tazacorte c\\u00e9l\\u00e9brera ses F\\u00eates de San Miguel Arc\\u00e1ngel, avec un programme qui m\\u00eale tradition, sport, culture et grands concerts. Parmi les temps forts figurent le Love Festival, avec les prestations de Isabel Pantoja, Nathy Peluso et Laura Pausini ; le traditionnel d\\u00e9fil\\u00e9 des Caballos\\u2026\",\"image\":\"https:\/\/lapalmaisland.com\/fr\/wp-content\/uploads\/sites\/4\/2023\/11\/cropped-logo.jpg\",\"url\":\"https:\/\/lapalmaisland.com\/fr\/fetes-et-evenements\/fetes-patronales-de-tazacorte-2026\/\",\"startDate\":\"2026-09-04T00:00:00+00:00\",\"endDate\":\"2026-10-10T00:00:59+00:00\",\"duration\":\"P1MD6TH0M0\",\"eventAttendanceMode\":\"https:\/\/schema.org\/OfflineEventAttendanceMode\",\"location\":{\"@context\":\"https:\/\/schema.org\",\"@type\":\"Place\",\"name\":\"Tazacorte\",\"description\":\"\",\"url\":\"https:\/\/lapalmaisland.com\/fr\/lieuxdesfetes\/tazacorte\/\",\"address\":{\"@type\":\"PostalAddress\",\"streetAddress\":\"\",\"addressLocality\":\"\",\"addressRegion\":\"\",\"postalCode\":\"\",\"addressCountry\":\"\"},\"telephone\":\"n\/a\",\"sameAs\":\"\"}},{\"@context\":\"https:\/\/schema.org\",\"@type\":\"Event\",\"name\":\"F\\u00eates patronales de Tazacorte 2026\",\"description\":\"Du 4 septembre au 9 octobre 2026, Villa y Puerto de Tazacorte c\\u00e9l\\u00e9brera ses F\\u00eates de San Miguel Arc\\u00e1ngel, avec un programme qui m\\u00eale tradition, sport, culture et grands concerts. Parmi les temps forts figurent le Love Festival, avec les prestations de Isabel Pantoja, Nathy Peluso et Laura Pausini ; le traditionnel d\\u00e9fil\\u00e9 des Caballos\\u2026\",\"image\":\"https:\/\/lapalmaisland.com\/fr\/wp-content\/uploads\/sites\/4\/2023\/11\/cropped-logo.jpg\",\"url\":\"https:\/\/lapalmaisland.com\/fr\/fetes-et-evenements\/fetes-patronales-de-tazacorte-2026\/\",\"startDate\":\"2026-09-04T00:00:00+00:00\",\"endDate\":\"2026-10-10T00:00:59+00:00\",\"duration\":\"P1MD6TH0M0\",\"eventAttendanceMode\":\"https:\/\/schema.org\/OfflineEventAttendanceMode\",\"location\":{\"@context\":\"https:\/\/schema.org\",\"@type\":\"Place\",\"name\":\"Tazacorte\",\"description\":\"\",\"url\":\"https:\/\/lapalmaisland.com\/fr\/lieuxdesfetes\/tazacorte\/\",\"address\":{\"@type\":\"PostalAddress\",\"streetAddress\":\"\",\"addressLocality\":\"\",\"addressRegion\":\"\",\"postalCode\":\"\",\"addressCountry\":\"\"},\"telephone\":\"n\/a\",\"sameAs\":\"\"}},{\"@context\":\"https:\/\/schema.org\",\"@type\":\"Event\",\"name\":\"F\\u00eates patronales de Tazacorte 2026\",\"description\":\"Du 4 septembre au 9 octobre 2026, Villa y Puerto de Tazacorte c\\u00e9l\\u00e9brera ses F\\u00eates de San Miguel Arc\\u00e1ngel, avec un programme qui m\\u00eale tradition, sport, culture et grands concerts. Parmi les temps forts figurent le Love Festival, avec les prestations de Isabel Pantoja, Nathy Peluso et Laura Pausini ; le traditionnel d\\u00e9fil\\u00e9 des Caballos\\u2026\",\"image\":\"https:\/\/lapalmaisland.com\/fr\/wp-content\/uploads\/sites\/4\/2023\/11\/cropped-logo.jpg\",\"url\":\"https:\/\/lapalmaisland.com\/fr\/fetes-et-evenements\/fetes-patronales-de-tazacorte-2026\/\",\"startDate\":\"2026-09-04T00:00:00+00:00\",\"endDate\":\"2026-10-10T00:00:59+00:00\",\"duration\":\"P1MD6TH0M0\",\"eventAttendanceMode\":\"https:\/\/schema.org\/OfflineEventAttendanceMode\",\"location\":{\"@context\":\"https:\/\/schema.org\",\"@type\":\"Place\",\"name\":\"Tazacorte\",\"description\":\"\",\"url\":\"https:\/\/lapalmaisland.com\/fr\/lieuxdesfetes\/tazacorte\/\",\"address\":{\"@type\":\"PostalAddress\",\"streetAddress\":\"\",\"addressLocality\":\"\",\"addressRegion\":\"\",\"postalCode\":\"\",\"addressCountry\":\"\"},\"telephone\":\"n\/a\",\"sameAs\":\"\"}},{\"@context\":\"https:\/\/schema.org\",\"@type\":\"Event\",\"name\":\"F\\u00eates patronales de Tazacorte 2026\",\"description\":\"Du 4 septembre au 9 octobre 2026, Villa y Puerto de Tazacorte c\\u00e9l\\u00e9brera ses F\\u00eates de San Miguel Arc\\u00e1ngel, avec un programme qui m\\u00eale tradition, sport, culture et grands concerts. Parmi les temps forts figurent le Love Festival, avec les prestations de Isabel Pantoja, Nathy Peluso et Laura Pausini ; le traditionnel d\\u00e9fil\\u00e9 des Caballos\\u2026\",\"image\":\"https:\/\/lapalmaisland.com\/fr\/wp-content\/uploads\/sites\/4\/2023\/11\/cropped-logo.jpg\",\"url\":\"https:\/\/lapalmaisland.com\/fr\/fetes-et-evenements\/fetes-patronales-de-tazacorte-2026\/\",\"startDate\":\"2026-09-04T00:00:00+00:00\",\"endDate\":\"2026-10-10T00:00:59+00:00\",\"duration\":\"P1MD6TH0M0\",\"eventAttendanceMode\":\"https:\/\/schema.org\/OfflineEventAttendanceMode\",\"location\":{\"@context\":\"https:\/\/schema.org\",\"@type\":\"Place\",\"name\":\"Tazacorte\",\"description\":\"\",\"url\":\"https:\/\/lapalmaisland.com\/fr\/lieuxdesfetes\/tazacorte\/\",\"address\":{\"@type\":\"PostalAddress\",\"streetAddress\":\"\",\"addressLocality\":\"\",\"addressRegion\":\"\",\"postalCode\":\"\",\"addressCountry\":\"\"},\"telephone\":\"n\/a\",\"sameAs\":\"\"}},{\"@context\":\"https:\/\/schema.org\",\"@type\":\"Event\",\"name\":\"F\\u00eates patronales de Tazacorte 2026\",\"description\":\"Du 4 septembre au 9 octobre 2026, Villa y Puerto de Tazacorte c\\u00e9l\\u00e9brera ses F\\u00eates de San Miguel Arc\\u00e1ngel, avec un programme qui m\\u00eale tradition, sport, culture et grands concerts. Parmi les temps forts figurent le Love Festival, avec les prestations de Isabel Pantoja, Nathy Peluso et Laura Pausini ; le traditionnel d\\u00e9fil\\u00e9 des Caballos\\u2026\",\"image\":\"https:\/\/lapalmaisland.com\/fr\/wp-content\/uploads\/sites\/4\/2023\/11\/cropped-logo.jpg\",\"url\":\"https:\/\/lapalmaisland.com\/fr\/fetes-et-evenements\/fetes-patronales-de-tazacorte-2026\/\",\"startDate\":\"2026-09-04T00:00:00+00:00\",\"endDate\":\"2026-10-10T00:00:59+00:00\",\"duration\":\"P1MD6TH0M0\",\"eventAttendanceMode\":\"https:\/\/schema.org\/OfflineEventAttendanceMode\",\"location\":{\"@context\":\"https:\/\/schema.org\",\"@type\":\"Place\",\"name\":\"Tazacorte\",\"description\":\"\",\"url\":\"https:\/\/lapalmaisland.com\/fr\/lieuxdesfetes\/tazacorte\/\",\"address\":{\"@type\":\"PostalAddress\",\"streetAddress\":\"\",\"addressLocality\":\"\",\"addressRegion\":\"\",\"postalCode\":\"\",\"addressCountry\":\"\"},\"telephone\":\"n\/a\",\"sameAs\":\"\"}},{\"@context\":\"https:\/\/schema.org\",\"@type\":\"Event\",\"name\":\"F\\u00eates patronales de Tazacorte 2026\",\"description\":\"Du 4 septembre au 9 octobre 2026, Villa y Puerto de Tazacorte c\\u00e9l\\u00e9brera ses F\\u00eates de San Miguel Arc\\u00e1ngel, avec un programme qui m\\u00eale tradition, sport, culture et grands concerts. Parmi les temps forts figurent le Love Festival, avec les prestations de Isabel Pantoja, Nathy Peluso et Laura Pausini ; le traditionnel d\\u00e9fil\\u00e9 des Caballos\\u2026\",\"image\":\"https:\/\/lapalmaisland.com\/fr\/wp-content\/uploads\/sites\/4\/2023\/11\/cropped-logo.jpg\",\"url\":\"https:\/\/lapalmaisland.com\/fr\/fetes-et-evenements\/fetes-patronales-de-tazacorte-2026\/\",\"startDate\":\"2026-09-04T00:00:00+00:00\",\"endDate\":\"2026-10-10T00:00:59+00:00\",\"duration\":\"P1MD6TH0M0\",\"eventAttendanceMode\":\"https:\/\/schema.org\/OfflineEventAttendanceMode\",\"location\":{\"@context\":\"https:\/\/schema.org\",\"@type\":\"Place\",\"name\":\"Tazacorte\",\"description\":\"\",\"url\":\"https:\/\/lapalmaisland.com\/fr\/lieuxdesfetes\/tazacorte\/\",\"address\":{\"@type\":\"PostalAddress\",\"streetAddress\":\"\",\"addressLocality\":\"\",\"addressRegion\":\"\",\"postalCode\":\"\",\"addressCountry\":\"\"},\"telephone\":\"n\/a\",\"sameAs\":\"\"}},{\"@context\":\"https:\/\/schema.org\",\"@type\":\"Event\",\"name\":\"F\\u00eates patronales de Tazacorte 2026\",\"description\":\"Du 4 septembre au 9 octobre 2026, Villa y Puerto de Tazacorte c\\u00e9l\\u00e9brera ses F\\u00eates de San Miguel Arc\\u00e1ngel, avec un programme qui m\\u00eale tradition, sport, culture et grands concerts. Parmi les temps forts figurent le Love Festival, avec les prestations de Isabel Pantoja, Nathy Peluso et Laura Pausini ; le traditionnel d\\u00e9fil\\u00e9 des Caballos\\u2026\",\"image\":\"https:\/\/lapalmaisland.com\/fr\/wp-content\/uploads\/sites\/4\/2023\/11\/cropped-logo.jpg\",\"url\":\"https:\/\/lapalmaisland.com\/fr\/fetes-et-evenements\/fetes-patronales-de-tazacorte-2026\/\",\"startDate\":\"2026-09-04T00:00:00+00:00\",\"endDate\":\"2026-10-10T00:00:59+00:00\",\"duration\":\"P1MD6TH0M0\",\"eventAttendanceMode\":\"https:\/\/schema.org\/OfflineEventAttendanceMode\",\"location\":{\"@context\":\"https:\/\/schema.org\",\"@type\":\"Place\",\"name\":\"Tazacorte\",\"description\":\"\",\"url\":\"https:\/\/lapalmaisland.com\/fr\/lieuxdesfetes\/tazacorte\/\",\"address\":{\"@type\":\"PostalAddress\",\"streetAddress\":\"\",\"addressLocality\":\"\",\"addressRegion\":\"\",\"postalCode\":\"\",\"addressCountry\":\"\"},\"telephone\":\"n\/a\",\"sameAs\":\"\"}},{\"@context\":\"https:\/\/schema.org\",\"@type\":\"Event\",\"name\":\"F\\u00eates patronales de Tazacorte 2026\",\"description\":\"Du 4 septembre au 9 octobre 2026, Villa y Puerto de Tazacorte c\\u00e9l\\u00e9brera ses F\\u00eates de San Miguel Arc\\u00e1ngel, avec un programme qui m\\u00eale tradition, sport, culture et grands concerts. Parmi les temps forts figurent le Love Festival, avec les prestations de Isabel Pantoja, Nathy Peluso et Laura Pausini ; le traditionnel d\\u00e9fil\\u00e9 des Caballos\\u2026\",\"image\":\"https:\/\/lapalmaisland.com\/fr\/wp-content\/uploads\/sites\/4\/2023\/11\/cropped-logo.jpg\",\"url\":\"https:\/\/lapalmaisland.com\/fr\/fetes-et-evenements\/fetes-patronales-de-tazacorte-2026\/\",\"startDate\":\"2026-09-04T00:00:00+00:00\",\"endDate\":\"2026-10-10T00:00:59+00:00\",\"duration\":\"P1MD6TH0M0\",\"eventAttendanceMode\":\"https:\/\/schema.org\/OfflineEventAttendanceMode\",\"location\":{\"@context\":\"https:\/\/schema.org\",\"@type\":\"Place\",\"name\":\"Tazacorte\",\"description\":\"\",\"url\":\"https:\/\/lapalmaisland.com\/fr\/lieuxdesfetes\/tazacorte\/\",\"address\":{\"@type\":\"PostalAddress\",\"streetAddress\":\"\",\"addressLocality\":\"\",\"addressRegion\":\"\",\"postalCode\":\"\",\"addressCountry\":\"\"},\"telephone\":\"n\/a\",\"sameAs\":\"\"}},{\"@context\":\"https:\/\/schema.org\",\"@type\":\"Event\",\"name\":\"F\\u00eates patronales de Tazacorte 2026\",\"description\":\"Du 4 septembre au 9 octobre 2026, Villa y Puerto de Tazacorte c\\u00e9l\\u00e9brera ses F\\u00eates de San Miguel Arc\\u00e1ngel, avec un programme qui m\\u00eale tradition, sport, culture et grands concerts. Parmi les temps forts figurent le Love Festival, avec les prestations de Isabel Pantoja, Nathy Peluso et Laura Pausini ; le traditionnel d\\u00e9fil\\u00e9 des Caballos\\u2026\",\"image\":\"https:\/\/lapalmaisland.com\/fr\/wp-content\/uploads\/sites\/4\/2023\/11\/cropped-logo.jpg\",\"url\":\"https:\/\/lapalmaisland.com\/fr\/fetes-et-evenements\/fetes-patronales-de-tazacorte-2026\/\",\"startDate\":\"2026-09-04T00:00:00+00:00\",\"endDate\":\"2026-10-10T00:00:59+00:00\",\"duration\":\"P1MD6TH0M0\",\"eventAttendanceMode\":\"https:\/\/schema.org\/OfflineEventAttendanceMode\",\"location\":{\"@context\":\"https:\/\/schema.org\",\"@type\":\"Place\",\"name\":\"Tazacorte\",\"description\":\"\",\"url\":\"https:\/\/lapalmaisland.com\/fr\/lieuxdesfetes\/tazacorte\/\",\"address\":{\"@type\":\"PostalAddress\",\"streetAddress\":\"\",\"addressLocality\":\"\",\"addressRegion\":\"\",\"postalCode\":\"\",\"addressCountry\":\"\"},\"telephone\":\"n\/a\",\"sameAs\":\"\"}},{\"@context\":\"https:\/\/schema.org\",\"@type\":\"Event\",\"name\":\"Festival international de percussion \\u00e0 La Palma 2026\",\"description\":\"Los Llanos de Aridane se remplira \\u00e0 nouveau de rythme, d\\u2019\\u00e9nergie et de joie avec la c\\u00e9l\\u00e9bration du Festival international de percussion \\u00e0 La Palma, qui atteindra en 2026 sa 10e \\u00e9dition. Ce rendez-vous est d\\u00e9j\\u00e0 devenu un \\u00e9v\\u00e9nement incontournable pour les amateurs de musique, r\\u00e9unissant certains des meilleurs percussionnistes du monde dans une ambiance\\u2026\",\"image\":\"https:\/\/lapalmaisland.com\/fr\/wp-content\/uploads\/sites\/4\/2023\/11\/cropped-logo.jpg\",\"url\":\"https:\/\/lapalmaisland.com\/fr\/fetes-et-evenements\/festival-international-de-percussion-a-la-palma-2026\/\",\"startDate\":\"2026-09-17T00:00:00+00:00\",\"endDate\":\"2026-09-20T00:00:59+00:00\",\"duration\":\"PD3TH0M0\",\"eventAttendanceMode\":\"https:\/\/schema.org\/OfflineEventAttendanceMode\",\"location\":{\"@context\":\"https:\/\/schema.org\",\"@type\":\"Place\",\"name\":\"Los Llanos de Aridane\",\"description\":\"\",\"url\":\"https:\/\/lapalmaisland.com\/fr\/lieuxdesfetes\/los-llanos-de-aridane\/\",\"address\":{\"@type\":\"PostalAddress\",\"streetAddress\":\"\",\"addressLocality\":\"\",\"addressRegion\":\"\",\"postalCode\":\"\",\"addressCountry\":\"\"},\"telephone\":\"n\/a\",\"sameAs\":\"\"}},{\"@context\":\"https:\/\/schema.org\",\"@type\":\"Event\",\"name\":\"Festival de randonn\\u00e9e de montagne La Palma 2026\",\"description\":\"La Palma c\\u00e9l\\u00e9brera la 18e \\u00e9dition du Festival de randonn\\u00e9e de montagne du 18 au 20 septembre 2026, un \\u00e9v\\u00e9nement d\\u00e9j\\u00e0 bien \\u00e9tabli qui encourage le tourisme actif \\u00e0 travers des itin\\u00e9raires guid\\u00e9s pour diff\\u00e9rents niveaux et \\u00e0 des prix accessibles. Organis\\u00e9 par le Cabildo de La Palma et Sodepal, le festival invite \\u00e0 d\\u00e9couvrir\\u2026\",\"image\":\"https:\/\/lapalmaisland.com\/fr\/wp-content\/uploads\/sites\/4\/2023\/11\/cropped-logo.jpg\",\"url\":\"https:\/\/lapalmaisland.com\/fr\/fetes-et-evenements\/festival-de-randonnee-de-montagne-la-palma-2026\/\",\"startDate\":\"2026-09-18T00:00:00+00:00\",\"endDate\":\"2026-09-21T00:00:59+00:00\",\"duration\":\"PD3TH0M0\",\"eventAttendanceMode\":\"https:\/\/schema.org\/OfflineEventAttendanceMode\",\"location\":{\"@context\":\"https:\/\/schema.org\",\"@type\":\"Place\",\"name\":\"Santa Cruz de La Palma \",\"description\":\"\",\"url\":\"https:\/\/lapalmaisland.com\/fr\/lieuxdesfetes\/santa-cruz-de-la-palma\/\",\"address\":{\"@type\":\"PostalAddress\",\"streetAddress\":\"\",\"addressLocality\":\"\",\"addressRegion\":\"\",\"postalCode\":\"\",\"addressCountry\":\"\"},\"telephone\":\"n\/a\",\"sameAs\":\"\"}},{\"@context\":\"https:\/\/schema.org\",\"@type\":\"Event\",\"name\":\"Festival de randonn\\u00e9e de montagne La Palma 2026\",\"description\":\"La Palma c\\u00e9l\\u00e9brera la 18e \\u00e9dition du Festival de randonn\\u00e9e de montagne du 18 au 20 septembre 2026, un \\u00e9v\\u00e9nement d\\u00e9j\\u00e0 bien \\u00e9tabli qui encourage le tourisme actif \\u00e0 travers des itin\\u00e9raires guid\\u00e9s pour diff\\u00e9rents niveaux et \\u00e0 des prix accessibles. Organis\\u00e9 par le Cabildo de La Palma et Sodepal, le festival invite \\u00e0 d\\u00e9couvrir\\u2026\",\"image\":\"https:\/\/lapalmaisland.com\/fr\/wp-content\/uploads\/sites\/4\/2023\/11\/cropped-logo.jpg\",\"url\":\"https:\/\/lapalmaisland.com\/fr\/fetes-et-evenements\/festival-de-randonnee-de-montagne-la-palma-2026\/\",\"startDate\":\"2026-09-18T00:00:00+00:00\",\"endDate\":\"2026-09-21T00:00:59+00:00\",\"duration\":\"PD3TH0M0\",\"eventAttendanceMode\":\"https:\/\/schema.org\/OfflineEventAttendanceMode\",\"location\":{\"@context\":\"https:\/\/schema.org\",\"@type\":\"Place\",\"name\":\"Santa Cruz de La Palma \",\"description\":\"\",\"url\":\"https:\/\/lapalmaisland.com\/fr\/lieuxdesfetes\/santa-cruz-de-la-palma\/\",\"address\":{\"@type\":\"PostalAddress\",\"streetAddress\":\"\",\"addressLocality\":\"\",\"addressRegion\":\"\",\"postalCode\":\"\",\"addressCountry\":\"\"},\"telephone\":\"n\/a\",\"sameAs\":\"\"}},{\"@context\":\"https:\/\/schema.org\",\"@type\":\"Event\",\"name\":\"Festival de randonn\\u00e9e de montagne La Palma 2026\",\"description\":\"La Palma c\\u00e9l\\u00e9brera la 18e \\u00e9dition du Festival de randonn\\u00e9e de montagne du 18 au 20 septembre 2026, un \\u00e9v\\u00e9nement d\\u00e9j\\u00e0 bien \\u00e9tabli qui encourage le tourisme actif \\u00e0 travers des itin\\u00e9raires guid\\u00e9s pour diff\\u00e9rents niveaux et \\u00e0 des prix accessibles. Organis\\u00e9 par le Cabildo de La Palma et Sodepal, le festival invite \\u00e0 d\\u00e9couvrir\\u2026\",\"image\":\"https:\/\/lapalmaisland.com\/fr\/wp-content\/uploads\/sites\/4\/2023\/11\/cropped-logo.jpg\",\"url\":\"https:\/\/lapalmaisland.com\/fr\/fetes-et-evenements\/festival-de-randonnee-de-montagne-la-palma-2026\/\",\"startDate\":\"2026-09-18T00:00:00+00:00\",\"endDate\":\"2026-09-21T00:00:59+00:00\",\"duration\":\"PD3TH0M0\",\"eventAttendanceMode\":\"https:\/\/schema.org\/OfflineEventAttendanceMode\",\"location\":{\"@context\":\"https:\/\/schema.org\",\"@type\":\"Place\",\"name\":\"Santa Cruz de La Palma \",\"description\":\"\",\"url\":\"https:\/\/lapalmaisland.com\/fr\/lieuxdesfetes\/santa-cruz-de-la-palma\/\",\"address\":{\"@type\":\"PostalAddress\",\"streetAddress\":\"\",\"addressLocality\":\"\",\"addressRegion\":\"\",\"postalCode\":\"\",\"addressCountry\":\"\"},\"telephone\":\"n\/a\",\"sameAs\":\"\"}},{\"@context\":\"https:\/\/schema.org\",\"@type\":\"Event\",\"name\":\"F\\u00eates patronales de Tazacorte 2026\",\"description\":\"Du 4 septembre au 9 octobre 2026, Villa y Puerto de Tazacorte c\\u00e9l\\u00e9brera ses F\\u00eates de San Miguel Arc\\u00e1ngel, avec un programme qui m\\u00eale tradition, sport, culture et grands concerts. Parmi les temps forts figurent le Love Festival, avec les prestations de Isabel Pantoja, Nathy Peluso et Laura Pausini ; le traditionnel d\\u00e9fil\\u00e9 des Caballos\\u2026\",\"image\":\"https:\/\/lapalmaisland.com\/fr\/wp-content\/uploads\/sites\/4\/2023\/11\/cropped-logo.jpg\",\"url\":\"https:\/\/lapalmaisland.com\/fr\/fetes-et-evenements\/fetes-patronales-de-tazacorte-2026\/\",\"startDate\":\"2026-09-04T00:00:00+00:00\",\"endDate\":\"2026-10-10T00:00:59+00:00\",\"duration\":\"P1MD6TH0M0\",\"eventAttendanceMode\":\"https:\/\/schema.org\/OfflineEventAttendanceMode\",\"location\":{\"@context\":\"https:\/\/schema.org\",\"@type\":\"Place\",\"name\":\"Tazacorte\",\"description\":\"\",\"url\":\"https:\/\/lapalmaisland.com\/fr\/lieuxdesfetes\/tazacorte\/\",\"address\":{\"@type\":\"PostalAddress\",\"streetAddress\":\"\",\"addressLocality\":\"\",\"addressRegion\":\"\",\"postalCode\":\"\",\"addressCountry\":\"\"},\"telephone\":\"n\/a\",\"sameAs\":\"\"}},{\"@context\":\"https:\/\/schema.org\",\"@type\":\"Event\",\"name\":\"F\\u00eates patronales de Tazacorte 2026\",\"description\":\"Du 4 septembre au 9 octobre 2026, Villa y Puerto de Tazacorte c\\u00e9l\\u00e9brera ses F\\u00eates de San Miguel Arc\\u00e1ngel, avec un programme qui m\\u00eale tradition, sport, culture et grands concerts. Parmi les temps forts figurent le Love Festival, avec les prestations de Isabel Pantoja, Nathy Peluso et Laura Pausini ; le traditionnel d\\u00e9fil\\u00e9 des Caballos\\u2026\",\"image\":\"https:\/\/lapalmaisland.com\/fr\/wp-content\/uploads\/sites\/4\/2023\/11\/cropped-logo.jpg\",\"url\":\"https:\/\/lapalmaisland.com\/fr\/fetes-et-evenements\/fetes-patronales-de-tazacorte-2026\/\",\"startDate\":\"2026-09-04T00:00:00+00:00\",\"endDate\":\"2026-10-10T00:00:59+00:00\",\"duration\":\"P1MD6TH0M0\",\"eventAttendanceMode\":\"https:\/\/schema.org\/OfflineEventAttendanceMode\",\"location\":{\"@context\":\"https:\/\/schema.org\",\"@type\":\"Place\",\"name\":\"Tazacorte\",\"description\":\"\",\"url\":\"https:\/\/lapalmaisland.com\/fr\/lieuxdesfetes\/tazacorte\/\",\"address\":{\"@type\":\"PostalAddress\",\"streetAddress\":\"\",\"addressLocality\":\"\",\"addressRegion\":\"\",\"postalCode\":\"\",\"addressCountry\":\"\"},\"telephone\":\"n\/a\",\"sameAs\":\"\"}},{\"@context\":\"https:\/\/schema.org\",\"@type\":\"Event\",\"name\":\"F\\u00eates patronales de Tazacorte 2026\",\"description\":\"Du 4 septembre au 9 octobre 2026, Villa y Puerto de Tazacorte c\\u00e9l\\u00e9brera ses F\\u00eates de San Miguel Arc\\u00e1ngel, avec un programme qui m\\u00eale tradition, sport, culture et grands concerts. Parmi les temps forts figurent le Love Festival, avec les prestations de Isabel Pantoja, Nathy Peluso et Laura Pausini ; le traditionnel d\\u00e9fil\\u00e9 des Caballos\\u2026\",\"image\":\"https:\/\/lapalmaisland.com\/fr\/wp-content\/uploads\/sites\/4\/2023\/11\/cropped-logo.jpg\",\"url\":\"https:\/\/lapalmaisland.com\/fr\/fetes-et-evenements\/fetes-patronales-de-tazacorte-2026\/\",\"startDate\":\"2026-09-04T00:00:00+00:00\",\"endDate\":\"2026-10-10T00:00:59+00:00\",\"duration\":\"P1MD6TH0M0\",\"eventAttendanceMode\":\"https:\/\/schema.org\/OfflineEventAttendanceMode\",\"location\":{\"@context\":\"https:\/\/schema.org\",\"@type\":\"Place\",\"name\":\"Tazacorte\",\"description\":\"\",\"url\":\"https:\/\/lapalmaisland.com\/fr\/lieuxdesfetes\/tazacorte\/\",\"address\":{\"@type\":\"PostalAddress\",\"streetAddress\":\"\",\"addressLocality\":\"\",\"addressRegion\":\"\",\"postalCode\":\"\",\"addressCountry\":\"\"},\"telephone\":\"n\/a\",\"sameAs\":\"\"}},{\"@context\":\"https:\/\/schema.org\",\"@type\":\"Event\",\"name\":\"F\\u00eates patronales de Tazacorte 2026\",\"description\":\"Du 4 septembre au 9 octobre 2026, Villa y Puerto de Tazacorte c\\u00e9l\\u00e9brera ses F\\u00eates de San Miguel Arc\\u00e1ngel, avec un programme qui m\\u00eale tradition, sport, culture et grands concerts. Parmi les temps forts figurent le Love Festival, avec les prestations de Isabel Pantoja, Nathy Peluso et Laura Pausini ; le traditionnel d\\u00e9fil\\u00e9 des Caballos\\u2026\",\"image\":\"https:\/\/lapalmaisland.com\/fr\/wp-content\/uploads\/sites\/4\/2023\/11\/cropped-logo.jpg\",\"url\":\"https:\/\/lapalmaisland.com\/fr\/fetes-et-evenements\/fetes-patronales-de-tazacorte-2026\/\",\"startDate\":\"2026-09-04T00:00:00+00:00\",\"endDate\":\"2026-10-10T00:00:59+00:00\",\"duration\":\"P1MD6TH0M0\",\"eventAttendanceMode\":\"https:\/\/schema.org\/OfflineEventAttendanceMode\",\"location\":{\"@context\":\"https:\/\/schema.org\",\"@type\":\"Place\",\"name\":\"Tazacorte\",\"description\":\"\",\"url\":\"https:\/\/lapalmaisland.com\/fr\/lieuxdesfetes\/tazacorte\/\",\"address\":{\"@type\":\"PostalAddress\",\"streetAddress\":\"\",\"addressLocality\":\"\",\"addressRegion\":\"\",\"postalCode\":\"\",\"addressCountry\":\"\"},\"telephone\":\"n\/a\",\"sameAs\":\"\"}},{\"@context\":\"https:\/\/schema.org\",\"@type\":\"Event\",\"name\":\"F\\u00eates patronales de Tazacorte 2026\",\"description\":\"Du 4 septembre au 9 octobre 2026, Villa y Puerto de Tazacorte c\\u00e9l\\u00e9brera ses F\\u00eates de San Miguel Arc\\u00e1ngel, avec un programme qui m\\u00eale tradition, sport, culture et grands concerts. Parmi les temps forts figurent le Love Festival, avec les prestations de Isabel Pantoja, Nathy Peluso et Laura Pausini ; le traditionnel d\\u00e9fil\\u00e9 des Caballos\\u2026\",\"image\":\"https:\/\/lapalmaisland.com\/fr\/wp-content\/uploads\/sites\/4\/2023\/11\/cropped-logo.jpg\",\"url\":\"https:\/\/lapalmaisland.com\/fr\/fetes-et-evenements\/fetes-patronales-de-tazacorte-2026\/\",\"startDate\":\"2026-09-04T00:00:00+00:00\",\"endDate\":\"2026-10-10T00:00:59+00:00\",\"duration\":\"P1MD6TH0M0\",\"eventAttendanceMode\":\"https:\/\/schema.org\/OfflineEventAttendanceMode\",\"location\":{\"@context\":\"https:\/\/schema.org\",\"@type\":\"Place\",\"name\":\"Tazacorte\",\"description\":\"\",\"url\":\"https:\/\/lapalmaisland.com\/fr\/lieuxdesfetes\/tazacorte\/\",\"address\":{\"@type\":\"PostalAddress\",\"streetAddress\":\"\",\"addressLocality\":\"\",\"addressRegion\":\"\",\"postalCode\":\"\",\"addressCountry\":\"\"},\"telephone\":\"n\/a\",\"sameAs\":\"\"}},{\"@context\":\"https:\/\/schema.org\",\"@type\":\"Event\",\"name\":\"F\\u00eates patronales de Tazacorte 2026\",\"description\":\"Du 4 septembre au 9 octobre 2026, Villa y Puerto de Tazacorte c\\u00e9l\\u00e9brera ses F\\u00eates de San Miguel Arc\\u00e1ngel, avec un programme qui m\\u00eale tradition, sport, culture et grands concerts. Parmi les temps forts figurent le Love Festival, avec les prestations de Isabel Pantoja, Nathy Peluso et Laura Pausini ; le traditionnel d\\u00e9fil\\u00e9 des Caballos\\u2026\",\"image\":\"https:\/\/lapalmaisland.com\/fr\/wp-content\/uploads\/sites\/4\/2023\/11\/cropped-logo.jpg\",\"url\":\"https:\/\/lapalmaisland.com\/fr\/fetes-et-evenements\/fetes-patronales-de-tazacorte-2026\/\",\"startDate\":\"2026-09-04T00:00:00+00:00\",\"endDate\":\"2026-10-10T00:00:59+00:00\",\"duration\":\"P1MD6TH0M0\",\"eventAttendanceMode\":\"https:\/\/schema.org\/OfflineEventAttendanceMode\",\"location\":{\"@context\":\"https:\/\/schema.org\",\"@type\":\"Place\",\"name\":\"Tazacorte\",\"description\":\"\",\"url\":\"https:\/\/lapalmaisland.com\/fr\/lieuxdesfetes\/tazacorte\/\",\"address\":{\"@type\":\"PostalAddress\",\"streetAddress\":\"\",\"addressLocality\":\"\",\"addressRegion\":\"\",\"postalCode\":\"\",\"addressCountry\":\"\"},\"telephone\":\"n\/a\",\"sameAs\":\"\"}},{\"@context\":\"https:\/\/schema.org\",\"@type\":\"Event\",\"name\":\"F\\u00eates patronales de Tazacorte 2026\",\"description\":\"Du 4 septembre au 9 octobre 2026, Villa y Puerto de Tazacorte c\\u00e9l\\u00e9brera ses F\\u00eates de San Miguel Arc\\u00e1ngel, avec un programme qui m\\u00eale tradition, sport, culture et grands concerts. Parmi les temps forts figurent le Love Festival, avec les prestations de Isabel Pantoja, Nathy Peluso et Laura Pausini ; le traditionnel d\\u00e9fil\\u00e9 des Caballos\\u2026\",\"image\":\"https:\/\/lapalmaisland.com\/fr\/wp-content\/uploads\/sites\/4\/2023\/11\/cropped-logo.jpg\",\"url\":\"https:\/\/lapalmaisland.com\/fr\/fetes-et-evenements\/fetes-patronales-de-tazacorte-2026\/\",\"startDate\":\"2026-09-04T00:00:00+00:00\",\"endDate\":\"2026-10-10T00:00:59+00:00\",\"duration\":\"P1MD6TH0M0\",\"eventAttendanceMode\":\"https:\/\/schema.org\/OfflineEventAttendanceMode\",\"location\":{\"@context\":\"https:\/\/schema.org\",\"@type\":\"Place\",\"name\":\"Tazacorte\",\"description\":\"\",\"url\":\"https:\/\/lapalmaisland.com\/fr\/lieuxdesfetes\/tazacorte\/\",\"address\":{\"@type\":\"PostalAddress\",\"streetAddress\":\"\",\"addressLocality\":\"\",\"addressRegion\":\"\",\"postalCode\":\"\",\"addressCountry\":\"\"},\"telephone\":\"n\/a\",\"sameAs\":\"\"}},{\"@context\":\"https:\/\/schema.org\",\"@type\":\"Event\",\"name\":\"F\\u00eates patronales de Tazacorte 2026\",\"description\":\"Du 4 septembre au 9 octobre 2026, Villa y Puerto de Tazacorte c\\u00e9l\\u00e9brera ses F\\u00eates de San Miguel Arc\\u00e1ngel, avec un programme qui m\\u00eale tradition, sport, culture et grands concerts. Parmi les temps forts figurent le Love Festival, avec les prestations de Isabel Pantoja, Nathy Peluso et Laura Pausini ; le traditionnel d\\u00e9fil\\u00e9 des Caballos\\u2026\",\"image\":\"https:\/\/lapalmaisland.com\/fr\/wp-content\/uploads\/sites\/4\/2023\/11\/cropped-logo.jpg\",\"url\":\"https:\/\/lapalmaisland.com\/fr\/fetes-et-evenements\/fetes-patronales-de-tazacorte-2026\/\",\"startDate\":\"2026-09-04T00:00:00+00:00\",\"endDate\":\"2026-10-10T00:00:59+00:00\",\"duration\":\"P1MD6TH0M0\",\"eventAttendanceMode\":\"https:\/\/schema.org\/OfflineEventAttendanceMode\",\"location\":{\"@context\":\"https:\/\/schema.org\",\"@type\":\"Place\",\"name\":\"Tazacorte\",\"description\":\"\",\"url\":\"https:\/\/lapalmaisland.com\/fr\/lieuxdesfetes\/tazacorte\/\",\"address\":{\"@type\":\"PostalAddress\",\"streetAddress\":\"\",\"addressLocality\":\"\",\"addressRegion\":\"\",\"postalCode\":\"\",\"addressCountry\":\"\"},\"telephone\":\"n\/a\",\"sameAs\":\"\"}},{\"@context\":\"https:\/\/schema.org\",\"@type\":\"Event\",\"name\":\"F\\u00eates patronales de Tazacorte 2026\",\"description\":\"Du 4 septembre au 9 octobre 2026, Villa y Puerto de Tazacorte c\\u00e9l\\u00e9brera ses F\\u00eates de San Miguel Arc\\u00e1ngel, avec un programme qui m\\u00eale tradition, sport, culture et grands concerts. Parmi les temps forts figurent le Love Festival, avec les prestations de Isabel Pantoja, Nathy Peluso et Laura Pausini ; le traditionnel d\\u00e9fil\\u00e9 des Caballos\\u2026\",\"image\":\"https:\/\/lapalmaisland.com\/fr\/wp-content\/uploads\/sites\/4\/2023\/11\/cropped-logo.jpg\",\"url\":\"https:\/\/lapalmaisland.com\/fr\/fetes-et-evenements\/fetes-patronales-de-tazacorte-2026\/\",\"startDate\":\"2026-09-04T00:00:00+00:00\",\"endDate\":\"2026-10-10T00:00:59+00:00\",\"duration\":\"P1MD6TH0M0\",\"eventAttendanceMode\":\"https:\/\/schema.org\/OfflineEventAttendanceMode\",\"location\":{\"@context\":\"https:\/\/schema.org\",\"@type\":\"Place\",\"name\":\"Tazacorte\",\"description\":\"\",\"url\":\"https:\/\/lapalmaisland.com\/fr\/lieuxdesfetes\/tazacorte\/\",\"address\":{\"@type\":\"PostalAddress\",\"streetAddress\":\"\",\"addressLocality\":\"\",\"addressRegion\":\"\",\"postalCode\":\"\",\"addressCountry\":\"\"},\"telephone\":\"n\/a\",\"sameAs\":\"\"}},{\"@context\":\"https:\/\/schema.org\",\"@type\":\"Event\",\"name\":\"F\\u00eates patronales de Tazacorte 2026\",\"description\":\"Du 4 septembre au 9 octobre 2026, Villa y Puerto de Tazacorte c\\u00e9l\\u00e9brera ses F\\u00eates de San Miguel Arc\\u00e1ngel, avec un programme qui m\\u00eale tradition, sport, culture et grands concerts. Parmi les temps forts figurent le Love Festival, avec les prestations de Isabel Pantoja, Nathy Peluso et Laura Pausini ; le traditionnel d\\u00e9fil\\u00e9 des Caballos\\u2026\",\"image\":\"https:\/\/lapalmaisland.com\/fr\/wp-content\/uploads\/sites\/4\/2023\/11\/cropped-logo.jpg\",\"url\":\"https:\/\/lapalmaisland.com\/fr\/fetes-et-evenements\/fetes-patronales-de-tazacorte-2026\/\",\"startDate\":\"2026-09-04T00:00:00+00:00\",\"endDate\":\"2026-10-10T00:00:59+00:00\",\"duration\":\"P1MD6TH0M0\",\"eventAttendanceMode\":\"https:\/\/schema.org\/OfflineEventAttendanceMode\",\"location\":{\"@context\":\"https:\/\/schema.org\",\"@type\":\"Place\",\"name\":\"Tazacorte\",\"description\":\"\",\"url\":\"https:\/\/lapalmaisland.com\/fr\/lieuxdesfetes\/tazacorte\/\",\"address\":{\"@type\":\"PostalAddress\",\"streetAddress\":\"\",\"addressLocality\":\"\",\"addressRegion\":\"\",\"postalCode\":\"\",\"addressCountry\":\"\"},\"telephone\":\"n\/a\",\"sameAs\":\"\"}},{\"@context\":\"https:\/\/schema.org\",\"@type\":\"Event\",\"name\":\"F\\u00eates patronales de Tazacorte 2026\",\"description\":\"Du 4 septembre au 9 octobre 2026, Villa y Puerto de Tazacorte c\\u00e9l\\u00e9brera ses F\\u00eates de San Miguel Arc\\u00e1ngel, avec un programme qui m\\u00eale tradition, sport, culture et grands concerts. Parmi les temps forts figurent le Love Festival, avec les prestations de Isabel Pantoja, Nathy Peluso et Laura Pausini ; le traditionnel d\\u00e9fil\\u00e9 des Caballos\\u2026\",\"image\":\"https:\/\/lapalmaisland.com\/fr\/wp-content\/uploads\/sites\/4\/2023\/11\/cropped-logo.jpg\",\"url\":\"https:\/\/lapalmaisland.com\/fr\/fetes-et-evenements\/fetes-patronales-de-tazacorte-2026\/\",\"startDate\":\"2026-09-04T00:00:00+00:00\",\"endDate\":\"2026-10-10T00:00:59+00:00\",\"duration\":\"P1MD6TH0M0\",\"eventAttendanceMode\":\"https:\/\/schema.org\/OfflineEventAttendanceMode\",\"location\":{\"@context\":\"https:\/\/schema.org\",\"@type\":\"Place\",\"name\":\"Tazacorte\",\"description\":\"\",\"url\":\"https:\/\/lapalmaisland.com\/fr\/lieuxdesfetes\/tazacorte\/\",\"address\":{\"@type\":\"PostalAddress\",\"streetAddress\":\"\",\"addressLocality\":\"\",\"addressRegion\":\"\",\"postalCode\":\"\",\"addressCountry\":\"\"},\"telephone\":\"n\/a\",\"sameAs\":\"\"}},{\"@context\":\"https:\/\/schema.org\",\"@type\":\"Event\",\"name\":\"F\\u00eates patronales de Tazacorte 2026\",\"description\":\"Du 4 septembre au 9 octobre 2026, Villa y Puerto de Tazacorte c\\u00e9l\\u00e9brera ses F\\u00eates de San Miguel Arc\\u00e1ngel, avec un programme qui m\\u00eale tradition, sport, culture et grands concerts. Parmi les temps forts figurent le Love Festival, avec les prestations de Isabel Pantoja, Nathy Peluso et Laura Pausini ; le traditionnel d\\u00e9fil\\u00e9 des Caballos\\u2026\",\"image\":\"https:\/\/lapalmaisland.com\/fr\/wp-content\/uploads\/sites\/4\/2023\/11\/cropped-logo.jpg\",\"url\":\"https:\/\/lapalmaisland.com\/fr\/fetes-et-evenements\/fetes-patronales-de-tazacorte-2026\/\",\"startDate\":\"2026-09-04T00:00:00+00:00\",\"endDate\":\"2026-10-10T00:00:59+00:00\",\"duration\":\"P1MD6TH0M0\",\"eventAttendanceMode\":\"https:\/\/schema.org\/OfflineEventAttendanceMode\",\"location\":{\"@context\":\"https:\/\/schema.org\",\"@type\":\"Place\",\"name\":\"Tazacorte\",\"description\":\"\",\"url\":\"https:\/\/lapalmaisland.com\/fr\/lieuxdesfetes\/tazacorte\/\",\"address\":{\"@type\":\"PostalAddress\",\"streetAddress\":\"\",\"addressLocality\":\"\",\"addressRegion\":\"\",\"postalCode\":\"\",\"addressCountry\":\"\"},\"telephone\":\"n\/a\",\"sameAs\":\"\"}},{\"@context\":\"https:\/\/schema.org\",\"@type\":\"Event\",\"name\":\"F\\u00eates patronales de Tazacorte 2026\",\"description\":\"Du 4 septembre au 9 octobre 2026, Villa y Puerto de Tazacorte c\\u00e9l\\u00e9brera ses F\\u00eates de San Miguel Arc\\u00e1ngel, avec un programme qui m\\u00eale tradition, sport, culture et grands concerts. Parmi les temps forts figurent le Love Festival, avec les prestations de Isabel Pantoja, Nathy Peluso et Laura Pausini ; le traditionnel d\\u00e9fil\\u00e9 des Caballos\\u2026\",\"image\":\"https:\/\/lapalmaisland.com\/fr\/wp-content\/uploads\/sites\/4\/2023\/11\/cropped-logo.jpg\",\"url\":\"https:\/\/lapalmaisland.com\/fr\/fetes-et-evenements\/fetes-patronales-de-tazacorte-2026\/\",\"startDate\":\"2026-09-04T00:00:00+00:00\",\"endDate\":\"2026-10-10T00:00:59+00:00\",\"duration\":\"P1MD6TH0M0\",\"eventAttendanceMode\":\"https:\/\/schema.org\/OfflineEventAttendanceMode\",\"location\":{\"@context\":\"https:\/\/schema.org\",\"@type\":\"Place\",\"name\":\"Tazacorte\",\"description\":\"\",\"url\":\"https:\/\/lapalmaisland.com\/fr\/lieuxdesfetes\/tazacorte\/\",\"address\":{\"@type\":\"PostalAddress\",\"streetAddress\":\"\",\"addressLocality\":\"\",\"addressRegion\":\"\",\"postalCode\":\"\",\"addressCountry\":\"\"},\"telephone\":\"n\/a\",\"sameAs\":\"\"}},{\"@context\":\"https:\/\/schema.org\",\"@type\":\"Event\",\"name\":\"F\\u00eates patronales de Tazacorte 2026\",\"description\":\"Du 4 septembre au 9 octobre 2026, Villa y Puerto de Tazacorte c\\u00e9l\\u00e9brera ses F\\u00eates de San Miguel Arc\\u00e1ngel, avec un programme qui m\\u00eale tradition, sport, culture et grands concerts. Parmi les temps forts figurent le Love Festival, avec les prestations de Isabel Pantoja, Nathy Peluso et Laura Pausini ; le traditionnel d\\u00e9fil\\u00e9 des Caballos\\u2026\",\"image\":\"https:\/\/lapalmaisland.com\/fr\/wp-content\/uploads\/sites\/4\/2023\/11\/cropped-logo.jpg\",\"url\":\"https:\/\/lapalmaisland.com\/fr\/fetes-et-evenements\/fetes-patronales-de-tazacorte-2026\/\",\"startDate\":\"2026-09-04T00:00:00+00:00\",\"endDate\":\"2026-10-10T00:00:59+00:00\",\"duration\":\"P1MD6TH0M0\",\"eventAttendanceMode\":\"https:\/\/schema.org\/OfflineEventAttendanceMode\",\"location\":{\"@context\":\"https:\/\/schema.org\",\"@type\":\"Place\",\"name\":\"Tazacorte\",\"description\":\"\",\"url\":\"https:\/\/lapalmaisland.com\/fr\/lieuxdesfetes\/tazacorte\/\",\"address\":{\"@type\":\"PostalAddress\",\"streetAddress\":\"\",\"addressLocality\":\"\",\"addressRegion\":\"\",\"postalCode\":\"\",\"addressCountry\":\"\"},\"telephone\":\"n\/a\",\"sameAs\":\"\"}},{\"@context\":\"https:\/\/schema.org\",\"@type\":\"Event\",\"name\":\"F\\u00eates patronales de Tazacorte 2026\",\"description\":\"Du 4 septembre au 9 octobre 2026, Villa y Puerto de Tazacorte c\\u00e9l\\u00e9brera ses F\\u00eates de San Miguel Arc\\u00e1ngel, avec un programme qui m\\u00eale tradition, sport, culture et grands concerts. Parmi les temps forts figurent le Love Festival, avec les prestations de Isabel Pantoja, Nathy Peluso et Laura Pausini ; le traditionnel d\\u00e9fil\\u00e9 des Caballos\\u2026\",\"image\":\"https:\/\/lapalmaisland.com\/fr\/wp-content\/uploads\/sites\/4\/2023\/11\/cropped-logo.jpg\",\"url\":\"https:\/\/lapalmaisland.com\/fr\/fetes-et-evenements\/fetes-patronales-de-tazacorte-2026\/\",\"startDate\":\"2026-09-04T00:00:00+00:00\",\"endDate\":\"2026-10-10T00:00:59+00:00\",\"duration\":\"P1MD6TH0M0\",\"eventAttendanceMode\":\"https:\/\/schema.org\/OfflineEventAttendanceMode\",\"location\":{\"@context\":\"https:\/\/schema.org\",\"@type\":\"Place\",\"name\":\"Tazacorte\",\"description\":\"\",\"url\":\"https:\/\/lapalmaisland.com\/fr\/lieuxdesfetes\/tazacorte\/\",\"address\":{\"@type\":\"PostalAddress\",\"streetAddress\":\"\",\"addressLocality\":\"\",\"addressRegion\":\"\",\"postalCode\":\"\",\"addressCountry\":\"\"},\"telephone\":\"n\/a\",\"sameAs\":\"\"}},{\"@context\":\"https:\/\/schema.org\",\"@type\":\"Event\",\"name\":\"F\\u00eates patronales de Tazacorte 2026\",\"description\":\"Du 4 septembre au 9 octobre 2026, Villa y Puerto de Tazacorte c\\u00e9l\\u00e9brera ses F\\u00eates de San Miguel Arc\\u00e1ngel, avec un programme qui m\\u00eale tradition, sport, culture et grands concerts. Parmi les temps forts figurent le Love Festival, avec les prestations de Isabel Pantoja, Nathy Peluso et Laura Pausini ; le traditionnel d\\u00e9fil\\u00e9 des Caballos\\u2026\",\"image\":\"https:\/\/lapalmaisland.com\/fr\/wp-content\/uploads\/sites\/4\/2023\/11\/cropped-logo.jpg\",\"url\":\"https:\/\/lapalmaisland.com\/fr\/fetes-et-evenements\/fetes-patronales-de-tazacorte-2026\/\",\"startDate\":\"2026-09-04T00:00:00+00:00\",\"endDate\":\"2026-10-10T00:00:59+00:00\",\"duration\":\"P1MD6TH0M0\",\"eventAttendanceMode\":\"https:\/\/schema.org\/OfflineEventAttendanceMode\",\"location\":{\"@context\":\"https:\/\/schema.org\",\"@type\":\"Place\",\"name\":\"Tazacorte\",\"description\":\"\",\"url\":\"https:\/\/lapalmaisland.com\/fr\/lieuxdesfetes\/tazacorte\/\",\"address\":{\"@type\":\"PostalAddress\",\"streetAddress\":\"\",\"addressLocality\":\"\",\"addressRegion\":\"\",\"postalCode\":\"\",\"addressCountry\":\"\"},\"telephone\":\"n\/a\",\"sameAs\":\"\"}},{\"@context\":\"https:\/\/schema.org\",\"@type\":\"Event\",\"name\":\"F\\u00eates patronales de Tazacorte 2026\",\"description\":\"Du 4 septembre au 9 octobre 2026, Villa y Puerto de Tazacorte c\\u00e9l\\u00e9brera ses F\\u00eates de San Miguel Arc\\u00e1ngel, avec un programme qui m\\u00eale tradition, sport, culture et grands concerts. Parmi les temps forts figurent le Love Festival, avec les prestations de Isabel Pantoja, Nathy Peluso et Laura Pausini ; le traditionnel d\\u00e9fil\\u00e9 des Caballos\\u2026\",\"image\":\"https:\/\/lapalmaisland.com\/fr\/wp-content\/uploads\/sites\/4\/2023\/11\/cropped-logo.jpg\",\"url\":\"https:\/\/lapalmaisland.com\/fr\/fetes-et-evenements\/fetes-patronales-de-tazacorte-2026\/\",\"startDate\":\"2026-09-04T00:00:00+00:00\",\"endDate\":\"2026-10-10T00:00:59+00:00\",\"duration\":\"P1MD6TH0M0\",\"eventAttendanceMode\":\"https:\/\/schema.org\/OfflineEventAttendanceMode\",\"location\":{\"@context\":\"https:\/\/schema.org\",\"@type\":\"Place\",\"name\":\"Tazacorte\",\"description\":\"\",\"url\":\"https:\/\/lapalmaisland.com\/fr\/lieuxdesfetes\/tazacorte\/\",\"address\":{\"@type\":\"PostalAddress\",\"streetAddress\":\"\",\"addressLocality\":\"\",\"addressRegion\":\"\",\"postalCode\":\"\",\"addressCountry\":\"\"},\"telephone\":\"n\/a\",\"sameAs\":\"\"}},{\"@context\":\"https:\/\/schema.org\",\"@type\":\"Event\",\"name\":\"F\\u00eates patronales de Tazacorte 2026\",\"description\":\"Du 4 septembre au 9 octobre 2026, Villa y Puerto de Tazacorte c\\u00e9l\\u00e9brera ses F\\u00eates de San Miguel Arc\\u00e1ngel, avec un programme qui m\\u00eale tradition, sport, culture et grands concerts. Parmi les temps forts figurent le Love Festival, avec les prestations de Isabel Pantoja, Nathy Peluso et Laura Pausini ; le traditionnel d\\u00e9fil\\u00e9 des Caballos\\u2026\",\"image\":\"https:\/\/lapalmaisland.com\/fr\/wp-content\/uploads\/sites\/4\/2023\/11\/cropped-logo.jpg\",\"url\":\"https:\/\/lapalmaisland.com\/fr\/fetes-et-evenements\/fetes-patronales-de-tazacorte-2026\/\",\"startDate\":\"2026-09-04T00:00:00+00:00\",\"endDate\":\"2026-10-10T00:00:59+00:00\",\"duration\":\"P1MD6TH0M0\",\"eventAttendanceMode\":\"https:\/\/schema.org\/OfflineEventAttendanceMode\",\"location\":{\"@context\":\"https:\/\/schema.org\",\"@type\":\"Place\",\"name\":\"Tazacorte\",\"description\":\"\",\"url\":\"https:\/\/lapalmaisland.com\/fr\/lieuxdesfetes\/tazacorte\/\",\"address\":{\"@type\":\"PostalAddress\",\"streetAddress\":\"\",\"addressLocality\":\"\",\"addressRegion\":\"\",\"postalCode\":\"\",\"addressCountry\":\"\"},\"telephone\":\"n\/a\",\"sameAs\":\"\"}},{\"@context\":\"https:\/\/schema.org\",\"@type\":\"Event\",\"name\":\"F\\u00eates patronales de Tazacorte 2026\",\"description\":\"Du 4 septembre au 9 octobre 2026, Villa y Puerto de Tazacorte c\\u00e9l\\u00e9brera ses F\\u00eates de San Miguel Arc\\u00e1ngel, avec un programme qui m\\u00eale tradition, sport, culture et grands concerts. Parmi les temps forts figurent le Love Festival, avec les prestations de Isabel Pantoja, Nathy Peluso et Laura Pausini ; le traditionnel d\\u00e9fil\\u00e9 des Caballos\\u2026\",\"image\":\"https:\/\/lapalmaisland.com\/fr\/wp-content\/uploads\/sites\/4\/2023\/11\/cropped-logo.jpg\",\"url\":\"https:\/\/lapalmaisland.com\/fr\/fetes-et-evenements\/fetes-patronales-de-tazacorte-2026\/\",\"startDate\":\"2026-09-04T00:00:00+00:00\",\"endDate\":\"2026-10-10T00:00:59+00:00\",\"duration\":\"P1MD6TH0M0\",\"eventAttendanceMode\":\"https:\/\/schema.org\/OfflineEventAttendanceMode\",\"location\":{\"@context\":\"https:\/\/schema.org\",\"@type\":\"Place\",\"name\":\"Tazacorte\",\"description\":\"\",\"url\":\"https:\/\/lapalmaisland.com\/fr\/lieuxdesfetes\/tazacorte\/\",\"address\":{\"@type\":\"PostalAddress\",\"streetAddress\":\"\",\"addressLocality\":\"\",\"addressRegion\":\"\",\"postalCode\":\"\",\"addressCountry\":\"\"},\"telephone\":\"n\/a\",\"sameAs\":\"\"}}]\n<\/script>\n<h2 id=\"mc_head_my-calendar\" class=\"heading my-calendar-month\"><span>\u00c9v\u00e8nements en septembre&ndash;octobre 2026<\/span><\/h2>\n\n<nav class=\"my-calendar-navigation\" aria-label=\"Calendrier (Haut)\">\n<div class=\"my-calendar-header\">\r\n\t\t<div class=\"my-calendar-nav\">\r\n\t\t\t<ul>\r\n\t\t\t\t<li class=\"my-calendar-prev\"><button type=\"button\" class=\"mc-navigation-button\" id=\"mc_previous_my-calendar\" data-href=\"https:\/\/lapalmaisland.com\/fr\/calendrier-des-fetes-et-evenements-a-la-palma\/?cid=my-calendar&#038;dy&#038;month=8&#038;time=month&#038;yr=2026\"><span class=\"mc-icon\" aria-hidden=\"true\"><\/span>ao\u00fbt<\/button><\/li><li class=\"my-calendar-today\"><button type=\"button\" id=\"mc_today_my-calendar\" data-href=\"https:\/\/lapalmaisland.com\/fr\/calendrier-des-fetes-et-evenements-a-la-palma\/?cid=my-calendar\" class=\"mc-navigation-button today mc-active\" aria-current=\"true\"><span class=\"mc-icon\" aria-hidden=\"true\"><\/span>Aujourd\\'hui<\/button><\/li><li class=\"my-calendar-next\"><button type=\"button\" class=\"mc-navigation-button\" id=\"mc_next_my-calendar\" data-href=\"https:\/\/lapalmaisland.com\/fr\/calendrier-des-fetes-et-evenements-a-la-palma\/?cid=my-calendar&#038;dy&#038;month=10&#038;time=month&#038;yr=2026\">octobre<span class=\"mc-icon\" aria-hidden=\"true\"><\/span><\/button><\/li>\r\n\t\t\t<\/ul>\r\n\t\t<\/div><\/div>\n<\/nav>\n<div class=\"mc-content\">\n<table class='my-calendar-table' aria-labelledby='mc_head_my-calendar'>\n<thead>\n\t<tr class='mc-row'>\n\t\t<th scope=\"col\" class='day-heading mon'><abbr title=\"lundi\" aria-hidden=\"true\">lun<\/abbr><span class=\"screen-reader-text\">lundi<\/span><\/th>\n\n\t\t<th scope=\"col\" class='day-heading tues'><abbr title=\"mardi\" aria-hidden=\"true\">mar<\/abbr><span class=\"screen-reader-text\">mardi<\/span><\/th>\n\n\t\t<th scope=\"col\" class='day-heading wed'><abbr title=\"mercredi\" aria-hidden=\"true\">mer<\/abbr><span class=\"screen-reader-text\">mercredi<\/span><\/th>\n\n\t\t<th scope=\"col\" class='day-heading thur'><abbr title=\"jeudi\" aria-hidden=\"true\">jeu<\/abbr><span class=\"screen-reader-text\">jeudi<\/span><\/th>\n\n\t\t<th scope=\"col\" class='day-heading fri'><abbr title=\"vendredi\" aria-hidden=\"true\">ven<\/abbr><span class=\"screen-reader-text\">vendredi<\/span><\/th>\n\n\t\t<th scope=\"col\" class='weekend-heading sat'><abbr title=\"samedi\" aria-hidden=\"true\">sam<\/abbr><span class=\"screen-reader-text\">samedi<\/span><\/th>\n\n\t\t<th scope=\"col\" class='weekend-heading sun'><abbr title=\"dimanche\" aria-hidden=\"true\">dim<\/abbr><span class=\"screen-reader-text\">dimanche<\/span><\/th>\n\t<\/tr>\n<\/thead>\n<tbody>\n<tr class='mc-row'><td id='calendar-2026-08-31' class='mc-events lundi lun past-day past-date   month-08 month-even has-events author1 mcat_general day-with-date'><div class='mc-date-container'>\n\t<span class='mc-date'><span aria-hidden='true' class='mc-day-number'>31<\/span><span class='screen-reader-text mc-day-date'>31 de ao\u00fbt de 2026<\/span><span class=\"event-icon\" aria-hidden=\"true\">&#9679;&#9679;<\/span><span class=\"screen-reader-text\"><span class=\"mc-list-details event-count\">(3 \u00e9v\u00e8nements)<\/span><\/span><\/span><\/div><article id='mc_calendar_31_216-calendar-216' class='mc-mc_calendar_216 calendar-event mc_general mc_tijarafe  on-now mc_primary_general nonrecurring mc-4-semaines mc-start-00-00 ungrouped mc-event-183 mc-events multidate mc-event mc_rel_general'><header>\t<h4 class='event-title summary' id='mc_216-title-my-calendar'><a href='https:\/\/lapalmaisland.com\/fr\/fetes-et-evenements\/fetes-patronales-et-danse-du-diable-de-tijarafe-2026\/' class='url summary'><div class=\"event-title-container\">F\u00eates patronales et Danse du Diable de Tijarafe 2026<\/div><\/a><\/h4>\n<\/header><\/article><article id='mc_calendar_31_221-calendar-221' class='mc-mc_calendar_221 calendar-event mc_general mc_san-andres-y-sauces  on-now mc_primary_general nonrecurring mc-4-semaines mc-start-00-00 ungrouped mc-event-188 mc-events multidate mc-event mc_rel_general'><header>\t<h4 class='event-title summary' id='mc_221-title-my-calendar'><a href='https:\/\/lapalmaisland.com\/fr\/fetes-et-evenements\/fetes-patronales-de-san-andres-y-sauces-2026\/' class='url summary'><div class=\"event-title-container\">F\u00eates patronales de San Andr\u00e9s y Sauces 2026<\/div><\/a><\/h4>\n<\/header><\/article><article id='mc_calendar_31_217-calendar-217' class='mc-mc_calendar_217 calendar-event mc_general mc_brea-baja  past-event mc_primary_general nonrecurring mc-5-jours mc-start-00-00 ungrouped mc-event-184 mc-events multidate mc-event mc_rel_general'><header>\t<h4 class='event-title summary' id='mc_217-title-my-calendar'><a href='https:\/\/lapalmaisland.com\/fr\/fetes-et-evenements\/fetes-du-socorro-2026\/' class='url summary' rel=\"nofollow\"><div class=\"event-title-container\">F\u00eates du Socorro 2026<\/div><\/a><\/h4>\n<\/header><\/article>\n<\/td>\n<td id='calendar-2026-09-01' class='mc-events mardi mar past-day past-date   month-09 month-odd has-events author1 mcat_general day-with-date'><div class='mc-date-container has-month'><h3 class=\"mc-change-months\">septembre<\/h3>\n\t<span class='mc-date'><span aria-hidden='true' class='mc-day-number'>1<\/span><span class='screen-reader-text mc-day-date'>1 de septembre de 2026<\/span><span class=\"event-icon\" aria-hidden=\"true\">&#9679;&#9679;<\/span><span class=\"screen-reader-text\"><span class=\"mc-list-details event-count\">(2 \u00e9v\u00e8nements)<\/span><\/span><\/span><\/div><article id='mc_calendar_01_216-calendar-216' class='mc-mc_calendar_216 calendar-event mc_general mc_tijarafe  on-now mc_primary_general nonrecurring mc-4-semaines mc-start-00-00 ungrouped mc-event-183 mc-events multidate mc-event mc_rel_general'><header>\t<h4 class='event-title summary' id='mc_216-title-my-calendar'><a href='https:\/\/lapalmaisland.com\/fr\/fetes-et-evenements\/fetes-patronales-et-danse-du-diable-de-tijarafe-2026\/' class='url summary'><div class=\"event-title-container\">F\u00eates patronales et Danse du Diable de Tijarafe 2026<\/div><\/a><\/h4>\n<\/header><\/article><article id='mc_calendar_01_221-calendar-221' class='mc-mc_calendar_221 calendar-event mc_general mc_san-andres-y-sauces  on-now mc_primary_general nonrecurring mc-4-semaines mc-start-00-00 ungrouped mc-event-188 mc-events multidate mc-event mc_rel_general'><header>\t<h4 class='event-title summary' id='mc_221-title-my-calendar'><a href='https:\/\/lapalmaisland.com\/fr\/fetes-et-evenements\/fetes-patronales-de-san-andres-y-sauces-2026\/' class='url summary'><div class=\"event-title-container\">F\u00eates patronales de San Andr\u00e9s y Sauces 2026<\/div><\/a><\/h4>\n<\/header><\/article>\n<\/td>\n<td id='calendar-2026-09-02' class='mc-events mercredi mer past-day past-date   month-09 month-odd has-events author1 mcat_general day-with-date'><div class='mc-date-container'>\n\t<span class='mc-date'><span aria-hidden='true' class='mc-day-number'>2<\/span><span class='screen-reader-text mc-day-date'>2 de septembre de 2026<\/span><span class=\"event-icon\" aria-hidden=\"true\">&#9679;&#9679;<\/span><span class=\"screen-reader-text\"><span class=\"mc-list-details event-count\">(2 \u00e9v\u00e8nements)<\/span><\/span><\/span><\/div><article id='mc_calendar_02_216-calendar-216' class='mc-mc_calendar_216 calendar-event mc_general mc_tijarafe  on-now mc_primary_general nonrecurring mc-4-semaines mc-start-00-00 ungrouped mc-event-183 mc-events multidate mc-event mc_rel_general'><header>\t<h4 class='event-title summary' id='mc_216-title-my-calendar'><a href='https:\/\/lapalmaisland.com\/fr\/fetes-et-evenements\/fetes-patronales-et-danse-du-diable-de-tijarafe-2026\/' class='url summary'><div class=\"event-title-container\">F\u00eates patronales et Danse du Diable de Tijarafe 2026<\/div><\/a><\/h4>\n<\/header><\/article><article id='mc_calendar_02_221-calendar-221' class='mc-mc_calendar_221 calendar-event mc_general mc_san-andres-y-sauces  on-now mc_primary_general nonrecurring mc-4-semaines mc-start-00-00 ungrouped mc-event-188 mc-events multidate mc-event mc_rel_general'><header>\t<h4 class='event-title summary' id='mc_221-title-my-calendar'><a href='https:\/\/lapalmaisland.com\/fr\/fetes-et-evenements\/fetes-patronales-de-san-andres-y-sauces-2026\/' class='url summary'><div class=\"event-title-container\">F\u00eates patronales de San Andr\u00e9s y Sauces 2026<\/div><\/a><\/h4>\n<\/header><\/article>\n<\/td>\n<td id='calendar-2026-09-03' class='mc-events jeudi jeu past-day past-date   month-09 month-odd has-events author1 mcat_general day-with-date'><div class='mc-date-container'>\n\t<span class='mc-date'><span aria-hidden='true' class='mc-day-number'>3<\/span><span class='screen-reader-text mc-day-date'>3 de septembre de 2026<\/span><span class=\"event-icon\" aria-hidden=\"true\">&#9679;&#9679;<\/span><span class=\"screen-reader-text\"><span class=\"mc-list-details event-count\">(2 \u00e9v\u00e8nements)<\/span><\/span><\/span><\/div><article id='mc_calendar_03_216-calendar-216' class='mc-mc_calendar_216 calendar-event mc_general mc_tijarafe  on-now mc_primary_general nonrecurring mc-4-semaines mc-start-00-00 ungrouped mc-event-183 mc-events multidate mc-event mc_rel_general'><header>\t<h4 class='event-title summary' id='mc_216-title-my-calendar'><a href='https:\/\/lapalmaisland.com\/fr\/fetes-et-evenements\/fetes-patronales-et-danse-du-diable-de-tijarafe-2026\/' class='url summary'><div class=\"event-title-container\">F\u00eates patronales et Danse du Diable de Tijarafe 2026<\/div><\/a><\/h4>\n<\/header><\/article><article id='mc_calendar_03_221-calendar-221' class='mc-mc_calendar_221 calendar-event mc_general mc_san-andres-y-sauces  on-now mc_primary_general nonrecurring mc-4-semaines mc-start-00-00 ungrouped mc-event-188 mc-events multidate mc-event mc_rel_general'><header>\t<h4 class='event-title summary' id='mc_221-title-my-calendar'><a href='https:\/\/lapalmaisland.com\/fr\/fetes-et-evenements\/fetes-patronales-de-san-andres-y-sauces-2026\/' class='url summary'><div class=\"event-title-container\">F\u00eates patronales de San Andr\u00e9s y Sauces 2026<\/div><\/a><\/h4>\n<\/header><\/article>\n<\/td>\n<td id='calendar-2026-09-04' class='mc-events vendredi ven past-day past-date   month-09 month-odd has-events author1 mcat_general day-with-date'><div class='mc-date-container'>\n\t<span class='mc-date'><span aria-hidden='true' class='mc-day-number'>4<\/span><span class='screen-reader-text mc-day-date'>4 de septembre de 2026<\/span><span class=\"event-icon\" aria-hidden=\"true\">&#9679;&#9679;&#9679;<\/span><span class=\"screen-reader-text\"><span class=\"mc-list-details event-count\">(4 \u00e9v\u00e8nements)<\/span><\/span><\/span><\/div><article id='mc_calendar_04_216-calendar-216' class='mc-mc_calendar_216 calendar-event mc_general mc_tijarafe  on-now mc_primary_general nonrecurring mc-4-semaines mc-start-00-00 ungrouped mc-event-183 mc-events multidate mc-event mc_rel_general'><header>\t<h4 class='event-title summary' id='mc_216-title-my-calendar'><a href='https:\/\/lapalmaisland.com\/fr\/fetes-et-evenements\/fetes-patronales-et-danse-du-diable-de-tijarafe-2026\/' class='url summary'><div class=\"event-title-container\">F\u00eates patronales et Danse du Diable de Tijarafe 2026<\/div><\/a><\/h4>\n<\/header><\/article><article id='mc_calendar_04_221-calendar-221' class='mc-mc_calendar_221 calendar-event mc_general mc_san-andres-y-sauces  on-now mc_primary_general nonrecurring mc-4-semaines mc-start-00-00 ungrouped mc-event-188 mc-events multidate mc-event mc_rel_general'><header>\t<h4 class='event-title summary' id='mc_221-title-my-calendar'><a href='https:\/\/lapalmaisland.com\/fr\/fetes-et-evenements\/fetes-patronales-de-san-andres-y-sauces-2026\/' class='url summary'><div class=\"event-title-container\">F\u00eates patronales de San Andr\u00e9s y Sauces 2026<\/div><\/a><\/h4>\n<\/header><\/article><article id='mc_calendar_04_218-calendar-218' class='mc-mc_calendar_218 calendar-event mc_general mc_tazacorte  on-now mc_primary_general nonrecurring mc-1-mois mc-start-00-00 ungrouped mc-event-185 mc-events multidate mc-event mc_rel_general'><header>\t<h4 class='event-title summary' id='mc_218-title-my-calendar'><a href='https:\/\/lapalmaisland.com\/fr\/fetes-et-evenements\/fetes-patronales-de-tazacorte-2026\/' class='url summary'><div class=\"event-title-container\">F\u00eates patronales de Tazacorte 2026<\/div><\/a><\/h4>\n<\/header><\/article><article id='mc_calendar_04_222-calendar-222' class='mc-mc_calendar_222 calendar-event mc_general mc_santa-cruz-de-la-palma  on-now mc_primary_general nonrecurring mc mc-start-18-00 ungrouped mc-event-189 mc-events multidate mc-last-day mc-event mc_rel_general'><header>\t<h4 class='event-title summary' id='mc_222-title-my-calendar'><a href='https:\/\/lapalmaisland.com\/fr\/fetes-et-evenements\/festival-du-burger-2026\/' class='url summary'><div class=\"event-title-container\">Festival du Burger 2026<\/div><\/a><\/h4>\n<\/header><\/article>\n<\/td>\n<td id='calendar-2026-09-05' class='mc-events samedi sam past-day past-date weekend  month-09 month-odd has-events author1 mcat_general day-with-date'><div class='mc-date-container'>\n\t<span class='mc-date'><span aria-hidden='true' class='mc-day-number'>5<\/span><span class='screen-reader-text mc-day-date'>5 de septembre de 2026<\/span><span class=\"event-icon\" aria-hidden=\"true\">&#9679;&#9679;&#9679;<\/span><span class=\"screen-reader-text\"><span class=\"mc-list-details event-count\">(4 \u00e9v\u00e8nements)<\/span><\/span><\/span><\/div><article id='mc_calendar_05_216-calendar-216' class='mc-mc_calendar_216 calendar-event mc_general mc_tijarafe  on-now mc_primary_general nonrecurring mc-4-semaines mc-start-00-00 ungrouped mc-event-183 mc-events multidate mc-event mc_rel_general'><header>\t<h4 class='event-title summary' id='mc_216-title-my-calendar'><a href='https:\/\/lapalmaisland.com\/fr\/fetes-et-evenements\/fetes-patronales-et-danse-du-diable-de-tijarafe-2026\/' class='url summary'><div class=\"event-title-container\">F\u00eates patronales et Danse du Diable de Tijarafe 2026<\/div><\/a><\/h4>\n<\/header><\/article><article id='mc_calendar_05_221-calendar-221' class='mc-mc_calendar_221 calendar-event mc_general mc_san-andres-y-sauces  on-now mc_primary_general nonrecurring mc-4-semaines mc-start-00-00 ungrouped mc-event-188 mc-events multidate mc-event mc_rel_general'><header>\t<h4 class='event-title summary' id='mc_221-title-my-calendar'><a href='https:\/\/lapalmaisland.com\/fr\/fetes-et-evenements\/fetes-patronales-de-san-andres-y-sauces-2026\/' class='url summary'><div class=\"event-title-container\">F\u00eates patronales de San Andr\u00e9s y Sauces 2026<\/div><\/a><\/h4>\n<\/header><\/article><article id='mc_calendar_05_218-calendar-218' class='mc-mc_calendar_218 calendar-event mc_general mc_tazacorte  on-now mc_primary_general nonrecurring mc-1-mois mc-start-00-00 ungrouped mc-event-185 mc-events multidate mc-event mc_rel_general'><header>\t<h4 class='event-title summary' id='mc_218-title-my-calendar'><a href='https:\/\/lapalmaisland.com\/fr\/fetes-et-evenements\/fetes-patronales-de-tazacorte-2026\/' class='url summary'><div class=\"event-title-container\">F\u00eates patronales de Tazacorte 2026<\/div><\/a><\/h4>\n<\/header><\/article><article id='mc_calendar_05_222-calendar-222' class='mc-mc_calendar_222 calendar-event mc_general mc_santa-cruz-de-la-palma  on-now mc_primary_general nonrecurring mc mc-start-18-00 ungrouped mc-event-189 mc-events multidate mc-last-day mc-event mc_rel_general'><header>\t<h4 class='event-title summary' id='mc_222-title-my-calendar'><a href='https:\/\/lapalmaisland.com\/fr\/fetes-et-evenements\/festival-du-burger-2026\/' class='url summary'><div class=\"event-title-container\">Festival du Burger 2026<\/div><\/a><\/h4>\n<\/header><\/article>\n<\/td>\n<td id='calendar-2026-09-06' aria-current=\"date\" class='mc-events dimanche dim current-day weekend  month-09 month-odd has-events author1 mcat_general day-with-date'><div class='mc-date-container'>\n\t<span class='mc-date'><span aria-hidden='true' class='mc-day-number'>6<\/span><span class='screen-reader-text mc-day-date'>6 de septembre de 2026<\/span><span class=\"event-icon\" aria-hidden=\"true\">&#9679;&#9679;&#9679;<\/span><span class=\"screen-reader-text\"><span class=\"mc-list-details event-count\">(4 \u00e9v\u00e8nements)<\/span><\/span><\/span><\/div><article id='mc_calendar_06_216-calendar-216' class='mc-mc_calendar_216 calendar-event mc_general mc_tijarafe  on-now mc_primary_general nonrecurring mc-4-semaines mc-start-00-00 ungrouped mc-event-183 mc-events multidate mc-event mc_rel_general'><header>\t<h4 class='event-title summary' id='mc_216-title-my-calendar'><a href='https:\/\/lapalmaisland.com\/fr\/fetes-et-evenements\/fetes-patronales-et-danse-du-diable-de-tijarafe-2026\/' class='url summary'><div class=\"event-title-container\">F\u00eates patronales et Danse du Diable de Tijarafe 2026<\/div><\/a><\/h4>\n<\/header><\/article><article id='mc_calendar_06_221-calendar-221' class='mc-mc_calendar_221 calendar-event mc_general mc_san-andres-y-sauces  on-now mc_primary_general nonrecurring mc-4-semaines mc-start-00-00 ungrouped mc-event-188 mc-events multidate mc-event mc_rel_general'><header>\t<h4 class='event-title summary' id='mc_221-title-my-calendar'><a href='https:\/\/lapalmaisland.com\/fr\/fetes-et-evenements\/fetes-patronales-de-san-andres-y-sauces-2026\/' class='url summary'><div class=\"event-title-container\">F\u00eates patronales de San Andr\u00e9s y Sauces 2026<\/div><\/a><\/h4>\n<\/header><\/article><article id='mc_calendar_06_218-calendar-218' class='mc-mc_calendar_218 calendar-event mc_general mc_tazacorte  on-now mc_primary_general nonrecurring mc-1-mois mc-start-00-00 ungrouped mc-event-185 mc-events multidate mc-event mc_rel_general'><header>\t<h4 class='event-title summary' id='mc_218-title-my-calendar'><a href='https:\/\/lapalmaisland.com\/fr\/fetes-et-evenements\/fetes-patronales-de-tazacorte-2026\/' class='url summary'><div class=\"event-title-container\">F\u00eates patronales de Tazacorte 2026<\/div><\/a><\/h4>\n<\/header><\/article><article id='mc_calendar_06_222-calendar-222' class='mc-mc_calendar_222 calendar-event mc_general mc_santa-cruz-de-la-palma  on-now mc_primary_general nonrecurring mc mc-start-18-00 ungrouped mc-event-189 mc-events multidate mc-last-day mc-event mc_rel_general'><header>\t<h4 class='event-title summary' id='mc_222-title-my-calendar'><a href='https:\/\/lapalmaisland.com\/fr\/fetes-et-evenements\/festival-du-burger-2026\/' class='url summary'><div class=\"event-title-container\">Festival du Burger 2026<\/div><\/a><\/h4>\n<\/header><\/article>\n<\/td>\n<\/tr>\n<!-- End Event Row -->\n<tr class='mc-row'><td id='calendar-2026-09-07' class='mc-events lundi lun future-day   month-09 month-odd has-events author1 mcat_general day-with-date'><div class='mc-date-container'>\n\t<span class='mc-date'><span aria-hidden='true' class='mc-day-number'>7<\/span><span class='screen-reader-text mc-day-date'>7 de septembre de 2026<\/span><span class=\"event-icon\" aria-hidden=\"true\">&#9679;&#9679;<\/span><span class=\"screen-reader-text\"><span class=\"mc-list-details event-count\">(3 \u00e9v\u00e8nements)<\/span><\/span><\/span><\/div><article id='mc_calendar_07_216-calendar-216' class='mc-mc_calendar_216 calendar-event mc_general mc_tijarafe  on-now mc_primary_general nonrecurring mc-4-semaines mc-start-00-00 ungrouped mc-event-183 mc-events multidate mc-event mc_rel_general'><header>\t<h4 class='event-title summary' id='mc_216-title-my-calendar'><a href='https:\/\/lapalmaisland.com\/fr\/fetes-et-evenements\/fetes-patronales-et-danse-du-diable-de-tijarafe-2026\/' class='url summary'><div class=\"event-title-container\">F\u00eates patronales et Danse du Diable de Tijarafe 2026<\/div><\/a><\/h4>\n<\/header><\/article><article id='mc_calendar_07_221-calendar-221' class='mc-mc_calendar_221 calendar-event mc_general mc_san-andres-y-sauces  on-now mc_primary_general nonrecurring mc-4-semaines mc-start-00-00 ungrouped mc-event-188 mc-events multidate mc-event mc_rel_general'><header>\t<h4 class='event-title summary' id='mc_221-title-my-calendar'><a href='https:\/\/lapalmaisland.com\/fr\/fetes-et-evenements\/fetes-patronales-de-san-andres-y-sauces-2026\/' class='url summary'><div class=\"event-title-container\">F\u00eates patronales de San Andr\u00e9s y Sauces 2026<\/div><\/a><\/h4>\n<\/header><\/article><article id='mc_calendar_07_218-calendar-218' class='mc-mc_calendar_218 calendar-event mc_general mc_tazacorte  on-now mc_primary_general nonrecurring mc-1-mois mc-start-00-00 ungrouped mc-event-185 mc-events multidate mc-event mc_rel_general'><header>\t<h4 class='event-title summary' id='mc_218-title-my-calendar'><a href='https:\/\/lapalmaisland.com\/fr\/fetes-et-evenements\/fetes-patronales-de-tazacorte-2026\/' class='url summary'><div class=\"event-title-container\">F\u00eates patronales de Tazacorte 2026<\/div><\/a><\/h4>\n<\/header><\/article>\n<\/td>\n<td id='calendar-2026-09-08' class='mc-events mardi mar future-day   month-09 month-odd has-events author1 mcat_general day-with-date'><div class='mc-date-container'>\n\t<span class='mc-date'><span aria-hidden='true' class='mc-day-number'>8<\/span><span class='screen-reader-text mc-day-date'>8 de septembre de 2026<\/span><span class=\"event-icon\" aria-hidden=\"true\">&#9679;&#9679;<\/span><span class=\"screen-reader-text\"><span class=\"mc-list-details event-count\">(3 \u00e9v\u00e8nements)<\/span><\/span><\/span><\/div><article id='mc_calendar_08_216-calendar-216' class='mc-mc_calendar_216 calendar-event mc_general mc_tijarafe  on-now mc_primary_general nonrecurring mc-4-semaines mc-start-00-00 ungrouped mc-event-183 mc-events multidate mc-event mc_rel_general'><header>\t<h4 class='event-title summary' id='mc_216-title-my-calendar'><a href='https:\/\/lapalmaisland.com\/fr\/fetes-et-evenements\/fetes-patronales-et-danse-du-diable-de-tijarafe-2026\/' class='url summary'><div class=\"event-title-container\">F\u00eates patronales et Danse du Diable de Tijarafe 2026<\/div><\/a><\/h4>\n<\/header><\/article><article id='mc_calendar_08_221-calendar-221' class='mc-mc_calendar_221 calendar-event mc_general mc_san-andres-y-sauces  on-now mc_primary_general nonrecurring mc-4-semaines mc-start-00-00 ungrouped mc-event-188 mc-events multidate mc-event mc_rel_general'><header>\t<h4 class='event-title summary' id='mc_221-title-my-calendar'><a href='https:\/\/lapalmaisland.com\/fr\/fetes-et-evenements\/fetes-patronales-de-san-andres-y-sauces-2026\/' class='url summary'><div class=\"event-title-container\">F\u00eates patronales de San Andr\u00e9s y Sauces 2026<\/div><\/a><\/h4>\n<\/header><\/article><article id='mc_calendar_08_218-calendar-218' class='mc-mc_calendar_218 calendar-event mc_general mc_tazacorte  on-now mc_primary_general nonrecurring mc-1-mois mc-start-00-00 ungrouped mc-event-185 mc-events multidate mc-event mc_rel_general'><header>\t<h4 class='event-title summary' id='mc_218-title-my-calendar'><a href='https:\/\/lapalmaisland.com\/fr\/fetes-et-evenements\/fetes-patronales-de-tazacorte-2026\/' class='url summary'><div class=\"event-title-container\">F\u00eates patronales de Tazacorte 2026<\/div><\/a><\/h4>\n<\/header><\/article>\n<\/td>\n<td id='calendar-2026-09-09' class='mc-events mercredi mer future-day   month-09 month-odd has-events author1 mcat_general day-with-date'><div class='mc-date-container'>\n\t<span class='mc-date'><span aria-hidden='true' class='mc-day-number'>9<\/span><span class='screen-reader-text mc-day-date'>9 de septembre de 2026<\/span><span class=\"event-icon\" aria-hidden=\"true\">&#9679;&#9679;<\/span><span class=\"screen-reader-text\"><span class=\"mc-list-details event-count\">(2 \u00e9v\u00e8nements)<\/span><\/span><\/span><\/div><article id='mc_calendar_09_221-calendar-221' class='mc-mc_calendar_221 calendar-event mc_general mc_san-andres-y-sauces  on-now mc_primary_general nonrecurring mc-4-semaines mc-start-00-00 ungrouped mc-event-188 mc-events multidate mc-event mc_rel_general'><header>\t<h4 class='event-title summary' id='mc_221-title-my-calendar'><a href='https:\/\/lapalmaisland.com\/fr\/fetes-et-evenements\/fetes-patronales-de-san-andres-y-sauces-2026\/' class='url summary'><div class=\"event-title-container\">F\u00eates patronales de San Andr\u00e9s y Sauces 2026<\/div><\/a><\/h4>\n<\/header><\/article><article id='mc_calendar_09_218-calendar-218' class='mc-mc_calendar_218 calendar-event mc_general mc_tazacorte  on-now mc_primary_general nonrecurring mc-1-mois mc-start-00-00 ungrouped mc-event-185 mc-events multidate mc-event mc_rel_general'><header>\t<h4 class='event-title summary' id='mc_218-title-my-calendar'><a href='https:\/\/lapalmaisland.com\/fr\/fetes-et-evenements\/fetes-patronales-de-tazacorte-2026\/' class='url summary'><div class=\"event-title-container\">F\u00eates patronales de Tazacorte 2026<\/div><\/a><\/h4>\n<\/header><\/article>\n<\/td>\n<td id='calendar-2026-09-10' class='mc-events jeudi jeu future-day   month-09 month-odd has-events author1 mcat_general day-with-date'><div class='mc-date-container'>\n\t<span class='mc-date'><span aria-hidden='true' class='mc-day-number'>10<\/span><span class='screen-reader-text mc-day-date'>10 de septembre de 2026<\/span><span class=\"event-icon\" aria-hidden=\"true\">&#9679;&#9679;<\/span><span class=\"screen-reader-text\"><span class=\"mc-list-details event-count\">(2 \u00e9v\u00e8nements)<\/span><\/span><\/span><\/div><article id='mc_calendar_10_221-calendar-221' class='mc-mc_calendar_221 calendar-event mc_general mc_san-andres-y-sauces  on-now mc_primary_general nonrecurring mc-4-semaines mc-start-00-00 ungrouped mc-event-188 mc-events multidate mc-event mc_rel_general'><header>\t<h4 class='event-title summary' id='mc_221-title-my-calendar'><a href='https:\/\/lapalmaisland.com\/fr\/fetes-et-evenements\/fetes-patronales-de-san-andres-y-sauces-2026\/' class='url summary'><div class=\"event-title-container\">F\u00eates patronales de San Andr\u00e9s y Sauces 2026<\/div><\/a><\/h4>\n<\/header><\/article><article id='mc_calendar_10_218-calendar-218' class='mc-mc_calendar_218 calendar-event mc_general mc_tazacorte  on-now mc_primary_general nonrecurring mc-1-mois mc-start-00-00 ungrouped mc-event-185 mc-events multidate mc-event mc_rel_general'><header>\t<h4 class='event-title summary' id='mc_218-title-my-calendar'><a href='https:\/\/lapalmaisland.com\/fr\/fetes-et-evenements\/fetes-patronales-de-tazacorte-2026\/' class='url summary'><div class=\"event-title-container\">F\u00eates patronales de Tazacorte 2026<\/div><\/a><\/h4>\n<\/header><\/article>\n<\/td>\n<td id='calendar-2026-09-11' class='mc-events vendredi ven future-day   month-09 month-odd has-events author1 mcat_general day-with-date'><div class='mc-date-container'>\n\t<span class='mc-date'><span aria-hidden='true' class='mc-day-number'>11<\/span><span class='screen-reader-text mc-day-date'>11 de septembre de 2026<\/span><span class=\"event-icon\" aria-hidden=\"true\">&#9679;&#9679;<\/span><span class=\"screen-reader-text\"><span class=\"mc-list-details event-count\">(2 \u00e9v\u00e8nements)<\/span><\/span><\/span><\/div><article id='mc_calendar_11_221-calendar-221' class='mc-mc_calendar_221 calendar-event mc_general mc_san-andres-y-sauces  on-now mc_primary_general nonrecurring mc-4-semaines mc-start-00-00 ungrouped mc-event-188 mc-events multidate mc-event mc_rel_general'><header>\t<h4 class='event-title summary' id='mc_221-title-my-calendar'><a href='https:\/\/lapalmaisland.com\/fr\/fetes-et-evenements\/fetes-patronales-de-san-andres-y-sauces-2026\/' class='url summary'><div class=\"event-title-container\">F\u00eates patronales de San Andr\u00e9s y Sauces 2026<\/div><\/a><\/h4>\n<\/header><\/article><article id='mc_calendar_11_218-calendar-218' class='mc-mc_calendar_218 calendar-event mc_general mc_tazacorte  on-now mc_primary_general nonrecurring mc-1-mois mc-start-00-00 ungrouped mc-event-185 mc-events multidate mc-event mc_rel_general'><header>\t<h4 class='event-title summary' id='mc_218-title-my-calendar'><a href='https:\/\/lapalmaisland.com\/fr\/fetes-et-evenements\/fetes-patronales-de-tazacorte-2026\/' class='url summary'><div class=\"event-title-container\">F\u00eates patronales de Tazacorte 2026<\/div><\/a><\/h4>\n<\/header><\/article>\n<\/td>\n<td id='calendar-2026-09-12' class='mc-events samedi sam future-day weekend  month-09 month-odd has-events author1 mcat_general day-with-date'><div class='mc-date-container'>\n\t<span class='mc-date'><span aria-hidden='true' class='mc-day-number'>12<\/span><span class='screen-reader-text mc-day-date'>12 de septembre de 2026<\/span><span class=\"event-icon\" aria-hidden=\"true\">&#9679;&#9679;<\/span><span class=\"screen-reader-text\"><span class=\"mc-list-details event-count\">(2 \u00e9v\u00e8nements)<\/span><\/span><\/span><\/div><article id='mc_calendar_12_221-calendar-221' class='mc-mc_calendar_221 calendar-event mc_general mc_san-andres-y-sauces  on-now mc_primary_general nonrecurring mc-4-semaines mc-start-00-00 ungrouped mc-event-188 mc-events multidate mc-event mc_rel_general'><header>\t<h4 class='event-title summary' id='mc_221-title-my-calendar'><a href='https:\/\/lapalmaisland.com\/fr\/fetes-et-evenements\/fetes-patronales-de-san-andres-y-sauces-2026\/' class='url summary'><div class=\"event-title-container\">F\u00eates patronales de San Andr\u00e9s y Sauces 2026<\/div><\/a><\/h4>\n<\/header><\/article><article id='mc_calendar_12_218-calendar-218' class='mc-mc_calendar_218 calendar-event mc_general mc_tazacorte  on-now mc_primary_general nonrecurring mc-1-mois mc-start-00-00 ungrouped mc-event-185 mc-events multidate mc-event mc_rel_general'><header>\t<h4 class='event-title summary' id='mc_218-title-my-calendar'><a href='https:\/\/lapalmaisland.com\/fr\/fetes-et-evenements\/fetes-patronales-de-tazacorte-2026\/' class='url summary'><div class=\"event-title-container\">F\u00eates patronales de Tazacorte 2026<\/div><\/a><\/h4>\n<\/header><\/article>\n<\/td>\n<td id='calendar-2026-09-13' class='mc-events dimanche dim future-day weekend  month-09 month-odd has-events author1 mcat_general day-with-date'><div class='mc-date-container'>\n\t<span class='mc-date'><span aria-hidden='true' class='mc-day-number'>13<\/span><span class='screen-reader-text mc-day-date'>13 de septembre de 2026<\/span><span class=\"event-icon\" aria-hidden=\"true\">&#9679;&#9679;<\/span><span class=\"screen-reader-text\"><span class=\"mc-list-details event-count\">(2 \u00e9v\u00e8nements)<\/span><\/span><\/span><\/div><article id='mc_calendar_13_221-calendar-221' class='mc-mc_calendar_221 calendar-event mc_general mc_san-andres-y-sauces  on-now mc_primary_general nonrecurring mc-4-semaines mc-start-00-00 ungrouped mc-event-188 mc-events multidate mc-event mc_rel_general'><header>\t<h4 class='event-title summary' id='mc_221-title-my-calendar'><a href='https:\/\/lapalmaisland.com\/fr\/fetes-et-evenements\/fetes-patronales-de-san-andres-y-sauces-2026\/' class='url summary'><div class=\"event-title-container\">F\u00eates patronales de San Andr\u00e9s y Sauces 2026<\/div><\/a><\/h4>\n<\/header><\/article><article id='mc_calendar_13_218-calendar-218' class='mc-mc_calendar_218 calendar-event mc_general mc_tazacorte  on-now mc_primary_general nonrecurring mc-1-mois mc-start-00-00 ungrouped mc-event-185 mc-events multidate mc-event mc_rel_general'><header>\t<h4 class='event-title summary' id='mc_218-title-my-calendar'><a href='https:\/\/lapalmaisland.com\/fr\/fetes-et-evenements\/fetes-patronales-de-tazacorte-2026\/' class='url summary'><div class=\"event-title-container\">F\u00eates patronales de Tazacorte 2026<\/div><\/a><\/h4>\n<\/header><\/article>\n<\/td>\n<\/tr>\n<!-- End Event Row -->\n<tr class='mc-row'><td id='calendar-2026-09-14' class='mc-events lundi lun future-day   month-09 month-odd has-events author1 mcat_general day-with-date'><div class='mc-date-container'>\n\t<span class='mc-date'><span aria-hidden='true' class='mc-day-number'>14<\/span><span class='screen-reader-text mc-day-date'>14 de septembre de 2026<\/span><span class=\"event-icon\" aria-hidden=\"true\">&#9679;&#9679;<\/span><span class=\"screen-reader-text\"><span class=\"mc-list-details event-count\">(2 \u00e9v\u00e8nements)<\/span><\/span><\/span><\/div><article id='mc_calendar_14_221-calendar-221' class='mc-mc_calendar_221 calendar-event mc_general mc_san-andres-y-sauces  on-now mc_primary_general nonrecurring mc-4-semaines mc-start-00-00 ungrouped mc-event-188 mc-events multidate mc-event mc_rel_general'><header>\t<h4 class='event-title summary' id='mc_221-title-my-calendar'><a href='https:\/\/lapalmaisland.com\/fr\/fetes-et-evenements\/fetes-patronales-de-san-andres-y-sauces-2026\/' class='url summary'><div class=\"event-title-container\">F\u00eates patronales de San Andr\u00e9s y Sauces 2026<\/div><\/a><\/h4>\n<\/header><\/article><article id='mc_calendar_14_218-calendar-218' class='mc-mc_calendar_218 calendar-event mc_general mc_tazacorte  on-now mc_primary_general nonrecurring mc-1-mois mc-start-00-00 ungrouped mc-event-185 mc-events multidate mc-event mc_rel_general'><header>\t<h4 class='event-title summary' id='mc_218-title-my-calendar'><a href='https:\/\/lapalmaisland.com\/fr\/fetes-et-evenements\/fetes-patronales-de-tazacorte-2026\/' class='url summary'><div class=\"event-title-container\">F\u00eates patronales de Tazacorte 2026<\/div><\/a><\/h4>\n<\/header><\/article>\n<\/td>\n<td id='calendar-2026-09-15' class='mc-events mardi mar future-day   month-09 month-odd has-events author1 mcat_general day-with-date'><div class='mc-date-container'>\n\t<span class='mc-date'><span aria-hidden='true' class='mc-day-number'>15<\/span><span class='screen-reader-text mc-day-date'>15 de septembre de 2026<\/span><span class=\"event-icon\" aria-hidden=\"true\">&#9679;&#9679;<\/span><span class=\"screen-reader-text\"><span class=\"mc-list-details event-count\">(2 \u00e9v\u00e8nements)<\/span><\/span><\/span><\/div><article id='mc_calendar_15_221-calendar-221' class='mc-mc_calendar_221 calendar-event mc_general mc_san-andres-y-sauces  on-now mc_primary_general nonrecurring mc-4-semaines mc-start-00-00 ungrouped mc-event-188 mc-events multidate mc-event mc_rel_general'><header>\t<h4 class='event-title summary' id='mc_221-title-my-calendar'><a href='https:\/\/lapalmaisland.com\/fr\/fetes-et-evenements\/fetes-patronales-de-san-andres-y-sauces-2026\/' class='url summary'><div class=\"event-title-container\">F\u00eates patronales de San Andr\u00e9s y Sauces 2026<\/div><\/a><\/h4>\n<\/header><\/article><article id='mc_calendar_15_218-calendar-218' class='mc-mc_calendar_218 calendar-event mc_general mc_tazacorte  on-now mc_primary_general nonrecurring mc-1-mois mc-start-00-00 ungrouped mc-event-185 mc-events multidate mc-event mc_rel_general'><header>\t<h4 class='event-title summary' id='mc_218-title-my-calendar'><a href='https:\/\/lapalmaisland.com\/fr\/fetes-et-evenements\/fetes-patronales-de-tazacorte-2026\/' class='url summary'><div class=\"event-title-container\">F\u00eates patronales de Tazacorte 2026<\/div><\/a><\/h4>\n<\/header><\/article>\n<\/td>\n<td id='calendar-2026-09-16' class='mc-events mercredi mer future-day   month-09 month-odd has-events author1 mcat_general day-with-date'><div class='mc-date-container'>\n\t<span class='mc-date'><span aria-hidden='true' class='mc-day-number'>16<\/span><span class='screen-reader-text mc-day-date'>16 de septembre de 2026<\/span><span class=\"event-icon\" aria-hidden=\"true\">&#9679;&#9679;<\/span><span class=\"screen-reader-text\"><span class=\"mc-list-details event-count\">(2 \u00e9v\u00e8nements)<\/span><\/span><\/span><\/div><article id='mc_calendar_16_221-calendar-221' class='mc-mc_calendar_221 calendar-event mc_general mc_san-andres-y-sauces  on-now mc_primary_general nonrecurring mc-4-semaines mc-start-00-00 ungrouped mc-event-188 mc-events multidate mc-event mc_rel_general'><header>\t<h4 class='event-title summary' id='mc_221-title-my-calendar'><a href='https:\/\/lapalmaisland.com\/fr\/fetes-et-evenements\/fetes-patronales-de-san-andres-y-sauces-2026\/' class='url summary'><div class=\"event-title-container\">F\u00eates patronales de San Andr\u00e9s y Sauces 2026<\/div><\/a><\/h4>\n<\/header><\/article><article id='mc_calendar_16_218-calendar-218' class='mc-mc_calendar_218 calendar-event mc_general mc_tazacorte  on-now mc_primary_general nonrecurring mc-1-mois mc-start-00-00 ungrouped mc-event-185 mc-events multidate mc-event mc_rel_general'><header>\t<h4 class='event-title summary' id='mc_218-title-my-calendar'><a href='https:\/\/lapalmaisland.com\/fr\/fetes-et-evenements\/fetes-patronales-de-tazacorte-2026\/' class='url summary'><div class=\"event-title-container\">F\u00eates patronales de Tazacorte 2026<\/div><\/a><\/h4>\n<\/header><\/article>\n<\/td>\n<td id='calendar-2026-09-17' class='mc-events jeudi jeu future-day   month-09 month-odd has-events author1 mcat_general day-with-date'><div class='mc-date-container'>\n\t<span class='mc-date'><span aria-hidden='true' class='mc-day-number'>17<\/span><span class='screen-reader-text mc-day-date'>17 de septembre de 2026<\/span><span class=\"event-icon\" aria-hidden=\"true\">&#9679;&#9679;<\/span><span class=\"screen-reader-text\"><span class=\"mc-list-details event-count\">(3 \u00e9v\u00e8nements)<\/span><\/span><\/span><\/div><article id='mc_calendar_17_221-calendar-221' class='mc-mc_calendar_221 calendar-event mc_general mc_san-andres-y-sauces  on-now mc_primary_general nonrecurring mc-4-semaines mc-start-00-00 ungrouped mc-event-188 mc-events multidate mc-event mc_rel_general'><header>\t<h4 class='event-title summary' id='mc_221-title-my-calendar'><a href='https:\/\/lapalmaisland.com\/fr\/fetes-et-evenements\/fetes-patronales-de-san-andres-y-sauces-2026\/' class='url summary'><div class=\"event-title-container\">F\u00eates patronales de San Andr\u00e9s y Sauces 2026<\/div><\/a><\/h4>\n<\/header><\/article><article id='mc_calendar_17_218-calendar-218' class='mc-mc_calendar_218 calendar-event mc_general mc_tazacorte  on-now mc_primary_general nonrecurring mc-1-mois mc-start-00-00 ungrouped mc-event-185 mc-events multidate mc-event mc_rel_general'><header>\t<h4 class='event-title summary' id='mc_218-title-my-calendar'><a href='https:\/\/lapalmaisland.com\/fr\/fetes-et-evenements\/fetes-patronales-de-tazacorte-2026\/' class='url summary'><div class=\"event-title-container\">F\u00eates patronales de Tazacorte 2026<\/div><\/a><\/h4>\n<\/header><\/article><article id='mc_calendar_17_214-calendar-214' class='mc-mc_calendar_214 calendar-event mc_general mc_los-llanos-de-aridane  future-event mc_primary_general nonrecurring mc-3-jours mc-start-00-00 ungrouped mc-event-181 mc-events multidate mc-event mc_rel_general'><header>\t<h4 class='event-title summary' id='mc_214-title-my-calendar'><a href='https:\/\/lapalmaisland.com\/fr\/fetes-et-evenements\/festival-international-de-percussion-a-la-palma-2026\/' class='url summary'><div class=\"event-title-container\">Festival international de percussion \u00e0 La Palma 2026<\/div><\/a><\/h4>\n<\/header><\/article>\n<\/td>\n<td id='calendar-2026-09-18' class='mc-events vendredi ven future-day   month-09 month-odd has-events author1 mcat_general day-with-date'><div class='mc-date-container'>\n\t<span class='mc-date'><span aria-hidden='true' class='mc-day-number'>18<\/span><span class='screen-reader-text mc-day-date'>18 de septembre de 2026<\/span><span class=\"event-icon\" aria-hidden=\"true\">&#9679;&#9679;&#9679;<\/span><span class=\"screen-reader-text\"><span class=\"mc-list-details event-count\">(4 \u00e9v\u00e8nements)<\/span><\/span><\/span><\/div><article id='mc_calendar_18_221-calendar-221' class='mc-mc_calendar_221 calendar-event mc_general mc_san-andres-y-sauces  on-now mc_primary_general nonrecurring mc-4-semaines mc-start-00-00 ungrouped mc-event-188 mc-events multidate mc-event mc_rel_general'><header>\t<h4 class='event-title summary' id='mc_221-title-my-calendar'><a href='https:\/\/lapalmaisland.com\/fr\/fetes-et-evenements\/fetes-patronales-de-san-andres-y-sauces-2026\/' class='url summary'><div class=\"event-title-container\">F\u00eates patronales de San Andr\u00e9s y Sauces 2026<\/div><\/a><\/h4>\n<\/header><\/article><article id='mc_calendar_18_218-calendar-218' class='mc-mc_calendar_218 calendar-event mc_general mc_tazacorte  on-now mc_primary_general nonrecurring mc-1-mois mc-start-00-00 ungrouped mc-event-185 mc-events multidate mc-event mc_rel_general'><header>\t<h4 class='event-title summary' id='mc_218-title-my-calendar'><a href='https:\/\/lapalmaisland.com\/fr\/fetes-et-evenements\/fetes-patronales-de-tazacorte-2026\/' class='url summary'><div class=\"event-title-container\">F\u00eates patronales de Tazacorte 2026<\/div><\/a><\/h4>\n<\/header><\/article><article id='mc_calendar_18_214-calendar-214' class='mc-mc_calendar_214 calendar-event mc_general mc_los-llanos-de-aridane  future-event mc_primary_general nonrecurring mc-3-jours mc-start-00-00 ungrouped mc-event-181 mc-events multidate mc-event mc_rel_general'><header>\t<h4 class='event-title summary' id='mc_214-title-my-calendar'><a href='https:\/\/lapalmaisland.com\/fr\/fetes-et-evenements\/festival-international-de-percussion-a-la-palma-2026\/' class='url summary'><div class=\"event-title-container\">Festival international de percussion \u00e0 La Palma 2026<\/div><\/a><\/h4>\n<\/header><\/article><article id='mc_calendar_18_219-calendar-219' class='mc-mc_calendar_219 calendar-event mc_general mc_santa-cruz-de-la-palma  future-event mc_primary_general nonrecurring mc-3-jours mc-start-00-00 ungrouped mc-event-186 mc-events multidate mc-event mc_rel_general'><header>\t<h4 class='event-title summary' id='mc_219-title-my-calendar'><a href='https:\/\/lapalmaisland.com\/fr\/fetes-et-evenements\/festival-de-randonnee-de-montagne-la-palma-2026\/' class='url summary'><div class=\"event-title-container\">Festival de randonn\u00e9e de montagne La Palma 2026<\/div><\/a><\/h4>\n<\/header><\/article>\n<\/td>\n<td id='calendar-2026-09-19' class='mc-events samedi sam future-day weekend  month-09 month-odd has-events author1 mcat_general day-with-date'><div class='mc-date-container'>\n\t<span class='mc-date'><span aria-hidden='true' class='mc-day-number'>19<\/span><span class='screen-reader-text mc-day-date'>19 de septembre de 2026<\/span><span class=\"event-icon\" aria-hidden=\"true\">&#9679;&#9679;&#9679;<\/span><span class=\"screen-reader-text\"><span class=\"mc-list-details event-count\">(4 \u00e9v\u00e8nements)<\/span><\/span><\/span><\/div><article id='mc_calendar_19_221-calendar-221' class='mc-mc_calendar_221 calendar-event mc_general mc_san-andres-y-sauces  on-now mc_primary_general nonrecurring mc-4-semaines mc-start-00-00 ungrouped mc-event-188 mc-events multidate mc-event mc_rel_general'><header>\t<h4 class='event-title summary' id='mc_221-title-my-calendar'><a href='https:\/\/lapalmaisland.com\/fr\/fetes-et-evenements\/fetes-patronales-de-san-andres-y-sauces-2026\/' class='url summary'><div class=\"event-title-container\">F\u00eates patronales de San Andr\u00e9s y Sauces 2026<\/div><\/a><\/h4>\n<\/header><\/article><article id='mc_calendar_19_218-calendar-218' class='mc-mc_calendar_218 calendar-event mc_general mc_tazacorte  on-now mc_primary_general nonrecurring mc-1-mois mc-start-00-00 ungrouped mc-event-185 mc-events multidate mc-event mc_rel_general'><header>\t<h4 class='event-title summary' id='mc_218-title-my-calendar'><a href='https:\/\/lapalmaisland.com\/fr\/fetes-et-evenements\/fetes-patronales-de-tazacorte-2026\/' class='url summary'><div class=\"event-title-container\">F\u00eates patronales de Tazacorte 2026<\/div><\/a><\/h4>\n<\/header><\/article><article id='mc_calendar_19_214-calendar-214' class='mc-mc_calendar_214 calendar-event mc_general mc_los-llanos-de-aridane  future-event mc_primary_general nonrecurring mc-3-jours mc-start-00-00 ungrouped mc-event-181 mc-events multidate mc-event mc_rel_general'><header>\t<h4 class='event-title summary' id='mc_214-title-my-calendar'><a href='https:\/\/lapalmaisland.com\/fr\/fetes-et-evenements\/festival-international-de-percussion-a-la-palma-2026\/' class='url summary'><div class=\"event-title-container\">Festival international de percussion \u00e0 La Palma 2026<\/div><\/a><\/h4>\n<\/header><\/article><article id='mc_calendar_19_219-calendar-219' class='mc-mc_calendar_219 calendar-event mc_general mc_santa-cruz-de-la-palma  future-event mc_primary_general nonrecurring mc-3-jours mc-start-00-00 ungrouped mc-event-186 mc-events multidate mc-event mc_rel_general'><header>\t<h4 class='event-title summary' id='mc_219-title-my-calendar'><a href='https:\/\/lapalmaisland.com\/fr\/fetes-et-evenements\/festival-de-randonnee-de-montagne-la-palma-2026\/' class='url summary'><div class=\"event-title-container\">Festival de randonn\u00e9e de montagne La Palma 2026<\/div><\/a><\/h4>\n<\/header><\/article>\n<\/td>\n<td id='calendar-2026-09-20' class='mc-events dimanche dim future-day weekend  month-09 month-odd has-events author1 mcat_general day-with-date'><div class='mc-date-container'>\n\t<span class='mc-date'><span aria-hidden='true' class='mc-day-number'>20<\/span><span class='screen-reader-text mc-day-date'>20 de septembre de 2026<\/span><span class=\"event-icon\" aria-hidden=\"true\">&#9679;&#9679;<\/span><span class=\"screen-reader-text\"><span class=\"mc-list-details event-count\">(3 \u00e9v\u00e8nements)<\/span><\/span><\/span><\/div><article id='mc_calendar_20_221-calendar-221' class='mc-mc_calendar_221 calendar-event mc_general mc_san-andres-y-sauces  on-now mc_primary_general nonrecurring mc-4-semaines mc-start-00-00 ungrouped mc-event-188 mc-events multidate mc-event mc_rel_general'><header>\t<h4 class='event-title summary' id='mc_221-title-my-calendar'><a href='https:\/\/lapalmaisland.com\/fr\/fetes-et-evenements\/fetes-patronales-de-san-andres-y-sauces-2026\/' class='url summary'><div class=\"event-title-container\">F\u00eates patronales de San Andr\u00e9s y Sauces 2026<\/div><\/a><\/h4>\n<\/header><\/article><article id='mc_calendar_20_218-calendar-218' class='mc-mc_calendar_218 calendar-event mc_general mc_tazacorte  on-now mc_primary_general nonrecurring mc-1-mois mc-start-00-00 ungrouped mc-event-185 mc-events multidate mc-event mc_rel_general'><header>\t<h4 class='event-title summary' id='mc_218-title-my-calendar'><a href='https:\/\/lapalmaisland.com\/fr\/fetes-et-evenements\/fetes-patronales-de-tazacorte-2026\/' class='url summary'><div class=\"event-title-container\">F\u00eates patronales de Tazacorte 2026<\/div><\/a><\/h4>\n<\/header><\/article><article id='mc_calendar_20_219-calendar-219' class='mc-mc_calendar_219 calendar-event mc_general mc_santa-cruz-de-la-palma  future-event mc_primary_general nonrecurring mc-3-jours mc-start-00-00 ungrouped mc-event-186 mc-events multidate mc-event mc_rel_general'><header>\t<h4 class='event-title summary' id='mc_219-title-my-calendar'><a href='https:\/\/lapalmaisland.com\/fr\/fetes-et-evenements\/festival-de-randonnee-de-montagne-la-palma-2026\/' class='url summary'><div class=\"event-title-container\">Festival de randonn\u00e9e de montagne La Palma 2026<\/div><\/a><\/h4>\n<\/header><\/article>\n<\/td>\n<\/tr>\n<!-- End Event Row -->\n<tr class='mc-row'><td id='calendar-2026-09-21' class='mc-events lundi lun future-day   month-09 month-odd has-events author1 mcat_general day-with-date'><div class='mc-date-container'>\n\t<span class='mc-date'><span aria-hidden='true' class='mc-day-number'>21<\/span><span class='screen-reader-text mc-day-date'>21 de septembre de 2026<\/span><span class=\"event-icon\" aria-hidden=\"true\">&#9679;<\/span><span class=\"screen-reader-text\"><span class=\"mc-list-details event-count\">(1 \u00e9v\u00e8nement)<\/span><\/span><\/span><\/div><article id='mc_calendar_21_218-calendar-218' class='mc-mc_calendar_218 calendar-event mc_general mc_tazacorte  on-now mc_primary_general nonrecurring mc-1-mois mc-start-00-00 ungrouped mc-event-185 mc-events multidate mc-event mc_rel_general'><header>\t<h4 class='event-title summary' id='mc_218-title-my-calendar'><a href='https:\/\/lapalmaisland.com\/fr\/fetes-et-evenements\/fetes-patronales-de-tazacorte-2026\/' class='url summary'><div class=\"event-title-container\">F\u00eates patronales de Tazacorte 2026<\/div><\/a><\/h4>\n<\/header><\/article>\n<\/td>\n<td id='calendar-2026-09-22' class='mc-events mardi mar future-day   month-09 month-odd has-events author1 mcat_general day-with-date'><div class='mc-date-container'>\n\t<span class='mc-date'><span aria-hidden='true' class='mc-day-number'>22<\/span><span class='screen-reader-text mc-day-date'>22 de septembre de 2026<\/span><span class=\"event-icon\" aria-hidden=\"true\">&#9679;<\/span><span class=\"screen-reader-text\"><span class=\"mc-list-details event-count\">(1 \u00e9v\u00e8nement)<\/span><\/span><\/span><\/div><article id='mc_calendar_22_218-calendar-218' class='mc-mc_calendar_218 calendar-event mc_general mc_tazacorte  on-now mc_primary_general nonrecurring mc-1-mois mc-start-00-00 ungrouped mc-event-185 mc-events multidate mc-event mc_rel_general'><header>\t<h4 class='event-title summary' id='mc_218-title-my-calendar'><a href='https:\/\/lapalmaisland.com\/fr\/fetes-et-evenements\/fetes-patronales-de-tazacorte-2026\/' class='url summary'><div class=\"event-title-container\">F\u00eates patronales de Tazacorte 2026<\/div><\/a><\/h4>\n<\/header><\/article>\n<\/td>\n<td id='calendar-2026-09-23' class='mc-events mercredi mer future-day   month-09 month-odd has-events author1 mcat_general day-with-date'><div class='mc-date-container'>\n\t<span class='mc-date'><span aria-hidden='true' class='mc-day-number'>23<\/span><span class='screen-reader-text mc-day-date'>23 de septembre de 2026<\/span><span class=\"event-icon\" aria-hidden=\"true\">&#9679;<\/span><span class=\"screen-reader-text\"><span class=\"mc-list-details event-count\">(1 \u00e9v\u00e8nement)<\/span><\/span><\/span><\/div><article id='mc_calendar_23_218-calendar-218' class='mc-mc_calendar_218 calendar-event mc_general mc_tazacorte  on-now mc_primary_general nonrecurring mc-1-mois mc-start-00-00 ungrouped mc-event-185 mc-events multidate mc-event mc_rel_general'><header>\t<h4 class='event-title summary' id='mc_218-title-my-calendar'><a href='https:\/\/lapalmaisland.com\/fr\/fetes-et-evenements\/fetes-patronales-de-tazacorte-2026\/' class='url summary'><div class=\"event-title-container\">F\u00eates patronales de Tazacorte 2026<\/div><\/a><\/h4>\n<\/header><\/article>\n<\/td>\n<td id='calendar-2026-09-24' class='mc-events jeudi jeu future-day   month-09 month-odd has-events author1 mcat_general day-with-date'><div class='mc-date-container'>\n\t<span class='mc-date'><span aria-hidden='true' class='mc-day-number'>24<\/span><span class='screen-reader-text mc-day-date'>24 de septembre de 2026<\/span><span class=\"event-icon\" aria-hidden=\"true\">&#9679;<\/span><span class=\"screen-reader-text\"><span class=\"mc-list-details event-count\">(1 \u00e9v\u00e8nement)<\/span><\/span><\/span><\/div><article id='mc_calendar_24_218-calendar-218' class='mc-mc_calendar_218 calendar-event mc_general mc_tazacorte  on-now mc_primary_general nonrecurring mc-1-mois mc-start-00-00 ungrouped mc-event-185 mc-events multidate mc-event mc_rel_general'><header>\t<h4 class='event-title summary' id='mc_218-title-my-calendar'><a href='https:\/\/lapalmaisland.com\/fr\/fetes-et-evenements\/fetes-patronales-de-tazacorte-2026\/' class='url summary'><div class=\"event-title-container\">F\u00eates patronales de Tazacorte 2026<\/div><\/a><\/h4>\n<\/header><\/article>\n<\/td>\n<td id='calendar-2026-09-25' class='mc-events vendredi ven future-day   month-09 month-odd has-events author1 mcat_general day-with-date'><div class='mc-date-container'>\n\t<span class='mc-date'><span aria-hidden='true' class='mc-day-number'>25<\/span><span class='screen-reader-text mc-day-date'>25 de septembre de 2026<\/span><span class=\"event-icon\" aria-hidden=\"true\">&#9679;<\/span><span class=\"screen-reader-text\"><span class=\"mc-list-details event-count\">(1 \u00e9v\u00e8nement)<\/span><\/span><\/span><\/div><article id='mc_calendar_25_218-calendar-218' class='mc-mc_calendar_218 calendar-event mc_general mc_tazacorte  on-now mc_primary_general nonrecurring mc-1-mois mc-start-00-00 ungrouped mc-event-185 mc-events multidate mc-event mc_rel_general'><header>\t<h4 class='event-title summary' id='mc_218-title-my-calendar'><a href='https:\/\/lapalmaisland.com\/fr\/fetes-et-evenements\/fetes-patronales-de-tazacorte-2026\/' class='url summary'><div class=\"event-title-container\">F\u00eates patronales de Tazacorte 2026<\/div><\/a><\/h4>\n<\/header><\/article>\n<\/td>\n<td id='calendar-2026-09-26' class='mc-events samedi sam future-day weekend  month-09 month-odd has-events author1 mcat_general day-with-date'><div class='mc-date-container'>\n\t<span class='mc-date'><span aria-hidden='true' class='mc-day-number'>26<\/span><span class='screen-reader-text mc-day-date'>26 de septembre de 2026<\/span><span class=\"event-icon\" aria-hidden=\"true\">&#9679;<\/span><span class=\"screen-reader-text\"><span class=\"mc-list-details event-count\">(1 \u00e9v\u00e8nement)<\/span><\/span><\/span><\/div><article id='mc_calendar_26_218-calendar-218' class='mc-mc_calendar_218 calendar-event mc_general mc_tazacorte  on-now mc_primary_general nonrecurring mc-1-mois mc-start-00-00 ungrouped mc-event-185 mc-events multidate mc-event mc_rel_general'><header>\t<h4 class='event-title summary' id='mc_218-title-my-calendar'><a href='https:\/\/lapalmaisland.com\/fr\/fetes-et-evenements\/fetes-patronales-de-tazacorte-2026\/' class='url summary'><div class=\"event-title-container\">F\u00eates patronales de Tazacorte 2026<\/div><\/a><\/h4>\n<\/header><\/article>\n<\/td>\n<td id='calendar-2026-09-27' class='mc-events dimanche dim future-day weekend  month-09 month-odd has-events author1 mcat_general day-with-date'><div class='mc-date-container'>\n\t<span class='mc-date'><span aria-hidden='true' class='mc-day-number'>27<\/span><span class='screen-reader-text mc-day-date'>27 de septembre de 2026<\/span><span class=\"event-icon\" aria-hidden=\"true\">&#9679;<\/span><span class=\"screen-reader-text\"><span class=\"mc-list-details event-count\">(1 \u00e9v\u00e8nement)<\/span><\/span><\/span><\/div><article id='mc_calendar_27_218-calendar-218' class='mc-mc_calendar_218 calendar-event mc_general mc_tazacorte  on-now mc_primary_general nonrecurring mc-1-mois mc-start-00-00 ungrouped mc-event-185 mc-events multidate mc-event mc_rel_general'><header>\t<h4 class='event-title summary' id='mc_218-title-my-calendar'><a href='https:\/\/lapalmaisland.com\/fr\/fetes-et-evenements\/fetes-patronales-de-tazacorte-2026\/' class='url summary'><div class=\"event-title-container\">F\u00eates patronales de Tazacorte 2026<\/div><\/a><\/h4>\n<\/header><\/article>\n<\/td>\n<\/tr>\n<!-- End Event Row -->\n<tr class='mc-row'><td id='calendar-2026-09-28' class='mc-events lundi lun future-day   month-09 month-odd has-events author1 mcat_general day-with-date'><div class='mc-date-container'>\n\t<span class='mc-date'><span aria-hidden='true' class='mc-day-number'>28<\/span><span class='screen-reader-text mc-day-date'>28 de septembre de 2026<\/span><span class=\"event-icon\" aria-hidden=\"true\">&#9679;<\/span><span class=\"screen-reader-text\"><span class=\"mc-list-details event-count\">(1 \u00e9v\u00e8nement)<\/span><\/span><\/span><\/div><article id='mc_calendar_28_218-calendar-218' class='mc-mc_calendar_218 calendar-event mc_general mc_tazacorte  on-now mc_primary_general nonrecurring mc-1-mois mc-start-00-00 ungrouped mc-event-185 mc-events multidate mc-event mc_rel_general'><header>\t<h4 class='event-title summary' id='mc_218-title-my-calendar'><a href='https:\/\/lapalmaisland.com\/fr\/fetes-et-evenements\/fetes-patronales-de-tazacorte-2026\/' class='url summary'><div class=\"event-title-container\">F\u00eates patronales de Tazacorte 2026<\/div><\/a><\/h4>\n<\/header><\/article>\n<\/td>\n<td id='calendar-2026-09-29' class='mc-events mardi mar future-day   month-09 month-odd has-events author1 mcat_general day-with-date'><div class='mc-date-container'>\n\t<span class='mc-date'><span aria-hidden='true' class='mc-day-number'>29<\/span><span class='screen-reader-text mc-day-date'>29 de septembre de 2026<\/span><span class=\"event-icon\" aria-hidden=\"true\">&#9679;<\/span><span class=\"screen-reader-text\"><span class=\"mc-list-details event-count\">(1 \u00e9v\u00e8nement)<\/span><\/span><\/span><\/div><article id='mc_calendar_29_218-calendar-218' class='mc-mc_calendar_218 calendar-event mc_general mc_tazacorte  on-now mc_primary_general nonrecurring mc-1-mois mc-start-00-00 ungrouped mc-event-185 mc-events multidate mc-event mc_rel_general'><header>\t<h4 class='event-title summary' id='mc_218-title-my-calendar'><a href='https:\/\/lapalmaisland.com\/fr\/fetes-et-evenements\/fetes-patronales-de-tazacorte-2026\/' class='url summary'><div class=\"event-title-container\">F\u00eates patronales de Tazacorte 2026<\/div><\/a><\/h4>\n<\/header><\/article>\n<\/td>\n<td id='calendar-2026-09-30' class='mc-events mercredi mer future-day   month-09 month-odd has-events author1 mcat_general day-with-date'><div class='mc-date-container'>\n\t<span class='mc-date'><span aria-hidden='true' class='mc-day-number'>30<\/span><span class='screen-reader-text mc-day-date'>30 de septembre de 2026<\/span><span class=\"event-icon\" aria-hidden=\"true\">&#9679;<\/span><span class=\"screen-reader-text\"><span class=\"mc-list-details event-count\">(1 \u00e9v\u00e8nement)<\/span><\/span><\/span><\/div><article id='mc_calendar_30_218-calendar-218' class='mc-mc_calendar_218 calendar-event mc_general mc_tazacorte  on-now mc_primary_general nonrecurring mc-1-mois mc-start-00-00 ungrouped mc-event-185 mc-events multidate mc-event mc_rel_general'><header>\t<h4 class='event-title summary' id='mc_218-title-my-calendar'><a href='https:\/\/lapalmaisland.com\/fr\/fetes-et-evenements\/fetes-patronales-de-tazacorte-2026\/' class='url summary'><div class=\"event-title-container\">F\u00eates patronales de Tazacorte 2026<\/div><\/a><\/h4>\n<\/header><\/article>\n<\/td>\n<td id='calendar-2026-10-01' class='mc-events jeudi jeu future-day   month-10 month-even has-events author1 mcat_general day-with-date'><div class='mc-date-container has-month'><h3 class=\"mc-change-months\">octobre<\/h3>\n\t<span class='mc-date'><span aria-hidden='true' class='mc-day-number'>1<\/span><span class='screen-reader-text mc-day-date'>1 de octobre de 2026<\/span><span class=\"event-icon\" aria-hidden=\"true\">&#9679;<\/span><span class=\"screen-reader-text\"><span class=\"mc-list-details event-count\">(1 \u00e9v\u00e8nement)<\/span><\/span><\/span><\/div><article id='mc_calendar_01_218-calendar-218' class='mc-mc_calendar_218 calendar-event mc_general mc_tazacorte  on-now mc_primary_general nonrecurring mc-1-mois mc-start-00-00 ungrouped mc-event-185 mc-events multidate mc-event mc_rel_general'><header>\t<h4 class='event-title summary' id='mc_218-title-my-calendar'><a href='https:\/\/lapalmaisland.com\/fr\/fetes-et-evenements\/fetes-patronales-de-tazacorte-2026\/' class='url summary'><div class=\"event-title-container\">F\u00eates patronales de Tazacorte 2026<\/div><\/a><\/h4>\n<\/header><\/article>\n<\/td>\n<td id='calendar-2026-10-02' class='mc-events vendredi ven future-day   month-10 month-even has-events author1 mcat_general day-with-date'><div class='mc-date-container'>\n\t<span class='mc-date'><span aria-hidden='true' class='mc-day-number'>2<\/span><span class='screen-reader-text mc-day-date'>2 de octobre de 2026<\/span><span class=\"event-icon\" aria-hidden=\"true\">&#9679;<\/span><span class=\"screen-reader-text\"><span class=\"mc-list-details event-count\">(1 \u00e9v\u00e8nement)<\/span><\/span><\/span><\/div><article id='mc_calendar_02_218-calendar-218' class='mc-mc_calendar_218 calendar-event mc_general mc_tazacorte  on-now mc_primary_general nonrecurring mc-1-mois mc-start-00-00 ungrouped mc-event-185 mc-events multidate mc-event mc_rel_general'><header>\t<h4 class='event-title summary' id='mc_218-title-my-calendar'><a href='https:\/\/lapalmaisland.com\/fr\/fetes-et-evenements\/fetes-patronales-de-tazacorte-2026\/' class='url summary'><div class=\"event-title-container\">F\u00eates patronales de Tazacorte 2026<\/div><\/a><\/h4>\n<\/header><\/article>\n<\/td>\n<td id='calendar-2026-10-03' class='mc-events samedi sam future-day weekend  month-10 month-even has-events author1 mcat_general day-with-date'><div class='mc-date-container'>\n\t<span class='mc-date'><span aria-hidden='true' class='mc-day-number'>3<\/span><span class='screen-reader-text mc-day-date'>3 de octobre de 2026<\/span><span class=\"event-icon\" aria-hidden=\"true\">&#9679;<\/span><span class=\"screen-reader-text\"><span class=\"mc-list-details event-count\">(1 \u00e9v\u00e8nement)<\/span><\/span><\/span><\/div><article id='mc_calendar_03_218-calendar-218' class='mc-mc_calendar_218 calendar-event mc_general mc_tazacorte  on-now mc_primary_general nonrecurring mc-1-mois mc-start-00-00 ungrouped mc-event-185 mc-events multidate mc-event mc_rel_general'><header>\t<h4 class='event-title summary' id='mc_218-title-my-calendar'><a href='https:\/\/lapalmaisland.com\/fr\/fetes-et-evenements\/fetes-patronales-de-tazacorte-2026\/' class='url summary'><div class=\"event-title-container\">F\u00eates patronales de Tazacorte 2026<\/div><\/a><\/h4>\n<\/header><\/article>\n<\/td>\n<td id='calendar-2026-10-04' class='mc-events dimanche dim future-day weekend  month-10 month-even has-events author1 mcat_general day-with-date'><div class='mc-date-container'>\n\t<span class='mc-date'><span aria-hidden='true' class='mc-day-number'>4<\/span><span class='screen-reader-text mc-day-date'>4 de octobre de 2026<\/span><span class=\"event-icon\" aria-hidden=\"true\">&#9679;<\/span><span class=\"screen-reader-text\"><span class=\"mc-list-details event-count\">(1 \u00e9v\u00e8nement)<\/span><\/span><\/span><\/div><article id='mc_calendar_04_218-calendar-218' class='mc-mc_calendar_218 calendar-event mc_general mc_tazacorte  on-now mc_primary_general nonrecurring mc-1-mois mc-start-00-00 ungrouped mc-event-185 mc-events multidate mc-event mc_rel_general'><header>\t<h4 class='event-title summary' id='mc_218-title-my-calendar'><a href='https:\/\/lapalmaisland.com\/fr\/fetes-et-evenements\/fetes-patronales-de-tazacorte-2026\/' class='url summary'><div class=\"event-title-container\">F\u00eates patronales de Tazacorte 2026<\/div><\/a><\/h4>\n<\/header><\/article>\n<\/td>\n<\/tr>\n<!-- End Event Row -->\n<tr class='mc-row'><td id='calendar-2026-10-05' class='mc-events lundi lun future-day   month-10 month-even has-events author1 mcat_general day-with-date'><div class='mc-date-container'>\n\t<span class='mc-date'><span aria-hidden='true' class='mc-day-number'>5<\/span><span class='screen-reader-text mc-day-date'>5 de octobre de 2026<\/span><span class=\"event-icon\" aria-hidden=\"true\">&#9679;<\/span><span class=\"screen-reader-text\"><span class=\"mc-list-details event-count\">(1 \u00e9v\u00e8nement)<\/span><\/span><\/span><\/div><article id='mc_calendar_05_218-calendar-218' class='mc-mc_calendar_218 calendar-event mc_general mc_tazacorte  on-now mc_primary_general nonrecurring mc-1-mois mc-start-00-00 ungrouped mc-event-185 mc-events multidate mc-event mc_rel_general'><header>\t<h4 class='event-title summary' id='mc_218-title-my-calendar'><a href='https:\/\/lapalmaisland.com\/fr\/fetes-et-evenements\/fetes-patronales-de-tazacorte-2026\/' class='url summary'><div class=\"event-title-container\">F\u00eates patronales de Tazacorte 2026<\/div><\/a><\/h4>\n<\/header><\/article>\n<\/td>\n<td id='calendar-2026-10-06' class='mc-events mardi mar future-day   month-10 month-even has-events author1 mcat_general day-with-date'><div class='mc-date-container'>\n\t<span class='mc-date'><span aria-hidden='true' class='mc-day-number'>6<\/span><span class='screen-reader-text mc-day-date'>6 de octobre de 2026<\/span><span class=\"event-icon\" aria-hidden=\"true\">&#9679;<\/span><span class=\"screen-reader-text\"><span class=\"mc-list-details event-count\">(1 \u00e9v\u00e8nement)<\/span><\/span><\/span><\/div><article id='mc_calendar_06_218-calendar-218' class='mc-mc_calendar_218 calendar-event mc_general mc_tazacorte  on-now mc_primary_general nonrecurring mc-1-mois mc-start-00-00 ungrouped mc-event-185 mc-events multidate mc-event mc_rel_general'><header>\t<h4 class='event-title summary' id='mc_218-title-my-calendar'><a href='https:\/\/lapalmaisland.com\/fr\/fetes-et-evenements\/fetes-patronales-de-tazacorte-2026\/' class='url summary'><div class=\"event-title-container\">F\u00eates patronales de Tazacorte 2026<\/div><\/a><\/h4>\n<\/header><\/article>\n<\/td>\n<td id='calendar-2026-10-07' class='mc-events mercredi mer future-day   month-10 month-even has-events author1 mcat_general day-with-date'><div class='mc-date-container'>\n\t<span class='mc-date'><span aria-hidden='true' class='mc-day-number'>7<\/span><span class='screen-reader-text mc-day-date'>7 de octobre de 2026<\/span><span class=\"event-icon\" aria-hidden=\"true\">&#9679;<\/span><span class=\"screen-reader-text\"><span class=\"mc-list-details event-count\">(1 \u00e9v\u00e8nement)<\/span><\/span><\/span><\/div><article id='mc_calendar_07_218-calendar-218' class='mc-mc_calendar_218 calendar-event mc_general mc_tazacorte  on-now mc_primary_general nonrecurring mc-1-mois mc-start-00-00 ungrouped mc-event-185 mc-events multidate mc-event mc_rel_general'><header>\t<h4 class='event-title summary' id='mc_218-title-my-calendar'><a href='https:\/\/lapalmaisland.com\/fr\/fetes-et-evenements\/fetes-patronales-de-tazacorte-2026\/' class='url summary'><div class=\"event-title-container\">F\u00eates patronales de Tazacorte 2026<\/div><\/a><\/h4>\n<\/header><\/article>\n<\/td>\n<td id='calendar-2026-10-08' class='mc-events jeudi jeu future-day   month-10 month-even has-events author1 mcat_general day-with-date'><div class='mc-date-container'>\n\t<span class='mc-date'><span aria-hidden='true' class='mc-day-number'>8<\/span><span class='screen-reader-text mc-day-date'>8 de octobre de 2026<\/span><span class=\"event-icon\" aria-hidden=\"true\">&#9679;<\/span><span class=\"screen-reader-text\"><span class=\"mc-list-details event-count\">(1 \u00e9v\u00e8nement)<\/span><\/span><\/span><\/div><article id='mc_calendar_08_218-calendar-218' class='mc-mc_calendar_218 calendar-event mc_general mc_tazacorte  on-now mc_primary_general nonrecurring mc-1-mois mc-start-00-00 ungrouped mc-event-185 mc-events multidate mc-event mc_rel_general'><header>\t<h4 class='event-title summary' id='mc_218-title-my-calendar'><a href='https:\/\/lapalmaisland.com\/fr\/fetes-et-evenements\/fetes-patronales-de-tazacorte-2026\/' class='url summary'><div class=\"event-title-container\">F\u00eates patronales de Tazacorte 2026<\/div><\/a><\/h4>\n<\/header><\/article>\n<\/td>\n<td id='calendar-2026-10-09' class='mc-events vendredi ven future-day   month-10 month-even has-events author1 mcat_general day-with-date'><div class='mc-date-container'>\n\t<span class='mc-date'><span aria-hidden='true' class='mc-day-number'>9<\/span><span class='screen-reader-text mc-day-date'>9 de octobre de 2026<\/span><span class=\"event-icon\" aria-hidden=\"true\">&#9679;<\/span><span class=\"screen-reader-text\"><span class=\"mc-list-details event-count\">(1 \u00e9v\u00e8nement)<\/span><\/span><\/span><\/div><article id='mc_calendar_09_218-calendar-218' class='mc-mc_calendar_218 calendar-event mc_general mc_tazacorte  on-now mc_primary_general nonrecurring mc-1-mois mc-start-00-00 ungrouped mc-event-185 mc-events multidate mc-event mc_rel_general'><header>\t<h4 class='event-title summary' id='mc_218-title-my-calendar'><a href='https:\/\/lapalmaisland.com\/fr\/fetes-et-evenements\/fetes-patronales-de-tazacorte-2026\/' class='url summary'><div class=\"event-title-container\">F\u00eates patronales de Tazacorte 2026<\/div><\/a><\/h4>\n<\/header><\/article>\n<\/td>\n<td class='no-events samedi sam future-day weekend  month-10 month-even no-events day-with-date'><div class='mc-date-container'><span class='mc-date no-events'><span aria-hidden='true'>10<\/span><span class='screen-reader-text'>10 de octobre de 2026<\/span><\/span><\/div>\n<\/td>\n<td class='no-events dimanche dim future-day weekend  month-10 month-even no-events day-with-date'><div class='mc-date-container'><span class='mc-date no-events'><span aria-hidden='true'>11<\/span><span class='screen-reader-text'>11 de octobre de 2026<\/span><\/span><\/div>\n<\/td>\n<\/tr>\n<!-- End Event Row -->\n<tr class='mc-row'><td class='no-events lundi lun future-day   month-10 month-even no-events day-with-date'><div class='mc-date-container'><span class='mc-date no-events'><span aria-hidden='true'>12<\/span><span class='screen-reader-text'>12 de octobre de 2026<\/span><\/span><\/div>\n<\/td>\n<td class='no-events mardi mar future-day   month-10 month-even no-events day-with-date'><div class='mc-date-container'><span class='mc-date no-events'><span aria-hidden='true'>13<\/span><span class='screen-reader-text'>13 de octobre de 2026<\/span><\/span><\/div>\n<\/td>\n<td class='no-events mercredi mer future-day   month-10 month-even no-events day-with-date'><div class='mc-date-container'><span class='mc-date no-events'><span aria-hidden='true'>14<\/span><span class='screen-reader-text'>14 de octobre de 2026<\/span><\/span><\/div>\n<\/td>\n<td class='no-events jeudi jeu future-day   month-10 month-even no-events day-with-date'><div class='mc-date-container'><span class='mc-date no-events'><span aria-hidden='true'>15<\/span><span class='screen-reader-text'>15 de octobre de 2026<\/span><\/span><\/div>\n<\/td>\n<td class='no-events vendredi ven future-day   month-10 month-even no-events day-with-date'><div class='mc-date-container'><span class='mc-date no-events'><span aria-hidden='true'>16<\/span><span class='screen-reader-text'>16 de octobre de 2026<\/span><\/span><\/div>\n<\/td>\n<td class='no-events samedi sam future-day weekend  month-10 month-even no-events day-with-date'><div class='mc-date-container'><span class='mc-date no-events'><span aria-hidden='true'>17<\/span><span class='screen-reader-text'>17 de octobre de 2026<\/span><\/span><\/div>\n<\/td>\n<td class='no-events dimanche dim future-day weekend  month-10 month-even no-events day-with-date'><div class='mc-date-container'><span class='mc-date no-events'><span aria-hidden='true'>18<\/span><span class='screen-reader-text'>18 de octobre de 2026<\/span><\/span><\/div>\n<\/td>\n<\/tr>\n<!-- End Event Row -->\n<tr class='mc-row'><td class='no-events lundi lun future-day   month-10 month-even no-events day-with-date'><div class='mc-date-container'><span class='mc-date no-events'><span aria-hidden='true'>19<\/span><span class='screen-reader-text'>19 de octobre de 2026<\/span><\/span><\/div>\n<\/td>\n<td class='no-events mardi mar future-day   month-10 month-even no-events day-with-date'><div class='mc-date-container'><span class='mc-date no-events'><span aria-hidden='true'>20<\/span><span class='screen-reader-text'>20 de octobre de 2026<\/span><\/span><\/div>\n<\/td>\n<td class='no-events mercredi mer future-day   month-10 month-even no-events day-with-date'><div class='mc-date-container'><span class='mc-date no-events'><span aria-hidden='true'>21<\/span><span class='screen-reader-text'>21 de octobre de 2026<\/span><\/span><\/div>\n<\/td>\n<td class='no-events jeudi jeu future-day   month-10 month-even no-events day-with-date'><div class='mc-date-container'><span class='mc-date no-events'><span aria-hidden='true'>22<\/span><span class='screen-reader-text'>22 de octobre de 2026<\/span><\/span><\/div>\n<\/td>\n<td class='no-events vendredi ven future-day   month-10 month-even no-events day-with-date'><div class='mc-date-container'><span class='mc-date no-events'><span aria-hidden='true'>23<\/span><span class='screen-reader-text'>23 de octobre de 2026<\/span><\/span><\/div>\n<\/td>\n<td class='no-events samedi sam future-day weekend  month-10 month-even no-events day-with-date'><div class='mc-date-container'><span class='mc-date no-events'><span aria-hidden='true'>24<\/span><span class='screen-reader-text'>24 de octobre de 2026<\/span><\/span><\/div>\n<\/td>\n<td class='no-events dimanche dim future-day weekend  month-10 month-even no-events day-with-date'><div class='mc-date-container'><span class='mc-date no-events'><span aria-hidden='true'>25<\/span><span class='screen-reader-text'>25 de octobre de 2026<\/span><\/span><\/div>\n<\/td>\n<\/tr>\n<!-- End Event Row -->\n<tr class='mc-row'><td class='no-events lundi lun future-day   month-10 month-even no-events day-with-date'><div class='mc-date-container'><span class='mc-date no-events'><span aria-hidden='true'>26<\/span><span class='screen-reader-text'>26 de octobre de 2026<\/span><\/span><\/div>\n<\/td>\n<td class='no-events mardi mar future-day   month-10 month-even no-events day-with-date'><div class='mc-date-container'><span class='mc-date no-events'><span aria-hidden='true'>27<\/span><span class='screen-reader-text'>27 de octobre de 2026<\/span><\/span><\/div>\n<\/td>\n<td class='no-events mercredi mer future-day   month-10 month-even no-events day-with-date'><div class='mc-date-container'><span class='mc-date no-events'><span aria-hidden='true'>28<\/span><span class='screen-reader-text'>28 de octobre de 2026<\/span><\/span><\/div>\n<\/td>\n<td class='no-events jeudi jeu future-day   month-10 month-even no-events day-with-date'><div class='mc-date-container'><span class='mc-date no-events'><span aria-hidden='true'>29<\/span><span class='screen-reader-text'>29 de octobre de 2026<\/span><\/span><\/div>\n<\/td>\n<td class='no-events vendredi ven future-day   month-10 month-even no-events day-with-date'><div class='mc-date-container'><span class='mc-date no-events'><span aria-hidden='true'>30<\/span><span class='screen-reader-text'>30 de octobre de 2026<\/span><\/span><\/div>\n<\/td>\n<td class='no-events samedi sam future-day weekend  month-10 month-even no-events day-with-date'><div class='mc-date-container'><span class='mc-date no-events'><span aria-hidden='true'>31<\/span><span class='screen-reader-text'>31 de octobre de 2026<\/span><\/span><\/div>\n<\/td>\n<td class='no-events dimanche dim future-day weekend  month-11 month-odd no-events day-with-date'><div class='mc-date-container has-month'><h3 class=\"mc-change-months\">novembre<\/h3><span class='mc-date no-events'><span aria-hidden='true'>1<\/span><span class='screen-reader-text'>1 de novembre de 2026<\/span><\/span><\/div>\n<\/td>\n<\/tr>\n<!-- End Event Row -->\n\n<\/tbody>\n<\/table><\/div><!-- .mc-content -->\n<nav class=\"my-calendar-navigation\" aria-label=\"Calendrier (Bas)\">\n<div class=\"mc_bottomnav my-calendar-footer\">\r\n\t\t<div class=\"my-calendar-nav\">\r\n\t\t\t<ul>\r\n\t\t\t\t<li class=\"my-calendar-prev\"><button type=\"button\" class=\"mc-navigation-button\" id=\"mc_previous_my-calendar\" data-href=\"https:\/\/lapalmaisland.com\/fr\/calendrier-des-fetes-et-evenements-a-la-palma\/?cid=my-calendar&#038;dy&#038;month=8&#038;time=month&#038;yr=2026\"><span class=\"mc-icon\" aria-hidden=\"true\"><\/span>ao\u00fbt<\/button><\/li><li class=\"my-calendar-today\"><button type=\"button\" id=\"mc_today_my-calendar\" data-href=\"https:\/\/lapalmaisland.com\/fr\/calendrier-des-fetes-et-evenements-a-la-palma\/?cid=my-calendar\" class=\"mc-navigation-button today mc-active\" aria-current=\"true\"><span class=\"mc-icon\" aria-hidden=\"true\"><\/span>Aujourd\\'hui<\/button><\/li><li class=\"my-calendar-next\"><button type=\"button\" class=\"mc-navigation-button\" id=\"mc_next_my-calendar\" data-href=\"https:\/\/lapalmaisland.com\/fr\/calendrier-des-fetes-et-evenements-a-la-palma\/?cid=my-calendar&#038;dy&#038;month=10&#038;time=month&#038;yr=2026\">octobre<span class=\"mc-icon\" aria-hidden=\"true\"><\/span><\/button><\/li>\r\n\t\t\t<\/ul>\r\n\t\t<\/div><\/div>\n<\/nav>\n\r\n<\/div><!-- Close Main My Calendar Wrapper -->\n","protected":false},"excerpt":{"rendered":"","protected":false},"author":1,"featured_media":0,"parent":0,"menu_order":0,"comment_status":"closed","ping_status":"closed","template":"","meta":{"_uag_custom_page_level_css":"","site-sidebar-layout":"default","site-content-layout":"","ast-site-content-layout":"default","site-content-style":"default","site-sidebar-style":"default","ast-global-header-display":"","ast-banner-title-visibility":"","ast-main-header-display":"","ast-hfb-above-header-display":"","ast-hfb-below-header-display":"","ast-hfb-mobile-header-display":"","site-post-title":"","ast-breadcrumbs-content":"","ast-featured-img":"disabled","footer-sml-layout":"","ast-disable-related-posts":"","theme-transparent-header-meta":"","adv-header-id-meta":"","stick-header-meta":"","header-above-stick-meta":"","header-main-stick-meta":"","header-below-stick-meta":"","astra-migrate-meta-layouts":"set","ast-page-background-enabled":"default","ast-page-background-meta":{"desktop":{"background-color":"var(--ast-global-color-4)","background-image":"","background-repeat":"repeat","background-position":"center center","background-size":"auto","background-attachment":"scroll","background-type":"","background-media":"","overlay-type":"","overlay-color":"","overlay-opacity":"","overlay-gradient":""},"tablet":{"background-color":"","background-image":"","background-repeat":"repeat","background-position":"center center","background-size":"auto","background-attachment":"scroll","background-type":"","background-media":"","overlay-type":"","overlay-color":"","overlay-opacity":"","overlay-gradient":""},"mobile":{"background-color":"","background-image":"","background-repeat":"repeat","background-position":"center center","background-size":"auto","background-attachment":"scroll","background-type":"","background-media":"","overlay-type":"","overlay-color":"","overlay-opacity":"","overlay-gradient":""}},"ast-content-background-meta":{"desktop":{"background-color":"var(--ast-global-color-5)","background-image":"","background-repeat":"repeat","background-position":"center center","background-size":"auto","background-attachment":"scroll","background-type":"","background-media":"","overlay-type":"","overlay-color":"","overlay-opacity":"","overlay-gradient":""},"tablet":{"background-color":"var(--ast-global-color-5)","background-image":"","background-repeat":"repeat","background-position":"center center","background-size":"auto","background-attachment":"scroll","background-type":"","background-media":"","overlay-type":"","overlay-color":"","overlay-opacity":"","overlay-gradient":""},"mobile":{"background-color":"var(--ast-global-color-5)","background-image":"","background-repeat":"repeat","background-position":"center center","background-size":"auto","background-attachment":"scroll","background-type":"","background-media":"","overlay-type":"","overlay-color":"","overlay-opacity":"","overlay-gradient":""}},"_mc_calendar":{"above":"nav","below":"nav","format":"calendar","weekends":"true","months":"2","shortcode":"[my_calendar above=&quot;nav&quot; below=&quot;nav&quot; format=&quot;calendar&quot; weekends=&quot;true&quot; months=&quot;2&quot;]","append":""},"footnotes":""},"class_list":["post-7","page","type-page","status-publish","hentry"],"yoast_head":"<!-- This site is optimized with the Yoast SEO plugin v28.4 - https:\/\/yoast.com\/product\/yoast-seo-wordpress\/ -->\n<title>\u23e9 Calendrier des f\u00eates et \u00e9v\u00e9nements \u00e0 La Palma<\/title>\n<meta name=\"description\" content=\"D\u00e9couvrez les f\u00eates et \u00e9v\u00e9nements de La Palma avec notre calendrier. Restez inform\u00e9 et profitez de moments inoubliables.\" \/>\n<meta name=\"robots\" content=\"index, follow, max-snippet:-1, max-image-preview:large, max-video-preview:-1\" \/>\n<link rel=\"canonical\" href=\"https:\/\/lapalmaisland.com\/fr\/calendrier-des-fetes-et-evenements-a-la-palma\/\" \/>\n<meta property=\"og:locale\" content=\"fr_FR\" \/>\n<meta property=\"og:type\" content=\"article\" \/>\n<meta property=\"og:title\" content=\"\u23e9 Calendrier des f\u00eates et \u00e9v\u00e9nements \u00e0 La Palma\" \/>\n<meta property=\"og:description\" content=\"D\u00e9couvrez les f\u00eates et \u00e9v\u00e9nements de La Palma avec notre calendrier. Restez inform\u00e9 et profitez de moments inoubliables.\" \/>\n<meta property=\"og:url\" content=\"https:\/\/lapalmaisland.com\/fr\/calendrier-des-fetes-et-evenements-a-la-palma\/\" \/>\n<meta property=\"og:site_name\" content=\"La Palma \u00cele\" \/>\n<meta property=\"article:modified_time\" content=\"2025-04-21T15:55:44+00:00\" \/>\n<meta name=\"twitter:card\" content=\"summary_large_image\" \/>\n<meta name=\"twitter:label1\" content=\"Dur\u00e9e de lecture estim\u00e9e\" \/>\n\t<meta name=\"twitter:data1\" content=\"1 minute\" \/>\n<script type=\"application\/ld+json\" class=\"yoast-schema-graph\">{\"@context\":\"https:\\\/\\\/schema.org\",\"@graph\":[{\"@type\":\"WebPage\",\"@id\":\"https:\\\/\\\/lapalmaisland.com\\\/fr\\\/calendrier-des-fetes-et-evenements-a-la-palma\\\/\",\"url\":\"https:\\\/\\\/lapalmaisland.com\\\/fr\\\/calendrier-des-fetes-et-evenements-a-la-palma\\\/\",\"name\":\"\u23e9 Calendrier des f\u00eates et \u00e9v\u00e9nements \u00e0 La Palma\",\"isPartOf\":{\"@id\":\"https:\\\/\\\/lapalmaisland.com\\\/fr\\\/#website\"},\"datePublished\":\"2023-09-14T10:17:18+00:00\",\"dateModified\":\"2025-04-21T15:55:44+00:00\",\"description\":\"D\u00e9couvrez les f\u00eates et \u00e9v\u00e9nements de La Palma avec notre calendrier. Restez inform\u00e9 et profitez de moments inoubliables.\",\"breadcrumb\":{\"@id\":\"https:\\\/\\\/lapalmaisland.com\\\/fr\\\/calendrier-des-fetes-et-evenements-a-la-palma\\\/#breadcrumb\"},\"inLanguage\":\"fr-FR\",\"potentialAction\":[{\"@type\":\"ReadAction\",\"target\":[\"https:\\\/\\\/lapalmaisland.com\\\/fr\\\/calendrier-des-fetes-et-evenements-a-la-palma\\\/\"]}]},{\"@type\":\"BreadcrumbList\",\"@id\":\"https:\\\/\\\/lapalmaisland.com\\\/fr\\\/calendrier-des-fetes-et-evenements-a-la-palma\\\/#breadcrumb\",\"itemListElement\":[{\"@type\":\"ListItem\",\"position\":1,\"name\":\"Portada\",\"item\":\"https:\\\/\\\/lapalmaisland.com\\\/fr\\\/\"},{\"@type\":\"ListItem\",\"position\":2,\"name\":\"Calendrier des f\u00eates et \u00e9v\u00e9nements \u00e0 La Palma\"}]},{\"@type\":\"WebSite\",\"@id\":\"https:\\\/\\\/lapalmaisland.com\\\/fr\\\/#website\",\"url\":\"https:\\\/\\\/lapalmaisland.com\\\/fr\\\/\",\"name\":\"La Palma \u00cele\",\"description\":\"D\u00e9couvrez l&#039;\u00eele fascinante de La Palma : informations \u00e0 jour, guide touristique et activit\u00e9s pour une exp\u00e9rience inoubliable.\",\"publisher\":{\"@id\":\"https:\\\/\\\/lapalmaisland.com\\\/fr\\\/#organization\"},\"potentialAction\":[{\"@type\":\"SearchAction\",\"target\":{\"@type\":\"EntryPoint\",\"urlTemplate\":\"https:\\\/\\\/lapalmaisland.com\\\/fr\\\/?s={search_term_string}\"},\"query-input\":{\"@type\":\"PropertyValueSpecification\",\"valueRequired\":true,\"valueName\":\"search_term_string\"}}],\"inLanguage\":\"fr-FR\"},{\"@type\":\"Organization\",\"@id\":\"https:\\\/\\\/lapalmaisland.com\\\/fr\\\/#organization\",\"name\":\"La Palma \u00cele\",\"url\":\"https:\\\/\\\/lapalmaisland.com\\\/fr\\\/\",\"logo\":{\"@type\":\"ImageObject\",\"inLanguage\":\"fr-FR\",\"@id\":\"https:\\\/\\\/lapalmaisland.com\\\/fr\\\/#\\\/schema\\\/logo\\\/image\\\/\",\"url\":\"https:\\\/\\\/lapalmaisland.com\\\/fr\\\/wp-content\\\/uploads\\\/sites\\\/4\\\/2023\\\/11\\\/cropped-cropped-cropped-La-palma-island.png\",\"contentUrl\":\"https:\\\/\\\/lapalmaisland.com\\\/fr\\\/wp-content\\\/uploads\\\/sites\\\/4\\\/2023\\\/11\\\/cropped-cropped-cropped-La-palma-island.png\",\"width\":180,\"height\":60,\"caption\":\"La Palma \u00cele\"},\"image\":{\"@id\":\"https:\\\/\\\/lapalmaisland.com\\\/fr\\\/#\\\/schema\\\/logo\\\/image\\\/\"}}]}<\/script>\n<!-- \/ Yoast SEO plugin. -->","yoast_head_json":{"title":"\u23e9 Calendrier des f\u00eates et \u00e9v\u00e9nements \u00e0 La Palma","description":"D\u00e9couvrez les f\u00eates et \u00e9v\u00e9nements de La Palma avec notre calendrier. Restez inform\u00e9 et profitez de moments inoubliables.","robots":{"index":"index","follow":"follow","max-snippet":"max-snippet:-1","max-image-preview":"max-image-preview:large","max-video-preview":"max-video-preview:-1"},"canonical":"https:\/\/lapalmaisland.com\/fr\/calendrier-des-fetes-et-evenements-a-la-palma\/","og_locale":"fr_FR","og_type":"article","og_title":"\u23e9 Calendrier des f\u00eates et \u00e9v\u00e9nements \u00e0 La Palma","og_description":"D\u00e9couvrez les f\u00eates et \u00e9v\u00e9nements de La Palma avec notre calendrier. Restez inform\u00e9 et profitez de moments inoubliables.","og_url":"https:\/\/lapalmaisland.com\/fr\/calendrier-des-fetes-et-evenements-a-la-palma\/","og_site_name":"La Palma \u00cele","article_modified_time":"2025-04-21T15:55:44+00:00","twitter_card":"summary_large_image","twitter_misc":{"Dur\u00e9e de lecture estim\u00e9e":"1 minute"},"schema":{"@context":"https:\/\/schema.org","@graph":[{"@type":"WebPage","@id":"https:\/\/lapalmaisland.com\/fr\/calendrier-des-fetes-et-evenements-a-la-palma\/","url":"https:\/\/lapalmaisland.com\/fr\/calendrier-des-fetes-et-evenements-a-la-palma\/","name":"\u23e9 Calendrier des f\u00eates et \u00e9v\u00e9nements \u00e0 La Palma","isPartOf":{"@id":"https:\/\/lapalmaisland.com\/fr\/#website"},"datePublished":"2023-09-14T10:17:18+00:00","dateModified":"2025-04-21T15:55:44+00:00","description":"D\u00e9couvrez les f\u00eates et \u00e9v\u00e9nements de La Palma avec notre calendrier. Restez inform\u00e9 et profitez de moments inoubliables.","breadcrumb":{"@id":"https:\/\/lapalmaisland.com\/fr\/calendrier-des-fetes-et-evenements-a-la-palma\/#breadcrumb"},"inLanguage":"fr-FR","potentialAction":[{"@type":"ReadAction","target":["https:\/\/lapalmaisland.com\/fr\/calendrier-des-fetes-et-evenements-a-la-palma\/"]}]},{"@type":"BreadcrumbList","@id":"https:\/\/lapalmaisland.com\/fr\/calendrier-des-fetes-et-evenements-a-la-palma\/#breadcrumb","itemListElement":[{"@type":"ListItem","position":1,"name":"Portada","item":"https:\/\/lapalmaisland.com\/fr\/"},{"@type":"ListItem","position":2,"name":"Calendrier des f\u00eates et \u00e9v\u00e9nements \u00e0 La Palma"}]},{"@type":"WebSite","@id":"https:\/\/lapalmaisland.com\/fr\/#website","url":"https:\/\/lapalmaisland.com\/fr\/","name":"La Palma \u00cele","description":"D\u00e9couvrez l&#039;\u00eele fascinante de La Palma : informations \u00e0 jour, guide touristique et activit\u00e9s pour une exp\u00e9rience inoubliable.","publisher":{"@id":"https:\/\/lapalmaisland.com\/fr\/#organization"},"potentialAction":[{"@type":"SearchAction","target":{"@type":"EntryPoint","urlTemplate":"https:\/\/lapalmaisland.com\/fr\/?s={search_term_string}"},"query-input":{"@type":"PropertyValueSpecification","valueRequired":true,"valueName":"search_term_string"}}],"inLanguage":"fr-FR"},{"@type":"Organization","@id":"https:\/\/lapalmaisland.com\/fr\/#organization","name":"La Palma \u00cele","url":"https:\/\/lapalmaisland.com\/fr\/","logo":{"@type":"ImageObject","inLanguage":"fr-FR","@id":"https:\/\/lapalmaisland.com\/fr\/#\/schema\/logo\/image\/","url":"https:\/\/lapalmaisland.com\/fr\/wp-content\/uploads\/sites\/4\/2023\/11\/cropped-cropped-cropped-La-palma-island.png","contentUrl":"https:\/\/lapalmaisland.com\/fr\/wp-content\/uploads\/sites\/4\/2023\/11\/cropped-cropped-cropped-La-palma-island.png","width":180,"height":60,"caption":"La Palma \u00cele"},"image":{"@id":"https:\/\/lapalmaisland.com\/fr\/#\/schema\/logo\/image\/"}}]}},"uagb_featured_image_src":{"full":false,"thumbnail":false,"medium":false,"medium_large":false,"large":false,"1536x1536":false,"2048x2048":false},"uagb_author_info":{"display_name":"La Palma island","author_link":"https:\/\/lapalmaisland.com\/fr\/author\/alewebtenerife\/"},"uagb_comment_info":0,"uagb_excerpt":null,"_links":{"self":[{"href":"https:\/\/lapalmaisland.com\/fr\/wp-json\/wp\/v2\/pages\/7","targetHints":{"allow":["GET"]}}],"collection":[{"href":"https:\/\/lapalmaisland.com\/fr\/wp-json\/wp\/v2\/pages"}],"about":[{"href":"https:\/\/lapalmaisland.com\/fr\/wp-json\/wp\/v2\/types\/page"}],"author":[{"embeddable":true,"href":"https:\/\/lapalmaisland.com\/fr\/wp-json\/wp\/v2\/users\/1"}],"replies":[{"embeddable":true,"href":"https:\/\/lapalmaisland.com\/fr\/wp-json\/wp\/v2\/comments?post=7"}],"version-history":[{"count":3,"href":"https:\/\/lapalmaisland.com\/fr\/wp-json\/wp\/v2\/pages\/7\/revisions"}],"predecessor-version":[{"id":1261,"href":"https:\/\/lapalmaisland.com\/fr\/wp-json\/wp\/v2\/pages\/7\/revisions\/1261"}],"wp:attachment":[{"href":"https:\/\/lapalmaisland.com\/fr\/wp-json\/wp\/v2\/media?parent=7"}],"curies":[{"name":"wp","href":"https:\/\/api.w.org\/{rel}","templated":true}]}}